{"version":"1.0","provider_name":"Gerster HeimTex - Ihr Partner f\u00fcr hochwertige Gardinen, B\u00e4nder &amp; Accessoires","provider_url":"https:\/\/www.gerster.com\/en","author_name":"Gerster HeimTex","author_url":"https:\/\/www.gerster.com\/en\/author\/gerster-heimtex\/","title":"September 26': Caravan Salon D\u00fcsseldorf 2026 - Caravaning begeistert weiter - Gerster HeimTex - Ihr Partner f\u00fcr hochwertige Gardinen, B\u00e4nder &amp; Accessoires","type":"rich","width":600,"height":338,"html":"<blockquote class=\"wp-embedded-content\" data-secret=\"jBuz3Pof4A\"><a href=\"https:\/\/www.gerster.com\/en\/messe\/caravan-salon-duesseldorf-2026-caravaning-begeistert-weiter\/\">September 26': Caravan Salon D\u00fcsseldorf 2026 \u2013 Caravanning continues to captivate<\/a><\/blockquote><iframe sandbox=\"allow-scripts\" security=\"restricted\" src=\"https:\/\/www.gerster.com\/en\/messe\/caravan-salon-duesseldorf-2026-caravaning-begeistert-weiter\/embed\/#?secret=jBuz3Pof4A\" width=\"600\" height=\"338\" title=\"&#8220;September 26&#8242;: Caravan Salon D\u00fcsseldorf 2026 &#8211; Caravaning begeistert weiter&#8221; &#8212; Gerster HeimTex - Ihr Partner f\u00fcr hochwertige Gardinen, B\u00e4nder &amp; Accessoires\" data-secret=\"jBuz3Pof4A\" frameborder=\"0\" marginwidth=\"0\" marginheight=\"0\" scrolling=\"no\" class=\"wp-embedded-content\"><\/iframe><script>\n\/*! This file is auto-generated *\/\n!function(d,l){\"use strict\";l.querySelector&&d.addEventListener&&\"undefined\"!=typeof URL&&(d.wp=d.wp||{},d.wp.receiveEmbedMessage||(d.wp.receiveEmbedMessage=function(e){var t=e.data;if((t||t.secret||t.message||t.value)&&!\/[^a-zA-Z0-9]\/.test(t.secret)){for(var s,r,n,a=l.querySelectorAll('iframe[data-secret=\"'+t.secret+'\"]'),o=l.querySelectorAll('blockquote[data-secret=\"'+t.secret+'\"]'),c=new RegExp(\"^https?:$\",\"i\"),i=0;i<o.length;i++)o[i].style.display=\"none\";for(i=0;i<a.length;i++)s=a[i],e.source===s.contentWindow&&(s.removeAttribute(\"style\"),\"height\"===t.message?(1e3<(r=parseInt(t.value,10))?r=1e3:~~r<200&&(r=200),s.height=r):\"link\"===t.message&&(r=new URL(s.getAttribute(\"src\")),n=new URL(t.value),c.test(n.protocol))&&n.host===r.host&&l.activeElement===s&&(d.top.location.href=t.value))}},d.addEventListener(\"message\",d.wp.receiveEmbedMessage,!1),l.addEventListener(\"DOMContentLoaded\",function(){for(var e,t,s=l.querySelectorAll(\"iframe.wp-embedded-content\"),r=0;r<s.length;r++)(t=(e=s[r]).getAttribute(\"data-secret\"))||(t=Math.random().toString(36).substring(2,12),e.src+=\"#?secret=\"+t,e.setAttribute(\"data-secret\",t)),e.contentWindow.postMessage({message:\"ready\",secret:t},\"*\")},!1)))}(window,document);\n\/\/# sourceURL=https:\/\/www.gerster.com\/wp-includes\/js\/wp-embed.min.js\n<\/script>","thumbnail_url":"https:\/\/www.gerster.com\/wp-content\/uploads\/2025\/12\/DSC06297_gerster-scaled.jpg","thumbnail_width":2560,"thumbnail_height":1707,"description":"Der Caravan Salon D\u00fcsseldorf 2026 ist mit einem starken Signal f\u00fcr die Branche gestartet: \u00dcber 85.000 Besucherinnen und Besucher nutzten das erste Wochenende und den Preview Day, um sich in 15 Hallen und auf dem Freigel\u00e4nde \u00fcber aktuelle Fahrzeuge, Produkte, Innovationen und Trends zu informieren. Das gro\u00dfe Interesse best\u00e4tigt die hohe Attraktivit\u00e4t des Caravanings als [&hellip;]"}