{"id":19,"date":"2025-04-25T13:13:23","date_gmt":"2025-04-25T11:13:23","guid":{"rendered":"http:\/\/localhost\/gerster-heimtex\/?page_id=19"},"modified":"2026-03-24T16:05:09","modified_gmt":"2026-03-24T15:05:09","slug":"gardinenbaender","status":"publish","type":"page","link":"https:\/\/www.gerster.com\/en\/produkttyp\/gardinenbaender\/","title":{"rendered":"Curtain tapes"},"content":{"rendered":"<div class=\"wp-block-custom-ueberschrift-breadcrumbs ueberschrift-breadcrumbs\"><div class=\"wp-block-columns\"><div class=\"wp-block-column\" style=\"flex-basis:50%\"><h1>Our <br><em>Curtain tapes<\/em><\/h1><\/div><div class=\"wp-block-column\" style=\"flex-basis:50%\"><div><p class=\"breadcrumbs\"><a href=\"https:\/\/www.gerster.com\/en\">Homepage<\/a><\/p><\/div><\/div><\/div><\/div>\n\n\n\n<div class=\"wp-block-columns is-layout-flex wp-container-core-columns-is-layout-9d6595d7 wp-block-columns-is-layout-flex\">\n<div class=\"wp-block-column is-layout-flow wp-block-column-is-layout-flow\" style=\"flex-basis:25%\">\n<div class=\"wp-block-custom-ueberschrift-klein-punkt ueberschrift-klein-punkt\"><p>Precision meets textile expertise<\/p><\/div>\n<\/div>\n\n\n\n<div class=\"wp-block-column is-layout-flow wp-block-column-is-layout-flow\" style=\"flex-basis:10%\"><\/div>\n\n\n\n<div class=\"wp-block-column is-layout-flow wp-block-column-is-layout-flow\">\n<p>Gerster is your <strong>leading provider<\/strong> of high-quality curtain tapes. With a wide selection and the highest quality standards, we offer reliable solutions for manufacturers and retailers. Curtain tapes are an essential tool for the easy and precise installation of curtains. These specialized tapes not only enable even gathering of pleats but also provide a simple way to attach curtains to rails or rods.<\/p>\n\n\n\n<div style=\"height:44px\" aria-hidden=\"true\" class=\"wp-block-spacer\"><\/div>\n<\/div>\n<\/div>\n\n\n\n<p><\/p>\n\n\n\n<div style=\"height:16px\" aria-hidden=\"true\" class=\"wp-block-spacer\"><\/div>\n\n\n\n<div class=\"wp-block-custom-zwei-spalten-volle-breit zwei-spalten-volle-breit\">\n<div class=\"wp-block-custom-zwei-spalten-row zwei-spalten wp-block-columns\"><div class=\"spalte wp-block-column bild\"><img decoding=\"async\" src=\"https:\/\/www.gerster.com\/wp-content\/uploads\/2025\/07\/gardinenband-wellenband.jpg\" alt=\"Gerster HeimTex\" style=\"width:100%;height:auto\"\/><\/div><div class=\"spalte wp-block-column text\"><div class=\"align-center\"><h2><em>Wave tapes<\/em><\/h2>\n<p>For a <strong>modern, uniform wave pattern<\/strong> giving curtains a stylish and contemporary character. They are especially effective in minimalist interior designs. The appropriate accessories\u2014including glider cords, hooks, end hooks, and brakes\u2014ensure a functional and aesthetically pleasing hanging system.<\/p>\n\n\n\n<p><a href=\"https:\/\/shop.gerster.com\/gardinenbander\/wellenbander.html\" target=\"_blank\" rel=\"noreferrer noopener\">VISIT THE SHOP<\/a><\/p>\n<\/div><\/div><\/div>\n\n\n\n<div class=\"wp-block-custom-zwei-spalten-row zwei-spalten wp-block-columns\"><div class=\"spalte wp-block-column bild\"><img decoding=\"async\" src=\"https:\/\/www.gerster.com\/wp-content\/uploads\/2025\/09\/freecompress-1_3_Gardinenbaender_Faltenband_2-scaled.jpg\" alt=\"Gerster HeimTex\" style=\"width:100%;height:auto\"\/><\/div><div class=\"spalte wp-block-column text\"><div class=\"align-center\"><h2><em>Pleating tapes<\/em><\/h2>\n<p>Pleating tapes create an elegant and uniform pleat pattern in curtains and drapes. Available in numerous variants, they offer versatile options for both classic and modern decorative styles. <strong>for both classic and modern decorative styles.<\/strong><\/p>\n\n\n\n<p><a href=\"https:\/\/shop.gerster.com\/gardinenbander\/faltenbander.html\" target=\"_blank\" rel=\"noreferrer noopener\">VISIT THE SHOP<\/a><\/p>\n<\/div><\/div><\/div>\n\n\n\n<div class=\"wp-block-custom-zwei-spalten-row zwei-spalten wp-block-columns\"><div class=\"spalte wp-block-column bild\"><img decoding=\"async\" src=\"https:\/\/www.gerster.com\/wp-content\/uploads\/2025\/07\/gardinenband-universal.jpg\" alt=\"Gerster HeimTex\" style=\"width:100%;height:auto\"\/><\/div><div class=\"spalte wp-block-column text\"><div class=\"align-center\"><h2><em>Universal tapes<\/em><\/h2>\n<p>Thanks to their universal applicability, these tapes fit almost all curtain and drapery systems. Their easy use makes them the ideal solution for quick and hassle-free decorating <strong>ideal solution<\/strong> for quick and easy decorations.<\/p>\n\n\n\n<p><a href=\"https:\/\/shop.gerster.com\/gardinenbander\/universalbander.html\" target=\"_blank\" rel=\"noreferrer noopener\">VISIT THE SHOP<\/a><\/p>\n<\/div><\/div><\/div>\n\n\n\n<div class=\"wp-block-custom-zwei-spalten-row zwei-spalten wp-block-columns\"><div class=\"spalte wp-block-column bild\"><img decoding=\"async\" src=\"https:\/\/www.gerster.com\/wp-content\/uploads\/2025\/09\/ChatGPT-Image-9.-Sept.-2025-15_29_55.png\" alt=\"Gerster HeimTex\" style=\"width:100%;height:auto\"\/><\/div><div class=\"spalte wp-block-column text\"><div class=\"align-center\"><h2><em>Roller blind tapes<\/em><\/h2>\n<p>As a practical solution for roller blind production, roller blind tapes combine functionality with appealing design. Their durability and reliability make them a proven component for everyday use. <strong>sturdiness<\/strong> and <strong>reliability <\/strong>make them a proven element in everyday use.<\/p>\n\n\n\n<p><a href=\"https:\/\/shop.gerster.com\/gardinenbander\/rollobander.html\" target=\"_blank\" rel=\"noreferrer noopener\">VISIT THE SHOP<\/a><\/p>\n<\/div><\/div><\/div>\n\n\n\n<div class=\"wp-block-custom-zwei-spalten-row zwei-spalten wp-block-columns\"><div class=\"spalte wp-block-column bild\"><img decoding=\"async\" src=\"https:\/\/www.gerster.com\/wp-content\/uploads\/2025\/09\/ChatGPT-Image-4.-Sept.-2025-07_26_04hh.png\" alt=\"Gerster HeimTex\" style=\"width:100%;height:auto\"\/><\/div><div class=\"spalte wp-block-column text\"><div class=\"align-center\"><h2><em>Hook-and-loop &amp; adhesive tapes<\/em><\/h2>\n<p>Velcro and adhesive tapes offer extremely <strong>flexible solution<\/strong> Hook-and-loop and adhesive tapes offer an extremely flexible fastening solution and are especially practical for fabrics that need to be removed and reattached regularly. They allow for easy and quick attachment and removal without damaging the material.<\/p>\n\n\n\n<p><a href=\"https:\/\/shop.gerster.com\/gardinenbander\/klett-haftbander.html\" target=\"_blank\" rel=\"noreferrer noopener\">VISIT THE SHOP<\/a><\/p>\n<\/div><\/div><\/div>\n\n\n\n<div class=\"wp-block-custom-zwei-spalten-row zwei-spalten wp-block-columns\"><div class=\"spalte wp-block-column bild\"><img decoding=\"async\" src=\"https:\/\/www.gerster.com\/wp-content\/uploads\/2025\/09\/zubehoer-1.png\" alt=\"Gerster HeimTex\" style=\"width:100%;height:auto\"\/><\/div><div class=\"spalte wp-block-column text\"><div class=\"align-center\"><h2><em>Lead tapes, lead rods, zinc rods, and tapes<\/em><\/h2>\n<p>Lead strips, lead rods, zinc rods, and zinc strips offer both <strong>stability<\/strong> als auch <strong>Aesthetics. <\/strong>Sie sind nach der <strong>EU REACH Regulation 2015\/628 <\/strong>Lead tapes, lead rods, zinc rods, and tapes provide both stability and aesthetics. They are certified according to the EU REACH regulation 2015\/628, ensuring the highest safety standards. They are often integrated into the lower hems of curtains to create a straight drape and add weight to the fabrics. This results in an elegant and even fall of the curtains, enhancing their visual impact.<\/p>\n\n\n\n<p><a href=\"https:\/\/shop.gerster.com\/zubehor\/technisches-zubehor.html\" target=\"_blank\" rel=\"noreferrer noopener\">VISIT THE SHOP<\/a><\/p>\n<\/div><\/div><\/div>\n<\/div>","protected":false},"excerpt":{"rendered":"<p>Gerster ist Ihr f\u00fchrender Anbieter f\u00fcr hochwertige Gardinenb\u00e4nder. Mit einer gro\u00dfen Auswahl und h\u00f6chstem Anspruch an Qualit\u00e4t bieten wir zuverl\u00e4ssige L\u00f6sungen f\u00fcr das verarbeitende Handwerk und Handel. Gardinenb\u00e4nder sind ein essenzielles Hilfsmittel f\u00fcr die einfache und pr\u00e4zise Anbringung von Gardinen. Diese speziellen B\u00e4nder erm\u00f6glichen nicht nur das gleichm\u00e4\u00dfige Einziehen von Falten, sondern bieten auch eine [&hellip;]<\/p>\n","protected":false},"author":1,"featured_media":647,"parent":7,"menu_order":0,"comment_status":"closed","ping_status":"closed","template":"","meta":{"_acf_changed":false,"footnotes":""},"class_list":["post-19","page","type-page","status-publish","has-post-thumbnail","hentry"],"acf":[],"yoast_head":"<!-- This site is optimized with the Yoast SEO plugin v27.5 - https:\/\/yoast.com\/product\/yoast-seo-wordpress\/ -->\n<title>Gerster Gardinenband \u27a4 Gardinenb\u00e4nder vom Hersteller<\/title>\n<meta name=\"description\" content=\"Gerster Gardinenb\u00e4nder f\u00fcr Profis \u2713 f\u00fcr viele Gestaltungsvarianten \u2713 Gro\u00dfe Auswahl \u2713 beste Qualit\u00e4t direkt vom Hersteller \u27a4 Jetzt kaufen!\" \/>\n<meta name=\"robots\" content=\"index, follow, max-snippet:-1, max-image-preview:large, max-video-preview:-1\" \/>\n<link rel=\"canonical\" href=\"https:\/\/www.gerster.com\/en\/produkttyp\/gardinenbaender\/\" \/>\n<meta property=\"og:locale\" content=\"en_GB\" \/>\n<meta property=\"og:type\" content=\"article\" \/>\n<meta property=\"og:title\" content=\"Gerster Gardinenband \u27a4 Gardinenb\u00e4nder vom Hersteller\" \/>\n<meta property=\"og:description\" content=\"Gerster Gardinenb\u00e4nder f\u00fcr Profis \u2713 f\u00fcr viele Gestaltungsvarianten \u2713 Gro\u00dfe Auswahl \u2713 beste Qualit\u00e4t direkt vom Hersteller \u27a4 Jetzt kaufen!\" \/>\n<meta property=\"og:url\" content=\"https:\/\/www.gerster.com\/en\/produkttyp\/gardinenbaender\/\" \/>\n<meta property=\"og:site_name\" content=\"Gerster HeimTex - Ihr Partner f\u00fcr hochwertige Gardinen, B\u00e4nder &amp; Accessoires\" \/>\n<meta property=\"article:publisher\" content=\"https:\/\/www.facebook.com\/GersterCollection\" \/>\n<meta property=\"article:modified_time\" content=\"2026-03-24T15:05:09+00:00\" \/>\n<meta property=\"og:image\" content=\"https:\/\/www.gerster.com\/wp-content\/uploads\/2025\/07\/gardinenband-wellenband.jpg\" \/>\n\t<meta property=\"og:image:width\" content=\"1920\" \/>\n\t<meta property=\"og:image:height\" content=\"1081\" \/>\n\t<meta property=\"og:image:type\" content=\"image\/jpeg\" \/>\n<meta name=\"twitter:card\" content=\"summary_large_image\" \/>\n<meta name=\"twitter:label1\" content=\"Estimated reading time\" \/>\n\t<meta name=\"twitter:data1\" content=\"2 minutes\" \/>\n<script type=\"application\/ld+json\" class=\"yoast-schema-graph\">{\"@context\":\"https:\\\/\\\/schema.org\",\"@graph\":[{\"@type\":\"WebPage\",\"@id\":\"https:\\\/\\\/www.gerster.com\\\/produkttyp\\\/gardinenbaender\\\/\",\"url\":\"https:\\\/\\\/www.gerster.com\\\/produkttyp\\\/gardinenbaender\\\/\",\"name\":\"Gerster Gardinenband \u27a4 Gardinenb\u00e4nder vom Hersteller\",\"isPartOf\":{\"@id\":\"https:\\\/\\\/www.gerster.com\\\/en\\\/#website\"},\"primaryImageOfPage\":{\"@id\":\"https:\\\/\\\/www.gerster.com\\\/produkttyp\\\/gardinenbaender\\\/#primaryimage\"},\"image\":{\"@id\":\"https:\\\/\\\/www.gerster.com\\\/produkttyp\\\/gardinenbaender\\\/#primaryimage\"},\"thumbnailUrl\":\"https:\\\/\\\/www.gerster.com\\\/wp-content\\\/uploads\\\/2025\\\/07\\\/gardinenband-wellenband.jpg\",\"datePublished\":\"2025-04-25T11:13:23+00:00\",\"dateModified\":\"2026-03-24T15:05:09+00:00\",\"description\":\"Gerster Gardinenb\u00e4nder f\u00fcr Profis \u2713 f\u00fcr viele Gestaltungsvarianten \u2713 Gro\u00dfe Auswahl \u2713 beste Qualit\u00e4t direkt vom Hersteller \u27a4 Jetzt kaufen!\",\"breadcrumb\":{\"@id\":\"https:\\\/\\\/www.gerster.com\\\/produkttyp\\\/gardinenbaender\\\/#breadcrumb\"},\"inLanguage\":\"en-GB\",\"potentialAction\":[{\"@type\":\"ReadAction\",\"target\":[\"https:\\\/\\\/www.gerster.com\\\/produkttyp\\\/gardinenbaender\\\/\"]}]},{\"@type\":\"ImageObject\",\"inLanguage\":\"en-GB\",\"@id\":\"https:\\\/\\\/www.gerster.com\\\/produkttyp\\\/gardinenbaender\\\/#primaryimage\",\"url\":\"https:\\\/\\\/www.gerster.com\\\/wp-content\\\/uploads\\\/2025\\\/07\\\/gardinenband-wellenband.jpg\",\"contentUrl\":\"https:\\\/\\\/www.gerster.com\\\/wp-content\\\/uploads\\\/2025\\\/07\\\/gardinenband-wellenband.jpg\",\"width\":1920,\"height\":1081},{\"@type\":\"BreadcrumbList\",\"@id\":\"https:\\\/\\\/www.gerster.com\\\/produkttyp\\\/gardinenbaender\\\/#breadcrumb\",\"itemListElement\":[{\"@type\":\"ListItem\",\"position\":1,\"name\":\"Startseite\",\"item\":\"https:\\\/\\\/www.gerster.com\\\/\"},{\"@type\":\"ListItem\",\"position\":2,\"name\":\"Produkte\",\"item\":\"https:\\\/\\\/www.gerster.com\\\/produkttyp\\\/\"},{\"@type\":\"ListItem\",\"position\":3,\"name\":\"Gardinenb\u00e4nder\"}]},{\"@type\":\"WebSite\",\"@id\":\"https:\\\/\\\/www.gerster.com\\\/en\\\/#website\",\"url\":\"https:\\\/\\\/www.gerster.com\\\/en\\\/\",\"name\":\"Gerster HeimTex - Ihr Partner f\u00fcr hochwertige Gardinen, B\u00e4nder & Accessoires\",\"description\":\"\",\"publisher\":{\"@id\":\"https:\\\/\\\/www.gerster.com\\\/en\\\/#organization\"},\"potentialAction\":[{\"@type\":\"SearchAction\",\"target\":{\"@type\":\"EntryPoint\",\"urlTemplate\":\"https:\\\/\\\/www.gerster.com\\\/en\\\/?s={search_term_string}\"},\"query-input\":{\"@type\":\"PropertyValueSpecification\",\"valueRequired\":true,\"valueName\":\"search_term_string\"}}],\"inLanguage\":\"en-GB\"},{\"@type\":\"Organization\",\"@id\":\"https:\\\/\\\/www.gerster.com\\\/en\\\/#organization\",\"name\":\"Gerster HeimTex - Ihr Partner f\u00fcr hochwertige Gardinen, B\u00e4nder & Accessoires\",\"url\":\"https:\\\/\\\/www.gerster.com\\\/en\\\/\",\"logo\":{\"@type\":\"ImageObject\",\"inLanguage\":\"en-GB\",\"@id\":\"https:\\\/\\\/www.gerster.com\\\/en\\\/#\\\/schema\\\/logo\\\/image\\\/\",\"url\":\"https:\\\/\\\/www.gerster.com\\\/wp-content\\\/uploads\\\/2025\\\/05\\\/gerster-hometex-logo.png\",\"contentUrl\":\"https:\\\/\\\/www.gerster.com\\\/wp-content\\\/uploads\\\/2025\\\/05\\\/gerster-hometex-logo.png\",\"width\":213,\"height\":84,\"caption\":\"Gerster HeimTex - Ihr Partner f\u00fcr hochwertige Gardinen, B\u00e4nder & Accessoires\"},\"image\":{\"@id\":\"https:\\\/\\\/www.gerster.com\\\/en\\\/#\\\/schema\\\/logo\\\/image\\\/\"},\"sameAs\":[\"https:\\\/\\\/www.facebook.com\\\/GersterCollection\",\"https:\\\/\\\/www.instagram.com\\\/gerster_biberach\\\/\",\"https:\\\/\\\/www.youtube.com\\\/user\\\/GersterCollection\\\/videos\"]}]}<\/script>\n<!-- \/ Yoast SEO plugin. -->","yoast_head_json":{"title":"Gerster Gardinenband \u27a4 Gardinenb\u00e4nder vom Hersteller","description":"Gerster Gardinenb\u00e4nder f\u00fcr Profis \u2713 f\u00fcr viele Gestaltungsvarianten \u2713 Gro\u00dfe Auswahl \u2713 beste Qualit\u00e4t direkt vom Hersteller \u27a4 Jetzt kaufen!","robots":{"index":"index","follow":"follow","max-snippet":"max-snippet:-1","max-image-preview":"max-image-preview:large","max-video-preview":"max-video-preview:-1"},"canonical":"https:\/\/www.gerster.com\/en\/produkttyp\/gardinenbaender\/","og_locale":"en_GB","og_type":"article","og_title":"Gerster Gardinenband \u27a4 Gardinenb\u00e4nder vom Hersteller","og_description":"Gerster Gardinenb\u00e4nder f\u00fcr Profis \u2713 f\u00fcr viele Gestaltungsvarianten \u2713 Gro\u00dfe Auswahl \u2713 beste Qualit\u00e4t direkt vom Hersteller \u27a4 Jetzt kaufen!","og_url":"https:\/\/www.gerster.com\/en\/produkttyp\/gardinenbaender\/","og_site_name":"Gerster HeimTex - Ihr Partner f\u00fcr hochwertige Gardinen, B\u00e4nder &amp; Accessoires","article_publisher":"https:\/\/www.facebook.com\/GersterCollection","article_modified_time":"2026-03-24T15:05:09+00:00","og_image":[{"width":1920,"height":1081,"url":"https:\/\/www.gerster.com\/wp-content\/uploads\/2025\/07\/gardinenband-wellenband.jpg","type":"image\/jpeg"}],"twitter_card":"summary_large_image","twitter_misc":{"Estimated reading time":"2 minutes"},"schema":{"@context":"https:\/\/schema.org","@graph":[{"@type":"WebPage","@id":"https:\/\/www.gerster.com\/produkttyp\/gardinenbaender\/","url":"https:\/\/www.gerster.com\/produkttyp\/gardinenbaender\/","name":"Gerster Gardinenband \u27a4 Gardinenb\u00e4nder vom Hersteller","isPartOf":{"@id":"https:\/\/www.gerster.com\/en\/#website"},"primaryImageOfPage":{"@id":"https:\/\/www.gerster.com\/produkttyp\/gardinenbaender\/#primaryimage"},"image":{"@id":"https:\/\/www.gerster.com\/produkttyp\/gardinenbaender\/#primaryimage"},"thumbnailUrl":"https:\/\/www.gerster.com\/wp-content\/uploads\/2025\/07\/gardinenband-wellenband.jpg","datePublished":"2025-04-25T11:13:23+00:00","dateModified":"2026-03-24T15:05:09+00:00","description":"Gerster Gardinenb\u00e4nder f\u00fcr Profis \u2713 f\u00fcr viele Gestaltungsvarianten \u2713 Gro\u00dfe Auswahl \u2713 beste Qualit\u00e4t direkt vom Hersteller \u27a4 Jetzt kaufen!","breadcrumb":{"@id":"https:\/\/www.gerster.com\/produkttyp\/gardinenbaender\/#breadcrumb"},"inLanguage":"en-GB","potentialAction":[{"@type":"ReadAction","target":["https:\/\/www.gerster.com\/produkttyp\/gardinenbaender\/"]}]},{"@type":"ImageObject","inLanguage":"en-GB","@id":"https:\/\/www.gerster.com\/produkttyp\/gardinenbaender\/#primaryimage","url":"https:\/\/www.gerster.com\/wp-content\/uploads\/2025\/07\/gardinenband-wellenband.jpg","contentUrl":"https:\/\/www.gerster.com\/wp-content\/uploads\/2025\/07\/gardinenband-wellenband.jpg","width":1920,"height":1081},{"@type":"BreadcrumbList","@id":"https:\/\/www.gerster.com\/produkttyp\/gardinenbaender\/#breadcrumb","itemListElement":[{"@type":"ListItem","position":1,"name":"Startseite","item":"https:\/\/www.gerster.com\/"},{"@type":"ListItem","position":2,"name":"Produkte","item":"https:\/\/www.gerster.com\/produkttyp\/"},{"@type":"ListItem","position":3,"name":"Gardinenb\u00e4nder"}]},{"@type":"WebSite","@id":"https:\/\/www.gerster.com\/en\/#website","url":"https:\/\/www.gerster.com\/en\/","name":"Gerster HeimTex - Ihr Partner f\u00fcr hochwertige Gardinen, B\u00e4nder & Accessoires","description":"","publisher":{"@id":"https:\/\/www.gerster.com\/en\/#organization"},"potentialAction":[{"@type":"SearchAction","target":{"@type":"EntryPoint","urlTemplate":"https:\/\/www.gerster.com\/en\/?s={search_term_string}"},"query-input":{"@type":"PropertyValueSpecification","valueRequired":true,"valueName":"search_term_string"}}],"inLanguage":"en-GB"},{"@type":"Organization","@id":"https:\/\/www.gerster.com\/en\/#organization","name":"Gerster HeimTex - Ihr Partner f\u00fcr hochwertige Gardinen, B\u00e4nder & Accessoires","url":"https:\/\/www.gerster.com\/en\/","logo":{"@type":"ImageObject","inLanguage":"en-GB","@id":"https:\/\/www.gerster.com\/en\/#\/schema\/logo\/image\/","url":"https:\/\/www.gerster.com\/wp-content\/uploads\/2025\/05\/gerster-hometex-logo.png","contentUrl":"https:\/\/www.gerster.com\/wp-content\/uploads\/2025\/05\/gerster-hometex-logo.png","width":213,"height":84,"caption":"Gerster HeimTex - Ihr Partner f\u00fcr hochwertige Gardinen, B\u00e4nder & Accessoires"},"image":{"@id":"https:\/\/www.gerster.com\/en\/#\/schema\/logo\/image\/"},"sameAs":["https:\/\/www.facebook.com\/GersterCollection","https:\/\/www.instagram.com\/gerster_biberach\/","https:\/\/www.youtube.com\/user\/GersterCollection\/videos"]}]}},"_links":{"self":[{"href":"https:\/\/www.gerster.com\/en\/wp-json\/wp\/v2\/pages\/19","targetHints":{"allow":["GET"]}}],"collection":[{"href":"https:\/\/www.gerster.com\/en\/wp-json\/wp\/v2\/pages"}],"about":[{"href":"https:\/\/www.gerster.com\/en\/wp-json\/wp\/v2\/types\/page"}],"author":[{"embeddable":true,"href":"https:\/\/www.gerster.com\/en\/wp-json\/wp\/v2\/users\/1"}],"replies":[{"embeddable":true,"href":"https:\/\/www.gerster.com\/en\/wp-json\/wp\/v2\/comments?post=19"}],"version-history":[{"count":66,"href":"https:\/\/www.gerster.com\/en\/wp-json\/wp\/v2\/pages\/19\/revisions"}],"predecessor-version":[{"id":3090,"href":"https:\/\/www.gerster.com\/en\/wp-json\/wp\/v2\/pages\/19\/revisions\/3090"}],"up":[{"embeddable":true,"href":"https:\/\/www.gerster.com\/en\/wp-json\/wp\/v2\/pages\/7"}],"wp:featuredmedia":[{"embeddable":true,"href":"https:\/\/www.gerster.com\/en\/wp-json\/wp\/v2\/media\/647"}],"wp:attachment":[{"href":"https:\/\/www.gerster.com\/en\/wp-json\/wp\/v2\/media?parent=19"}],"curies":[{"name":"wp","href":"https:\/\/api.w.org\/{rel}","templated":true}]}}