{"id":21,"date":"2025-04-25T13:13:37","date_gmt":"2025-04-25T11:13:37","guid":{"rendered":"http:\/\/localhost\/gerster-heimtex\/?page_id=21"},"modified":"2026-03-24T16:03:20","modified_gmt":"2026-03-24T15:03:20","slug":"fertiggardinen","status":"publish","type":"page","link":"https:\/\/www.gerster.com\/en\/produkttyp\/fertiggardinen\/","title":{"rendered":"Ready-made curtains"},"content":{"rendered":"<div class=\"wp-block-custom-ueberschrift-breadcrumbs ueberschrift-breadcrumbs\"><div class=\"wp-block-columns\"><div class=\"wp-block-column\" style=\"flex-basis:50%\"><h1>Our <br><em>Ready-made curtains<\/em><\/h1><\/div><div class=\"wp-block-column\" style=\"flex-basis:50%\"><div><p class=\"breadcrumbs\"><a href=\"https:\/\/www.gerster.com\/en\">Homepage<\/a><\/p><\/div><\/div><\/div><\/div>\n\n\n\n<div class=\"wp-block-columns is-layout-flex wp-container-core-columns-is-layout-9d6595d7 wp-block-columns-is-layout-flex\">\n<div class=\"wp-block-column is-layout-flow wp-block-column-is-layout-flow\" style=\"flex-basis:25%\">\n<div class=\"wp-block-custom-ueberschrift-klein-punkt ueberschrift-klein-punkt\"><p>Textile variety for every market segment<\/p><\/div>\n<\/div>\n\n\n\n<div class=\"wp-block-column is-layout-flow wp-block-column-is-layout-flow\" style=\"flex-basis:10%\"><\/div>\n\n\n\n<div class=\"wp-block-column is-layout-flow wp-block-column-is-layout-flow\">\n<p>With our extensive ready-made curtain collections, we offer tailored solutions for a wide range of needs and target groups. Our range spans from affordable entry-level products to sustainable, organic-certified cotton and linen items\u2014ideal for upscale retail as well as online commerce. <strong>Organic-certified cotton and linen products <\/strong>\u2013 Ideal for upscale retail stores and online retailers.<\/p>\n<\/div>\n<\/div>\n\n\n\n<div style=\"height:100px\" aria-hidden=\"true\" class=\"wp-block-spacer\"><\/div>\n\n\n\n<div class=\"wp-block-custom-zwei-spalten-volle-breit zwei-spalten-volle-breit\">\n<div class=\"wp-block-custom-zwei-spalten-row zwei-spalten wp-block-columns\"><div class=\"spalte wp-block-column bild\"><img decoding=\"async\" src=\"https:\/\/www.gerster.com\/wp-content\/uploads\/2025\/07\/Gerster-HeimTex-Marketingbild-9.jpg\" alt=\"Gerster HeimTex\" style=\"width:100%;height:auto\"\/><\/div><div class=\"spalte wp-block-column text\"><div class=\"align-center\"><p class=\"oben\">Stylish design meets functionality<\/p><h2>Home <em>Living\u00ae<\/em><\/h2>\n<p>The curtains of the Home Living series combine modern design with practical features. Available in a wide range of fabrics, colors, and patterns, they blend harmoniously into any living concept\u2014whether light-filtering or opaque.<br>All Products <strong>Sustainably designed, plastic-free packaging <\/strong>and consist partly of<strong> recycled materials <\/strong>\u2013 for a cozy atmosphere with a clear conscience.<\/p>\n\n\n\n<p><a href=\"https:\/\/shop.gerster.com\/fertiggardinen\/home-living.html\">VISIT THE SHOP<\/a><\/p>\n<\/div><\/div><\/div>\n\n\n\n<div class=\"wp-block-custom-zwei-spalten-row zwei-spalten wp-block-columns\"><div class=\"spalte wp-block-column bild\"><img decoding=\"async\" src=\"https:\/\/www.gerster.com\/wp-content\/uploads\/2025\/07\/Gerster-HeimTex-Marketingbild-6-scaled.jpg\" alt=\"Gerster HeimTex\" style=\"width:100%;height:auto\"\/><\/div><div class=\"spalte wp-block-column text\"><div class=\"align-center\"><p class=\"oben\">Naturally beautiful \u2013 with organic cotton and linen<\/p><h2>Feel of <em>Nature<\/em>\u00ae <\/h2>\n<p>Our Feel of Nature collection focuses on sustainable materials and timeless plain designs. The curtain panels\u2014from opaque to transparent\u2014are made from <strong>GOTS-certified organic cotton<\/strong> or an <strong>OCS-certified linen-cotton blend<\/strong> . They are complemented by color-coordinated panel curtains \u2013 ideal for creating a natural, modern feel in any room.<\/p>\n\n\n\n<p><a href=\"https:\/\/shop.gerster.com\/fertiggardinen\/feel-of-nature.html\">VISIT THE SHOP<\/a><\/p>\n<\/div><\/div><\/div>\n\n\n\n<div class=\"wp-block-custom-zwei-spalten-row zwei-spalten wp-block-columns\"><div class=\"spalte wp-block-column bild\"><img decoding=\"async\" src=\"https:\/\/www.gerster.com\/wp-content\/uploads\/2025\/07\/Gerster-HeimTex-Marketingbild-3.jpg\" alt=\"Gerster HeimTex\" style=\"width:100%;height:auto\"\/><\/div><div class=\"spalte wp-block-column text\"><div class=\"align-center\"><p class=\"oben\">Attractive solutions for budget-friendly entry-level products<\/p><h2>Happy <em>Home<\/em>\u00ae<\/h2>\n<p>Under the Happy Home label, we offer a wide range of budget-friendly ready-made curtains, including eyelet and tab-top panels, bistro curtains, Roman blinds, as well as panel and sliding curtains. This collection not only covers standard sizes but also includes various heights and widths for flexible assortment planning <strong>flexible product range design.<\/strong><\/p>\n\n\n\n<p><a href=\"https:\/\/shop.gerster.com\/fertiggardinen\/happy-home.html\" target=\"_blank\" rel=\"noreferrer noopener\">VISIT THE SHOP<\/a><\/p>\n\n\n\n<p><\/p>\n<\/div><\/div><\/div>\n<\/div>\n\n\n\n<div style=\"height:100px\" aria-hidden=\"true\" class=\"wp-block-spacer\"><\/div>\n\n\n\n<div class=\"wp-block-columns is-layout-flex wp-container-core-columns-is-layout-9d6595d7 wp-block-columns-is-layout-flex\">\n<div class=\"wp-block-column is-layout-flow wp-block-column-is-layout-flow\" style=\"flex-basis:25%\">\n<div class=\"wp-block-custom-ueberschrift-klein-punkt ueberschrift-klein-punkt\"><p>More than just a supplier<\/p><\/div>\n\n\n\n<h2 class=\"wp-block-heading\">Our <em>Service<\/em><\/h2>\n<\/div>\n\n\n\n<div class=\"wp-block-column is-layout-flow wp-block-column-is-layout-flow\" style=\"flex-basis:66.66%\">\n<p>All ready-made curtains are available from stock and can be delivered starting from small minimum order quantities (MOQs). Additionally, we offer:<\/p>\n\n\n\n<ul class=\"wp-block-list\">\n<li>Product displays and POS materials to boost sales<\/li>\n\n\n\n<li>Customized concept planning for your ready-made curtain department<\/li>\n\n\n\n<li>Module planning and visualization directly at the POS\u2014tailored to your target audience<\/li>\n<\/ul>\n\n\n\n<p>We develop comprehensive solutions in close cooperation with our trading partners. <strong>from product range selection to sales presentation.<\/strong> As your solution partner in the field of ready-made curtains, we actively support you in successfully positioning your department in the retail market.<\/p>\n\n\n\n<p>Looking for a customized curtain concept for your store?<br>Please feel free to contact us \u2013 <strong>we will plan your tailor-made solution together.<\/strong><\/p>\n<\/div>\n<\/div>","protected":false},"excerpt":{"rendered":"<p>Mit unseren umfangreichen Fertiggardinenkollektionen bieten wir passgenaue L\u00f6sungen f\u00fcr unterschiedlichste Bed\u00fcrfnisse und Zielgruppen. Unser Sortiment reicht von preisattraktiven Einstiegsartikeln bis hin zu nachhaltigen, bio-zertifizierten Baumwoll- und Leinenprodukten \u2013 ideal f\u00fcr den gehobenen Einzelhandel sowie den Onlinehandel. Unser Service Alle Fertiggardinen sind ab Lager verf\u00fcgbar und bereits ab kleinen Mindestabnahmemengen (MOQs) lieferbar. Erg\u00e4nzend bieten wir: In [&hellip;]<\/p>\n","protected":false},"author":1,"featured_media":3486,"parent":7,"menu_order":0,"comment_status":"closed","ping_status":"closed","template":"","meta":{"_acf_changed":false,"footnotes":""},"class_list":["post-21","page","type-page","status-publish","has-post-thumbnail","hentry"],"acf":[],"yoast_head":"<!-- This site is optimized with the Yoast SEO plugin v27.5 - https:\/\/yoast.com\/product\/yoast-seo-wordpress\/ -->\n<title>Fertiggardinen &amp; Vorh\u00e4nge f\u00fcr Einrichtungsprofis \u25ba von Gerster<\/title>\n<meta name=\"description\" content=\"Fertiggardinen und Vorh\u00e4nge vom f\u00fchrenden Hersteller: \u2713 Bistrogardinen \u2713 Schals \u2713 Raffrollos \u2713 Fl\u00e4chenvorh\u00e4nge \u25ba jetzt bestellen!\" \/>\n<meta name=\"robots\" content=\"index, follow, max-snippet:-1, max-image-preview:large, max-video-preview:-1\" \/>\n<link rel=\"canonical\" href=\"https:\/\/www.gerster.com\/en\/produkttyp\/fertiggardinen\/\" \/>\n<meta property=\"og:locale\" content=\"en_GB\" \/>\n<meta property=\"og:type\" content=\"article\" \/>\n<meta property=\"og:title\" content=\"Fertiggardinen &amp; Vorh\u00e4nge f\u00fcr Einrichtungsprofis \u25ba von Gerster\" \/>\n<meta property=\"og:description\" content=\"Fertiggardinen und Vorh\u00e4nge vom f\u00fchrenden Hersteller: \u2713 Bistrogardinen \u2713 Schals \u2713 Raffrollos \u2713 Fl\u00e4chenvorh\u00e4nge \u25ba jetzt bestellen!\" \/>\n<meta property=\"og:url\" content=\"https:\/\/www.gerster.com\/en\/produkttyp\/fertiggardinen\/\" \/>\n<meta property=\"og:site_name\" content=\"Gerster HeimTex - Ihr Partner f\u00fcr hochwertige Gardinen, B\u00e4nder &amp; Accessoires\" \/>\n<meta property=\"article:publisher\" content=\"https:\/\/www.facebook.com\/GersterCollection\" \/>\n<meta property=\"article:modified_time\" content=\"2026-03-24T15:03:20+00:00\" \/>\n<meta property=\"og:image\" content=\"https:\/\/www.gerster.com\/wp-content\/uploads\/2026\/03\/1_4_Fertiggardine-1-1.jpg\" \/>\n\t<meta property=\"og:image:width\" content=\"1500\" \/>\n\t<meta property=\"og:image:height\" content=\"1500\" \/>\n\t<meta property=\"og:image:type\" content=\"image\/jpeg\" \/>\n<meta name=\"twitter:card\" content=\"summary_large_image\" \/>\n<meta name=\"twitter:label1\" content=\"Estimated reading time\" \/>\n\t<meta name=\"twitter:data1\" content=\"2 minutes\" \/>\n<script type=\"application\/ld+json\" class=\"yoast-schema-graph\">{\"@context\":\"https:\\\/\\\/schema.org\",\"@graph\":[{\"@type\":\"WebPage\",\"@id\":\"https:\\\/\\\/www.gerster.com\\\/produkttyp\\\/fertiggardinen\\\/\",\"url\":\"https:\\\/\\\/www.gerster.com\\\/produkttyp\\\/fertiggardinen\\\/\",\"name\":\"Fertiggardinen & Vorh\u00e4nge f\u00fcr Einrichtungsprofis \u25ba von Gerster\",\"isPartOf\":{\"@id\":\"https:\\\/\\\/www.gerster.com\\\/en\\\/#website\"},\"primaryImageOfPage\":{\"@id\":\"https:\\\/\\\/www.gerster.com\\\/produkttyp\\\/fertiggardinen\\\/#primaryimage\"},\"image\":{\"@id\":\"https:\\\/\\\/www.gerster.com\\\/produkttyp\\\/fertiggardinen\\\/#primaryimage\"},\"thumbnailUrl\":\"https:\\\/\\\/www.gerster.com\\\/wp-content\\\/uploads\\\/2026\\\/03\\\/1_4_Fertiggardine-1-1.jpg\",\"datePublished\":\"2025-04-25T11:13:37+00:00\",\"dateModified\":\"2026-03-24T15:03:20+00:00\",\"description\":\"Fertiggardinen und Vorh\u00e4nge vom f\u00fchrenden Hersteller: \u2713 Bistrogardinen \u2713 Schals \u2713 Raffrollos \u2713 Fl\u00e4chenvorh\u00e4nge \u25ba jetzt bestellen!\",\"breadcrumb\":{\"@id\":\"https:\\\/\\\/www.gerster.com\\\/produkttyp\\\/fertiggardinen\\\/#breadcrumb\"},\"inLanguage\":\"en-GB\",\"potentialAction\":[{\"@type\":\"ReadAction\",\"target\":[\"https:\\\/\\\/www.gerster.com\\\/produkttyp\\\/fertiggardinen\\\/\"]}]},{\"@type\":\"ImageObject\",\"inLanguage\":\"en-GB\",\"@id\":\"https:\\\/\\\/www.gerster.com\\\/produkttyp\\\/fertiggardinen\\\/#primaryimage\",\"url\":\"https:\\\/\\\/www.gerster.com\\\/wp-content\\\/uploads\\\/2026\\\/03\\\/1_4_Fertiggardine-1-1.jpg\",\"contentUrl\":\"https:\\\/\\\/www.gerster.com\\\/wp-content\\\/uploads\\\/2026\\\/03\\\/1_4_Fertiggardine-1-1.jpg\",\"width\":1500,\"height\":1500},{\"@type\":\"BreadcrumbList\",\"@id\":\"https:\\\/\\\/www.gerster.com\\\/produkttyp\\\/fertiggardinen\\\/#breadcrumb\",\"itemListElement\":[{\"@type\":\"ListItem\",\"position\":1,\"name\":\"Startseite\",\"item\":\"https:\\\/\\\/www.gerster.com\\\/\"},{\"@type\":\"ListItem\",\"position\":2,\"name\":\"Produkte\",\"item\":\"https:\\\/\\\/www.gerster.com\\\/produkttyp\\\/\"},{\"@type\":\"ListItem\",\"position\":3,\"name\":\"Fertiggardinen\"}]},{\"@type\":\"WebSite\",\"@id\":\"https:\\\/\\\/www.gerster.com\\\/en\\\/#website\",\"url\":\"https:\\\/\\\/www.gerster.com\\\/en\\\/\",\"name\":\"Gerster HeimTex - Ihr Partner f\u00fcr hochwertige Gardinen, B\u00e4nder & Accessoires\",\"description\":\"\",\"publisher\":{\"@id\":\"https:\\\/\\\/www.gerster.com\\\/en\\\/#organization\"},\"potentialAction\":[{\"@type\":\"SearchAction\",\"target\":{\"@type\":\"EntryPoint\",\"urlTemplate\":\"https:\\\/\\\/www.gerster.com\\\/en\\\/?s={search_term_string}\"},\"query-input\":{\"@type\":\"PropertyValueSpecification\",\"valueRequired\":true,\"valueName\":\"search_term_string\"}}],\"inLanguage\":\"en-GB\"},{\"@type\":\"Organization\",\"@id\":\"https:\\\/\\\/www.gerster.com\\\/en\\\/#organization\",\"name\":\"Gerster HeimTex - Ihr Partner f\u00fcr hochwertige Gardinen, B\u00e4nder & Accessoires\",\"url\":\"https:\\\/\\\/www.gerster.com\\\/en\\\/\",\"logo\":{\"@type\":\"ImageObject\",\"inLanguage\":\"en-GB\",\"@id\":\"https:\\\/\\\/www.gerster.com\\\/en\\\/#\\\/schema\\\/logo\\\/image\\\/\",\"url\":\"https:\\\/\\\/www.gerster.com\\\/wp-content\\\/uploads\\\/2025\\\/05\\\/gerster-hometex-logo.png\",\"contentUrl\":\"https:\\\/\\\/www.gerster.com\\\/wp-content\\\/uploads\\\/2025\\\/05\\\/gerster-hometex-logo.png\",\"width\":213,\"height\":84,\"caption\":\"Gerster HeimTex - Ihr Partner f\u00fcr hochwertige Gardinen, B\u00e4nder & Accessoires\"},\"image\":{\"@id\":\"https:\\\/\\\/www.gerster.com\\\/en\\\/#\\\/schema\\\/logo\\\/image\\\/\"},\"sameAs\":[\"https:\\\/\\\/www.facebook.com\\\/GersterCollection\",\"https:\\\/\\\/www.instagram.com\\\/gerster_biberach\\\/\",\"https:\\\/\\\/www.youtube.com\\\/user\\\/GersterCollection\\\/videos\"]}]}<\/script>\n<!-- \/ Yoast SEO plugin. -->","yoast_head_json":{"title":"Fertiggardinen & Vorh\u00e4nge f\u00fcr Einrichtungsprofis \u25ba von Gerster","description":"Fertiggardinen und Vorh\u00e4nge vom f\u00fchrenden Hersteller: \u2713 Bistrogardinen \u2713 Schals \u2713 Raffrollos \u2713 Fl\u00e4chenvorh\u00e4nge \u25ba jetzt bestellen!","robots":{"index":"index","follow":"follow","max-snippet":"max-snippet:-1","max-image-preview":"max-image-preview:large","max-video-preview":"max-video-preview:-1"},"canonical":"https:\/\/www.gerster.com\/en\/produkttyp\/fertiggardinen\/","og_locale":"en_GB","og_type":"article","og_title":"Fertiggardinen & Vorh\u00e4nge f\u00fcr Einrichtungsprofis \u25ba von Gerster","og_description":"Fertiggardinen und Vorh\u00e4nge vom f\u00fchrenden Hersteller: \u2713 Bistrogardinen \u2713 Schals \u2713 Raffrollos \u2713 Fl\u00e4chenvorh\u00e4nge \u25ba jetzt bestellen!","og_url":"https:\/\/www.gerster.com\/en\/produkttyp\/fertiggardinen\/","og_site_name":"Gerster HeimTex - Ihr Partner f\u00fcr hochwertige Gardinen, B\u00e4nder &amp; Accessoires","article_publisher":"https:\/\/www.facebook.com\/GersterCollection","article_modified_time":"2026-03-24T15:03:20+00:00","og_image":[{"width":1500,"height":1500,"url":"https:\/\/www.gerster.com\/wp-content\/uploads\/2026\/03\/1_4_Fertiggardine-1-1.jpg","type":"image\/jpeg"}],"twitter_card":"summary_large_image","twitter_misc":{"Estimated reading time":"2 minutes"},"schema":{"@context":"https:\/\/schema.org","@graph":[{"@type":"WebPage","@id":"https:\/\/www.gerster.com\/produkttyp\/fertiggardinen\/","url":"https:\/\/www.gerster.com\/produkttyp\/fertiggardinen\/","name":"Fertiggardinen & Vorh\u00e4nge f\u00fcr Einrichtungsprofis \u25ba von Gerster","isPartOf":{"@id":"https:\/\/www.gerster.com\/en\/#website"},"primaryImageOfPage":{"@id":"https:\/\/www.gerster.com\/produkttyp\/fertiggardinen\/#primaryimage"},"image":{"@id":"https:\/\/www.gerster.com\/produkttyp\/fertiggardinen\/#primaryimage"},"thumbnailUrl":"https:\/\/www.gerster.com\/wp-content\/uploads\/2026\/03\/1_4_Fertiggardine-1-1.jpg","datePublished":"2025-04-25T11:13:37+00:00","dateModified":"2026-03-24T15:03:20+00:00","description":"Fertiggardinen und Vorh\u00e4nge vom f\u00fchrenden Hersteller: \u2713 Bistrogardinen \u2713 Schals \u2713 Raffrollos \u2713 Fl\u00e4chenvorh\u00e4nge \u25ba jetzt bestellen!","breadcrumb":{"@id":"https:\/\/www.gerster.com\/produkttyp\/fertiggardinen\/#breadcrumb"},"inLanguage":"en-GB","potentialAction":[{"@type":"ReadAction","target":["https:\/\/www.gerster.com\/produkttyp\/fertiggardinen\/"]}]},{"@type":"ImageObject","inLanguage":"en-GB","@id":"https:\/\/www.gerster.com\/produkttyp\/fertiggardinen\/#primaryimage","url":"https:\/\/www.gerster.com\/wp-content\/uploads\/2026\/03\/1_4_Fertiggardine-1-1.jpg","contentUrl":"https:\/\/www.gerster.com\/wp-content\/uploads\/2026\/03\/1_4_Fertiggardine-1-1.jpg","width":1500,"height":1500},{"@type":"BreadcrumbList","@id":"https:\/\/www.gerster.com\/produkttyp\/fertiggardinen\/#breadcrumb","itemListElement":[{"@type":"ListItem","position":1,"name":"Startseite","item":"https:\/\/www.gerster.com\/"},{"@type":"ListItem","position":2,"name":"Produkte","item":"https:\/\/www.gerster.com\/produkttyp\/"},{"@type":"ListItem","position":3,"name":"Fertiggardinen"}]},{"@type":"WebSite","@id":"https:\/\/www.gerster.com\/en\/#website","url":"https:\/\/www.gerster.com\/en\/","name":"Gerster HeimTex - Ihr Partner f\u00fcr hochwertige Gardinen, B\u00e4nder & Accessoires","description":"","publisher":{"@id":"https:\/\/www.gerster.com\/en\/#organization"},"potentialAction":[{"@type":"SearchAction","target":{"@type":"EntryPoint","urlTemplate":"https:\/\/www.gerster.com\/en\/?s={search_term_string}"},"query-input":{"@type":"PropertyValueSpecification","valueRequired":true,"valueName":"search_term_string"}}],"inLanguage":"en-GB"},{"@type":"Organization","@id":"https:\/\/www.gerster.com\/en\/#organization","name":"Gerster HeimTex - Ihr Partner f\u00fcr hochwertige Gardinen, B\u00e4nder & Accessoires","url":"https:\/\/www.gerster.com\/en\/","logo":{"@type":"ImageObject","inLanguage":"en-GB","@id":"https:\/\/www.gerster.com\/en\/#\/schema\/logo\/image\/","url":"https:\/\/www.gerster.com\/wp-content\/uploads\/2025\/05\/gerster-hometex-logo.png","contentUrl":"https:\/\/www.gerster.com\/wp-content\/uploads\/2025\/05\/gerster-hometex-logo.png","width":213,"height":84,"caption":"Gerster HeimTex - Ihr Partner f\u00fcr hochwertige Gardinen, B\u00e4nder & Accessoires"},"image":{"@id":"https:\/\/www.gerster.com\/en\/#\/schema\/logo\/image\/"},"sameAs":["https:\/\/www.facebook.com\/GersterCollection","https:\/\/www.instagram.com\/gerster_biberach\/","https:\/\/www.youtube.com\/user\/GersterCollection\/videos"]}]}},"_links":{"self":[{"href":"https:\/\/www.gerster.com\/en\/wp-json\/wp\/v2\/pages\/21","targetHints":{"allow":["GET"]}}],"collection":[{"href":"https:\/\/www.gerster.com\/en\/wp-json\/wp\/v2\/pages"}],"about":[{"href":"https:\/\/www.gerster.com\/en\/wp-json\/wp\/v2\/types\/page"}],"author":[{"embeddable":true,"href":"https:\/\/www.gerster.com\/en\/wp-json\/wp\/v2\/users\/1"}],"replies":[{"embeddable":true,"href":"https:\/\/www.gerster.com\/en\/wp-json\/wp\/v2\/comments?post=21"}],"version-history":[{"count":53,"href":"https:\/\/www.gerster.com\/en\/wp-json\/wp\/v2\/pages\/21\/revisions"}],"predecessor-version":[{"id":2285,"href":"https:\/\/www.gerster.com\/en\/wp-json\/wp\/v2\/pages\/21\/revisions\/2285"}],"up":[{"embeddable":true,"href":"https:\/\/www.gerster.com\/en\/wp-json\/wp\/v2\/pages\/7"}],"wp:featuredmedia":[{"embeddable":true,"href":"https:\/\/www.gerster.com\/en\/wp-json\/wp\/v2\/media\/3486"}],"wp:attachment":[{"href":"https:\/\/www.gerster.com\/en\/wp-json\/wp\/v2\/media?parent=21"}],"curies":[{"name":"wp","href":"https:\/\/api.w.org\/{rel}","templated":true}]}}