{"id":23,"date":"2025-04-25T13:13:50","date_gmt":"2025-04-25T11:13:50","guid":{"rendered":"http:\/\/localhost\/gerster-heimtex\/?page_id=23"},"modified":"2026-04-01T15:16:36","modified_gmt":"2026-04-01T13:16:36","slug":"trimmings","status":"publish","type":"page","link":"https:\/\/www.gerster.com\/en\/produkttyp\/trimmings\/","title":{"rendered":"Trimmings"},"content":{"rendered":"<div class=\"wp-block-custom-ueberschrift-breadcrumbs ueberschrift-breadcrumbs\"><div class=\"wp-block-columns\"><div class=\"wp-block-column\" style=\"flex-basis:50%\"><h1>Our<br><em>Trimmings<\/em><\/h1><\/div><div class=\"wp-block-column\" style=\"flex-basis:50%\"><div><p class=\"breadcrumbs\"><a href=\"https:\/\/www.gerster.com\/en\">Homepage<\/a><\/p><\/div><\/div><\/div><\/div>\n\n\n\n<div class=\"wp-block-columns is-layout-flex wp-container-core-columns-is-layout-9d6595d7 wp-block-columns-is-layout-flex\">\n<div class=\"wp-block-column is-layout-flow wp-block-column-is-layout-flow\" style=\"flex-basis:25%\">\n<div class=\"wp-block-custom-ueberschrift-klein-punkt ueberschrift-klein-punkt\"><p>Design variety for demanding applications<\/p><\/div>\n<\/div>\n\n\n\n<div class=\"wp-block-column is-layout-flow wp-block-column-is-layout-flow\" style=\"flex-basis:10%\"><\/div>\n\n\n\n<div class=\"wp-block-column is-layout-flow wp-block-column-is-layout-flow\">\n<p class=\"translation-block\">Formerly known as \u201cpassementerie,\u201d trimmings represent decorative, detailed, and expressive accents. Whether on cushions, curtains, upholstered furniture, or garments\u2014they add a special touch to textiles. Today, trimmings are also used in many other areas: on carpets, outdoor furniture and umbrellas, as design elements for lighting, for refining cables, on mattresses, and in large hotel projects.<\/p>\n\n\n\n<p>Gerster is one of the <strong>leading manufacturers<\/strong> and supplies numerous renowned textile publishers worldwide. What sets us apart? Our extensive expertise, over a century of experience, an uncompromising commitment to quality, and the ability to respond individually to customer needs.<br><br>Bei Fragen oder individuellen Anliegen kontaktieren Sie uns gerne direkt  unter <strong>trimmings@gerster.com<\/strong>.<\/p>\n\n\n\n<div style=\"height:50px\" aria-hidden=\"true\" class=\"wp-block-spacer\"><\/div>\n\n\n\n<div class=\"wp-block-buttons is-content-justification-center is-layout-flex wp-container-core-buttons-is-layout-16018d1d wp-block-buttons-is-layout-flex\">\n<div class=\"wp-block-button\"><a class=\"wp-block-button__link wp-element-button\" href=\"https:\/\/www.gerster.com\/en\/leistungen\/kundenspezifische-trimmings\/\">Individual trimmings<\/a><\/div>\n<\/div>\n<\/div>\n<\/div>\n\n\n\n<div style=\"height:100px\" aria-hidden=\"true\" class=\"wp-block-spacer\"><\/div>\n\n\n\n<div class=\"wp-block-custom-zwei-spalten-volle-breit zwei-spalten-volle-breit\">\n<div class=\"wp-block-custom-zwei-spalten-row zwei-spalten wp-block-columns\"><div class=\"spalte wp-block-column bild\"><img decoding=\"async\" src=\"https:\/\/www.gerster.com\/wp-content\/uploads\/2025\/08\/DSC_2276-scaled.jpg\" alt=\"Gerster HeimTex\" style=\"width:100%;height:auto\"\/><\/div><div class=\"spalte wp-block-column text\"><div class=\"align-center\"><p class=\"oben\">Structure meets design variety<\/p><h2>Fringes, Effil\u00e9s &amp; <em>Mesh Structures<\/em><\/h2>\n<p>Whether on curtains, cushions, furniture, carpets, room dividers, or umbrellas\u2014fringes, effil\u00e9s, and mesh structures bring movement, quality, creativity, and dynamism to your textiles.<\/p>\n<\/div><\/div><\/div>\n\n\n\n<div class=\"wp-block-custom-zwei-spalten-row zwei-spalten wp-block-columns\"><div class=\"spalte wp-block-column bild\"><img decoding=\"async\" src=\"https:\/\/www.gerster.com\/wp-content\/uploads\/2026\/04\/22-12-55_02-scaled.jpg\" alt=\"Gerster HeimTex\" style=\"width:100%;height:auto\"\/><\/div><div class=\"spalte wp-block-column text\"><div class=\"align-center\"><p class=\"oben\">Stylish accents with function<\/p><h2>Cords, ropes, <em>strings, and piping<\/em><\/h2>\n<p>Gerster designs, develops, and produces special cords and ropes. For outdoor furniture. As decorative elements in interior design. Piping\u2014cords with a so-called flange for sewing in\u2014is currently especially trendy. Used as elegant, finely sized contrast lines on cushions and upholstered furniture.<\/p>\n<\/div><\/div><\/div>\n\n\n\n<div class=\"wp-block-custom-zwei-spalten-row zwei-spalten wp-block-columns\"><div class=\"spalte wp-block-column bild\"><img decoding=\"async\" src=\"https:\/\/www.gerster.com\/wp-content\/uploads\/2026\/04\/14-121-44_05-scaled.jpg\" alt=\"Gerster HeimTex\" style=\"width:100%;height:auto\"\/><\/div><div class=\"spalte wp-block-column text\"><div class=\"align-center\"><p class=\"oben\">The great variety<\/p><h2>Ribbons, trims <em>&amp; straps<\/em><\/h2>\n<p>From classic-traditional decorative ribbons to modern, functional straps made of high-tech yarns. Whether 2 cm or 10 cm wide. Whether woven or crafted with crochet-galon technique. Ribbons are especially versatile in design and function.<\/p>\n<\/div><\/div><\/div>\n\n\n\n<div class=\"wp-block-custom-zwei-spalten-row zwei-spalten wp-block-columns\"><div class=\"spalte wp-block-column bild\"><img decoding=\"async\" src=\"https:\/\/www.gerster.com\/wp-content\/uploads\/2026\/03\/Tubular-Solutions_46-scaled.jpg\" alt=\"Gerster HeimTex\" style=\"width:100%;height:auto\"\/><\/div><div class=\"spalte wp-block-column text\"><div class=\"align-center\"><p class=\"oben\">Technology meets textiles<\/p><h2>Textile <em>tubing solutions<\/em><\/h2>\n<p>Innovative solutions for functional and design challenges. Whether as textile tubes for technical applications or as creative hollow structures. For cable braiding. On outdoor furniture. Around modern LED light tubes.<\/p>\n<\/div><\/div><\/div>\n\n\n\n<div class=\"wp-block-custom-zwei-spalten-row zwei-spalten wp-block-columns\"><div class=\"spalte wp-block-column bild\"><img decoding=\"async\" src=\"https:\/\/www.gerster.com\/wp-content\/uploads\/2026\/04\/DSC06938_warenschau-werksverkauf-scaled-e1775049387885.jpg\" alt=\"Gerster HeimTex\" style=\"width:100%;height:auto\"\/><\/div><div class=\"spalte wp-block-column text\"><div class=\"align-center\"><p class=\"oben\">Elegance and emotion<\/p><h2>Tassels and <em>tiebacks<\/em><\/h2>\n<p>They were very popular\u2014and now they\u2019re making a comeback: tassels on wardrobe keys or cushion corners, tiebacks on curtains or canopy beds. Their creation is true craftsmanship.<\/p>\n<\/div><\/div><\/div>\n\n\n\n<div class=\"wp-block-custom-zwei-spalten-row zwei-spalten wp-block-columns\"><div class=\"spalte wp-block-column bild\"><img decoding=\"async\" src=\"https:\/\/www.gerster.com\/wp-content\/uploads\/2026\/04\/21-26-55_05-scaled.jpg\" alt=\"Gerster HeimTex\" style=\"width:100%;height:auto\"\/><\/div><div class=\"spalte wp-block-column text\"><div class=\"align-center\"><p class=\"oben\">Custom manufacturing<\/p><h2>Custom Trimmings<\/h2>\n<p>Do you have special ideas, specific requirements, or a unique project? We manufacture trimmings precisely according to your wishes\u2014tailored and with the utmost care. Learn more about our services.<\/p>\n<\/div><\/div><\/div>\n<\/div>","protected":false},"excerpt":{"rendered":"<p>Fr\u00fcher als &#8222;Posamenten&#8220; bekannt, stehen Trimmings f\u00fcr dekorative, detailreiche und emotionale Akzente. Ob an Kissen, Gardinen, Polsterm\u00f6beln oder Kleidungsst\u00fccken \u2013 sie verleihen Textilien eine besondere Note. Heute finden Trimmings auch in vielen anderen Bereichen Anwendung: auf Teppichen, bei Outdoor-M\u00f6beln und Sonnenschirmen, als Designelemente f\u00fcr Leuchten, zur Veredelung von Kabeln, an Matratzen sowie in gro\u00dfen Hotelprojekten. [&hellip;]<\/p>\n","protected":false},"author":1,"featured_media":3480,"parent":7,"menu_order":0,"comment_status":"closed","ping_status":"closed","template":"","meta":{"_acf_changed":false,"footnotes":""},"class_list":["post-23","page","type-page","status-publish","has-post-thumbnail","hentry"],"acf":[],"yoast_head":"<!-- This site is optimized with the Yoast SEO plugin v27.5 - https:\/\/yoast.com\/product\/yoast-seo-wordpress\/ -->\n<title>Trimmings von Gerster \u25ba dekorative Akzente &amp; Veredelung<\/title>\n<meta name=\"description\" content=\"Trimmings f\u00fcr stilvolle textile Akzente \u2713 hochwertige Verarbeitung \u2713 moderne Designs \u2713 vielseitige Einsatzm\u00f6glichkeiten \u25ba Jetzt informieren!\" \/>\n<meta name=\"robots\" content=\"index, follow, max-snippet:-1, max-image-preview:large, max-video-preview:-1\" \/>\n<link rel=\"canonical\" href=\"https:\/\/www.gerster.com\/en\/produkttyp\/trimmings\/\" \/>\n<meta property=\"og:locale\" content=\"en_GB\" \/>\n<meta property=\"og:type\" content=\"article\" \/>\n<meta property=\"og:title\" content=\"Trimmings von Gerster \u25ba dekorative Akzente &amp; Veredelung\" \/>\n<meta property=\"og:description\" content=\"Trimmings f\u00fcr stilvolle textile Akzente \u2713 hochwertige Verarbeitung \u2713 moderne Designs \u2713 vielseitige Einsatzm\u00f6glichkeiten \u25ba Jetzt informieren!\" \/>\n<meta property=\"og:url\" content=\"https:\/\/www.gerster.com\/en\/produkttyp\/trimmings\/\" \/>\n<meta property=\"og:site_name\" content=\"Gerster HeimTex - Ihr Partner f\u00fcr hochwertige Gardinen, B\u00e4nder &amp; Accessoires\" \/>\n<meta property=\"article:publisher\" content=\"https:\/\/www.facebook.com\/GersterCollection\" \/>\n<meta property=\"article:modified_time\" content=\"2026-04-01T13:16:36+00:00\" \/>\n<meta property=\"og:image\" content=\"https:\/\/www.gerster.com\/wp-content\/uploads\/2026\/03\/22-129-44_22-127-44_05-scaled.jpg\" \/>\n\t<meta property=\"og:image:width\" content=\"2560\" \/>\n\t<meta property=\"og:image:height\" content=\"1920\" \/>\n\t<meta property=\"og:image:type\" content=\"image\/jpeg\" \/>\n<meta name=\"twitter:card\" content=\"summary_large_image\" \/>\n<meta name=\"twitter:label1\" content=\"Estimated reading time\" \/>\n\t<meta name=\"twitter:data1\" content=\"2 minutes\" \/>\n<script type=\"application\/ld+json\" class=\"yoast-schema-graph\">{\"@context\":\"https:\\\/\\\/schema.org\",\"@graph\":[{\"@type\":\"WebPage\",\"@id\":\"https:\\\/\\\/www.gerster.com\\\/produkttyp\\\/trimmings\\\/\",\"url\":\"https:\\\/\\\/www.gerster.com\\\/produkttyp\\\/trimmings\\\/\",\"name\":\"Trimmings von Gerster \u25ba dekorative Akzente & Veredelung\",\"isPartOf\":{\"@id\":\"https:\\\/\\\/www.gerster.com\\\/en\\\/#website\"},\"primaryImageOfPage\":{\"@id\":\"https:\\\/\\\/www.gerster.com\\\/produkttyp\\\/trimmings\\\/#primaryimage\"},\"image\":{\"@id\":\"https:\\\/\\\/www.gerster.com\\\/produkttyp\\\/trimmings\\\/#primaryimage\"},\"thumbnailUrl\":\"https:\\\/\\\/www.gerster.com\\\/wp-content\\\/uploads\\\/2026\\\/03\\\/22-129-44_22-127-44_05-scaled.jpg\",\"datePublished\":\"2025-04-25T11:13:50+00:00\",\"dateModified\":\"2026-04-01T13:16:36+00:00\",\"description\":\"Trimmings f\u00fcr stilvolle textile Akzente \u2713 hochwertige Verarbeitung \u2713 moderne Designs \u2713 vielseitige Einsatzm\u00f6glichkeiten \u25ba Jetzt informieren!\",\"breadcrumb\":{\"@id\":\"https:\\\/\\\/www.gerster.com\\\/produkttyp\\\/trimmings\\\/#breadcrumb\"},\"inLanguage\":\"en-GB\",\"potentialAction\":[{\"@type\":\"ReadAction\",\"target\":[\"https:\\\/\\\/www.gerster.com\\\/produkttyp\\\/trimmings\\\/\"]}]},{\"@type\":\"ImageObject\",\"inLanguage\":\"en-GB\",\"@id\":\"https:\\\/\\\/www.gerster.com\\\/produkttyp\\\/trimmings\\\/#primaryimage\",\"url\":\"https:\\\/\\\/www.gerster.com\\\/wp-content\\\/uploads\\\/2026\\\/03\\\/22-129-44_22-127-44_05-scaled.jpg\",\"contentUrl\":\"https:\\\/\\\/www.gerster.com\\\/wp-content\\\/uploads\\\/2026\\\/03\\\/22-129-44_22-127-44_05-scaled.jpg\",\"width\":2560,\"height\":1920},{\"@type\":\"BreadcrumbList\",\"@id\":\"https:\\\/\\\/www.gerster.com\\\/produkttyp\\\/trimmings\\\/#breadcrumb\",\"itemListElement\":[{\"@type\":\"ListItem\",\"position\":1,\"name\":\"Startseite\",\"item\":\"https:\\\/\\\/www.gerster.com\\\/\"},{\"@type\":\"ListItem\",\"position\":2,\"name\":\"Produkte\",\"item\":\"https:\\\/\\\/www.gerster.com\\\/produkttyp\\\/\"},{\"@type\":\"ListItem\",\"position\":3,\"name\":\"Trimmings\"}]},{\"@type\":\"WebSite\",\"@id\":\"https:\\\/\\\/www.gerster.com\\\/en\\\/#website\",\"url\":\"https:\\\/\\\/www.gerster.com\\\/en\\\/\",\"name\":\"Gerster HeimTex - Ihr Partner f\u00fcr hochwertige Gardinen, B\u00e4nder & Accessoires\",\"description\":\"\",\"publisher\":{\"@id\":\"https:\\\/\\\/www.gerster.com\\\/en\\\/#organization\"},\"potentialAction\":[{\"@type\":\"SearchAction\",\"target\":{\"@type\":\"EntryPoint\",\"urlTemplate\":\"https:\\\/\\\/www.gerster.com\\\/en\\\/?s={search_term_string}\"},\"query-input\":{\"@type\":\"PropertyValueSpecification\",\"valueRequired\":true,\"valueName\":\"search_term_string\"}}],\"inLanguage\":\"en-GB\"},{\"@type\":\"Organization\",\"@id\":\"https:\\\/\\\/www.gerster.com\\\/en\\\/#organization\",\"name\":\"Gerster HeimTex - Ihr Partner f\u00fcr hochwertige Gardinen, B\u00e4nder & Accessoires\",\"url\":\"https:\\\/\\\/www.gerster.com\\\/en\\\/\",\"logo\":{\"@type\":\"ImageObject\",\"inLanguage\":\"en-GB\",\"@id\":\"https:\\\/\\\/www.gerster.com\\\/en\\\/#\\\/schema\\\/logo\\\/image\\\/\",\"url\":\"https:\\\/\\\/www.gerster.com\\\/wp-content\\\/uploads\\\/2025\\\/05\\\/gerster-hometex-logo.png\",\"contentUrl\":\"https:\\\/\\\/www.gerster.com\\\/wp-content\\\/uploads\\\/2025\\\/05\\\/gerster-hometex-logo.png\",\"width\":213,\"height\":84,\"caption\":\"Gerster HeimTex - Ihr Partner f\u00fcr hochwertige Gardinen, B\u00e4nder & Accessoires\"},\"image\":{\"@id\":\"https:\\\/\\\/www.gerster.com\\\/en\\\/#\\\/schema\\\/logo\\\/image\\\/\"},\"sameAs\":[\"https:\\\/\\\/www.facebook.com\\\/GersterCollection\",\"https:\\\/\\\/www.instagram.com\\\/gerster_biberach\\\/\",\"https:\\\/\\\/www.youtube.com\\\/user\\\/GersterCollection\\\/videos\"]}]}<\/script>\n<!-- \/ Yoast SEO plugin. -->","yoast_head_json":{"title":"Trimmings von Gerster \u25ba dekorative Akzente & Veredelung","description":"Trimmings f\u00fcr stilvolle textile Akzente \u2713 hochwertige Verarbeitung \u2713 moderne Designs \u2713 vielseitige Einsatzm\u00f6glichkeiten \u25ba Jetzt informieren!","robots":{"index":"index","follow":"follow","max-snippet":"max-snippet:-1","max-image-preview":"max-image-preview:large","max-video-preview":"max-video-preview:-1"},"canonical":"https:\/\/www.gerster.com\/en\/produkttyp\/trimmings\/","og_locale":"en_GB","og_type":"article","og_title":"Trimmings von Gerster \u25ba dekorative Akzente & Veredelung","og_description":"Trimmings f\u00fcr stilvolle textile Akzente \u2713 hochwertige Verarbeitung \u2713 moderne Designs \u2713 vielseitige Einsatzm\u00f6glichkeiten \u25ba Jetzt informieren!","og_url":"https:\/\/www.gerster.com\/en\/produkttyp\/trimmings\/","og_site_name":"Gerster HeimTex - Ihr Partner f\u00fcr hochwertige Gardinen, B\u00e4nder &amp; Accessoires","article_publisher":"https:\/\/www.facebook.com\/GersterCollection","article_modified_time":"2026-04-01T13:16:36+00:00","og_image":[{"width":2560,"height":1920,"url":"https:\/\/www.gerster.com\/wp-content\/uploads\/2026\/03\/22-129-44_22-127-44_05-scaled.jpg","type":"image\/jpeg"}],"twitter_card":"summary_large_image","twitter_misc":{"Estimated reading time":"2 minutes"},"schema":{"@context":"https:\/\/schema.org","@graph":[{"@type":"WebPage","@id":"https:\/\/www.gerster.com\/produkttyp\/trimmings\/","url":"https:\/\/www.gerster.com\/produkttyp\/trimmings\/","name":"Trimmings von Gerster \u25ba dekorative Akzente & Veredelung","isPartOf":{"@id":"https:\/\/www.gerster.com\/en\/#website"},"primaryImageOfPage":{"@id":"https:\/\/www.gerster.com\/produkttyp\/trimmings\/#primaryimage"},"image":{"@id":"https:\/\/www.gerster.com\/produkttyp\/trimmings\/#primaryimage"},"thumbnailUrl":"https:\/\/www.gerster.com\/wp-content\/uploads\/2026\/03\/22-129-44_22-127-44_05-scaled.jpg","datePublished":"2025-04-25T11:13:50+00:00","dateModified":"2026-04-01T13:16:36+00:00","description":"Trimmings f\u00fcr stilvolle textile Akzente \u2713 hochwertige Verarbeitung \u2713 moderne Designs \u2713 vielseitige Einsatzm\u00f6glichkeiten \u25ba Jetzt informieren!","breadcrumb":{"@id":"https:\/\/www.gerster.com\/produkttyp\/trimmings\/#breadcrumb"},"inLanguage":"en-GB","potentialAction":[{"@type":"ReadAction","target":["https:\/\/www.gerster.com\/produkttyp\/trimmings\/"]}]},{"@type":"ImageObject","inLanguage":"en-GB","@id":"https:\/\/www.gerster.com\/produkttyp\/trimmings\/#primaryimage","url":"https:\/\/www.gerster.com\/wp-content\/uploads\/2026\/03\/22-129-44_22-127-44_05-scaled.jpg","contentUrl":"https:\/\/www.gerster.com\/wp-content\/uploads\/2026\/03\/22-129-44_22-127-44_05-scaled.jpg","width":2560,"height":1920},{"@type":"BreadcrumbList","@id":"https:\/\/www.gerster.com\/produkttyp\/trimmings\/#breadcrumb","itemListElement":[{"@type":"ListItem","position":1,"name":"Startseite","item":"https:\/\/www.gerster.com\/"},{"@type":"ListItem","position":2,"name":"Produkte","item":"https:\/\/www.gerster.com\/produkttyp\/"},{"@type":"ListItem","position":3,"name":"Trimmings"}]},{"@type":"WebSite","@id":"https:\/\/www.gerster.com\/en\/#website","url":"https:\/\/www.gerster.com\/en\/","name":"Gerster HeimTex - Ihr Partner f\u00fcr hochwertige Gardinen, B\u00e4nder & Accessoires","description":"","publisher":{"@id":"https:\/\/www.gerster.com\/en\/#organization"},"potentialAction":[{"@type":"SearchAction","target":{"@type":"EntryPoint","urlTemplate":"https:\/\/www.gerster.com\/en\/?s={search_term_string}"},"query-input":{"@type":"PropertyValueSpecification","valueRequired":true,"valueName":"search_term_string"}}],"inLanguage":"en-GB"},{"@type":"Organization","@id":"https:\/\/www.gerster.com\/en\/#organization","name":"Gerster HeimTex - Ihr Partner f\u00fcr hochwertige Gardinen, B\u00e4nder & Accessoires","url":"https:\/\/www.gerster.com\/en\/","logo":{"@type":"ImageObject","inLanguage":"en-GB","@id":"https:\/\/www.gerster.com\/en\/#\/schema\/logo\/image\/","url":"https:\/\/www.gerster.com\/wp-content\/uploads\/2025\/05\/gerster-hometex-logo.png","contentUrl":"https:\/\/www.gerster.com\/wp-content\/uploads\/2025\/05\/gerster-hometex-logo.png","width":213,"height":84,"caption":"Gerster HeimTex - Ihr Partner f\u00fcr hochwertige Gardinen, B\u00e4nder & Accessoires"},"image":{"@id":"https:\/\/www.gerster.com\/en\/#\/schema\/logo\/image\/"},"sameAs":["https:\/\/www.facebook.com\/GersterCollection","https:\/\/www.instagram.com\/gerster_biberach\/","https:\/\/www.youtube.com\/user\/GersterCollection\/videos"]}]}},"_links":{"self":[{"href":"https:\/\/www.gerster.com\/en\/wp-json\/wp\/v2\/pages\/23","targetHints":{"allow":["GET"]}}],"collection":[{"href":"https:\/\/www.gerster.com\/en\/wp-json\/wp\/v2\/pages"}],"about":[{"href":"https:\/\/www.gerster.com\/en\/wp-json\/wp\/v2\/types\/page"}],"author":[{"embeddable":true,"href":"https:\/\/www.gerster.com\/en\/wp-json\/wp\/v2\/users\/1"}],"replies":[{"embeddable":true,"href":"https:\/\/www.gerster.com\/en\/wp-json\/wp\/v2\/comments?post=23"}],"version-history":[{"count":44,"href":"https:\/\/www.gerster.com\/en\/wp-json\/wp\/v2\/pages\/23\/revisions"}],"predecessor-version":[{"id":3541,"href":"https:\/\/www.gerster.com\/en\/wp-json\/wp\/v2\/pages\/23\/revisions\/3541"}],"up":[{"embeddable":true,"href":"https:\/\/www.gerster.com\/en\/wp-json\/wp\/v2\/pages\/7"}],"wp:featuredmedia":[{"embeddable":true,"href":"https:\/\/www.gerster.com\/en\/wp-json\/wp\/v2\/media\/3480"}],"wp:attachment":[{"href":"https:\/\/www.gerster.com\/en\/wp-json\/wp\/v2\/media?parent=23"}],"curies":[{"name":"wp","href":"https:\/\/api.w.org\/{rel}","templated":true}]}}