{"id":25,"date":"2025-04-25T13:14:09","date_gmt":"2025-04-25T11:14:09","guid":{"rendered":"http:\/\/localhost\/gerster-heimtex\/?page_id=25"},"modified":"2026-03-24T16:00:58","modified_gmt":"2026-03-24T15:00:58","slug":"zubehoer-accessories","status":"publish","type":"page","link":"https:\/\/www.gerster.com\/en\/produkttyp\/zubehoer-accessories\/","title":{"rendered":"Accessories &amp; equipment"},"content":{"rendered":"<div class=\"wp-block-custom-ueberschrift-breadcrumbs ueberschrift-breadcrumbs\"><div class=\"wp-block-columns\"><div class=\"wp-block-column\" style=\"flex-basis:50%\"><h1>Our <br><em>Accessories &amp; equipment<\/em><\/h1><\/div><div class=\"wp-block-column\" style=\"flex-basis:50%\"><div><p class=\"breadcrumbs\"><a href=\"https:\/\/www.gerster.com\/en\">Homepage<\/a><\/p><\/div><\/div><\/div><\/div>\n\n\n\n<div class=\"wp-block-columns is-layout-flex wp-container-core-columns-is-layout-9d6595d7 wp-block-columns-is-layout-flex\">\n<div class=\"wp-block-column is-layout-flow wp-block-column-is-layout-flow\" style=\"flex-basis:25%\">\n<div class=\"wp-block-custom-ueberschrift-klein-punkt ueberschrift-klein-punkt\"><p>Everything you need for your <br>curtains<\/p><\/div>\n\n\n\n<div style=\"height:71px\" aria-hidden=\"true\" class=\"wp-block-spacer\"><\/div>\n\n\n\n<figure class=\"wp-block-image size-full\"><img loading=\"lazy\" decoding=\"async\" width=\"1536\" height=\"1024\" src=\"https:\/\/www.gerster.com\/wp-content\/uploads\/2025\/09\/zubehoer-1.png\" alt=\"\" class=\"wp-image-1841\" srcset=\"https:\/\/www.gerster.com\/wp-content\/uploads\/2025\/09\/zubehoer-1.png 1536w, https:\/\/www.gerster.com\/wp-content\/uploads\/2025\/09\/zubehoer-1-300x200.png 300w\" sizes=\"auto, (max-width: 1536px) 100vw, 1536px\" \/><\/figure>\n<\/div>\n\n\n\n<div class=\"wp-block-column is-layout-flow wp-block-column-is-layout-flow\" style=\"flex-basis:10%\"><\/div>\n\n\n\n<div class=\"wp-block-column is-layout-flow wp-block-column-is-layout-flow\">\n<p>Our curtain accessories category offers a wide selection of products. Here you'll find everything you need to decorate your windows. Whether you're looking for caf\u00e9 curtain rods, tiebacks, curtain rings, or other accessories\u2014you\u2019re sure to find the right solution with us. Our products are carefully selected to provide the highest quality and durability.<\/p>\n\n\n\n<ul class=\"wp-block-list\">\n<li>Tiebacks &amp; tassels, magnetic holders and grips<\/li>\n\n\n\n<li>Cords, braids, decorative trims, and carpet edge tapes<\/li>\n\n\n\n<li>Eyelets<\/li>\n\n\n\n<li>Stair ropes<\/li>\n\n\n\n<li>Panel curtain and roller blind technology<\/li>\n\n\n\n<li>Hooks and more<\/li>\n\n\n\n<li>Lead strips and rods<\/li>\n<\/ul>\n\n\n\n<p>Curtain accessories and trimmings are not only functional, but they also significantly enhance the aesthetics of a room. They offer practical solutions for hanging and handling curtains, while allowing you to design your window d\u00e9cor to match your personal style. Whether through the choice of the right curtain rod, the addition of pleating tapes and cords, or the use of decorative tiebacks\u2014your creativity knows no bounds.<\/p>\n\n\n\n<div class=\"wp-block-buttons is-layout-flex wp-block-buttons-is-layout-flex\">\n<div class=\"wp-block-button\"><a class=\"wp-block-button__link wp-element-button\" href=\"https:\/\/shop.gerster.com\/zubehor\/technisches-zubehor.html\">VISIT THE SHOP<\/a><\/div>\n<\/div>\n<\/div>\n<\/div>\n\n\n\n<div style=\"height:37px\" aria-hidden=\"true\" class=\"wp-block-spacer\"><\/div>\n\n\n\n<div style=\"height:30px\" aria-hidden=\"true\" class=\"wp-block-spacer\"><\/div>\n\n\n\n<p><\/p>","protected":false},"excerpt":{"rendered":"<p>Unser Zubeh\u00f6r &amp; Accessoires Unsere Kategorie Gardinenzubeh\u00f6r bietet Ihnen eine vielf\u00e4ltige Auswahl an Produkten. Hier finden Sie alles, was Sie f\u00fcr die Dekoration Ihrer Fenster ben\u00f6tigen. Ob Sie nach Gardinenstangen f\u00fcr Bistrogardinen, Raffhaltern, Vorhangringen oder anderen Accessoires suchen \u2013 bei uns werden Sie garantiert f\u00fcndig. Unsere Produkte sind sorgf\u00e4ltig ausgew\u00e4hlt, um Ihnen h\u00f6chste Qualit\u00e4t und [&hellip;]<\/p>\n","protected":false},"author":1,"featured_media":3484,"parent":7,"menu_order":0,"comment_status":"closed","ping_status":"closed","template":"","meta":{"_acf_changed":false,"footnotes":""},"class_list":["post-25","page","type-page","status-publish","has-post-thumbnail","hentry"],"acf":[],"yoast_head":"<!-- This site is optimized with the Yoast SEO plugin v27.5 - https:\/\/yoast.com\/product\/yoast-seo-wordpress\/ -->\n<title>Gardinen Zubeh\u00f6r \u25ba Raffhalter &amp; Accessoires entdecken<\/title>\n<meta name=\"description\" content=\"Funktionales und dekoratives Zubeh\u00f6r f\u00fcr Gardinen \u2713 Raffhalter \u2713 Accessoires \u25ba Jetzt weitere L\u00f6sungen f\u00fcr moderne Raumgestaltung entdecken!\" \/>\n<meta name=\"robots\" content=\"index, follow, max-snippet:-1, max-image-preview:large, max-video-preview:-1\" \/>\n<link rel=\"canonical\" href=\"https:\/\/www.gerster.com\/en\/produkttyp\/zubehoer-accessories\/\" \/>\n<meta property=\"og:locale\" content=\"en_GB\" \/>\n<meta property=\"og:type\" content=\"article\" \/>\n<meta property=\"og:title\" content=\"Gardinen Zubeh\u00f6r \u25ba Raffhalter &amp; Accessoires entdecken\" \/>\n<meta property=\"og:description\" content=\"Funktionales und dekoratives Zubeh\u00f6r f\u00fcr Gardinen \u2713 Raffhalter \u2713 Accessoires \u25ba Jetzt weitere L\u00f6sungen f\u00fcr moderne Raumgestaltung entdecken!\" \/>\n<meta property=\"og:url\" content=\"https:\/\/www.gerster.com\/en\/produkttyp\/zubehoer-accessories\/\" \/>\n<meta property=\"og:site_name\" content=\"Gerster HeimTex - Ihr Partner f\u00fcr hochwertige Gardinen, B\u00e4nder &amp; Accessoires\" \/>\n<meta property=\"article:publisher\" content=\"https:\/\/www.facebook.com\/GersterCollection\" \/>\n<meta property=\"article:modified_time\" content=\"2026-03-24T15:00:58+00:00\" \/>\n<meta property=\"og:image\" content=\"https:\/\/www.gerster.com\/wp-content\/uploads\/2026\/03\/DSC_2566-scaled.jpg\" \/>\n\t<meta property=\"og:image:width\" content=\"2560\" \/>\n\t<meta property=\"og:image:height\" content=\"1702\" \/>\n\t<meta property=\"og:image:type\" content=\"image\/jpeg\" \/>\n<meta name=\"twitter:card\" content=\"summary_large_image\" \/>\n<meta name=\"twitter:label1\" content=\"Estimated reading time\" \/>\n\t<meta name=\"twitter:data1\" content=\"1 minute\" \/>\n<script type=\"application\/ld+json\" class=\"yoast-schema-graph\">{\"@context\":\"https:\\\/\\\/schema.org\",\"@graph\":[{\"@type\":\"WebPage\",\"@id\":\"https:\\\/\\\/www.gerster.com\\\/produkttyp\\\/zubehoer-accessories\\\/\",\"url\":\"https:\\\/\\\/www.gerster.com\\\/produkttyp\\\/zubehoer-accessories\\\/\",\"name\":\"Gardinen Zubeh\u00f6r \u25ba Raffhalter & Accessoires entdecken\",\"isPartOf\":{\"@id\":\"https:\\\/\\\/www.gerster.com\\\/en\\\/#website\"},\"primaryImageOfPage\":{\"@id\":\"https:\\\/\\\/www.gerster.com\\\/produkttyp\\\/zubehoer-accessories\\\/#primaryimage\"},\"image\":{\"@id\":\"https:\\\/\\\/www.gerster.com\\\/produkttyp\\\/zubehoer-accessories\\\/#primaryimage\"},\"thumbnailUrl\":\"https:\\\/\\\/www.gerster.com\\\/wp-content\\\/uploads\\\/2026\\\/03\\\/DSC_2566-scaled.jpg\",\"datePublished\":\"2025-04-25T11:14:09+00:00\",\"dateModified\":\"2026-03-24T15:00:58+00:00\",\"description\":\"Funktionales und dekoratives Zubeh\u00f6r f\u00fcr Gardinen \u2713 Raffhalter \u2713 Accessoires \u25ba Jetzt weitere L\u00f6sungen f\u00fcr moderne Raumgestaltung entdecken!\",\"breadcrumb\":{\"@id\":\"https:\\\/\\\/www.gerster.com\\\/produkttyp\\\/zubehoer-accessories\\\/#breadcrumb\"},\"inLanguage\":\"en-GB\",\"potentialAction\":[{\"@type\":\"ReadAction\",\"target\":[\"https:\\\/\\\/www.gerster.com\\\/produkttyp\\\/zubehoer-accessories\\\/\"]}]},{\"@type\":\"ImageObject\",\"inLanguage\":\"en-GB\",\"@id\":\"https:\\\/\\\/www.gerster.com\\\/produkttyp\\\/zubehoer-accessories\\\/#primaryimage\",\"url\":\"https:\\\/\\\/www.gerster.com\\\/wp-content\\\/uploads\\\/2026\\\/03\\\/DSC_2566-scaled.jpg\",\"contentUrl\":\"https:\\\/\\\/www.gerster.com\\\/wp-content\\\/uploads\\\/2026\\\/03\\\/DSC_2566-scaled.jpg\",\"width\":2560,\"height\":1702},{\"@type\":\"BreadcrumbList\",\"@id\":\"https:\\\/\\\/www.gerster.com\\\/produkttyp\\\/zubehoer-accessories\\\/#breadcrumb\",\"itemListElement\":[{\"@type\":\"ListItem\",\"position\":1,\"name\":\"Startseite\",\"item\":\"https:\\\/\\\/www.gerster.com\\\/\"},{\"@type\":\"ListItem\",\"position\":2,\"name\":\"Produkte\",\"item\":\"https:\\\/\\\/www.gerster.com\\\/produkttyp\\\/\"},{\"@type\":\"ListItem\",\"position\":3,\"name\":\"Zubeh\u00f6r &#038; Accessoires\"}]},{\"@type\":\"WebSite\",\"@id\":\"https:\\\/\\\/www.gerster.com\\\/en\\\/#website\",\"url\":\"https:\\\/\\\/www.gerster.com\\\/en\\\/\",\"name\":\"Gerster HeimTex - Ihr Partner f\u00fcr hochwertige Gardinen, B\u00e4nder & Accessoires\",\"description\":\"\",\"publisher\":{\"@id\":\"https:\\\/\\\/www.gerster.com\\\/en\\\/#organization\"},\"potentialAction\":[{\"@type\":\"SearchAction\",\"target\":{\"@type\":\"EntryPoint\",\"urlTemplate\":\"https:\\\/\\\/www.gerster.com\\\/en\\\/?s={search_term_string}\"},\"query-input\":{\"@type\":\"PropertyValueSpecification\",\"valueRequired\":true,\"valueName\":\"search_term_string\"}}],\"inLanguage\":\"en-GB\"},{\"@type\":\"Organization\",\"@id\":\"https:\\\/\\\/www.gerster.com\\\/en\\\/#organization\",\"name\":\"Gerster HeimTex - Ihr Partner f\u00fcr hochwertige Gardinen, B\u00e4nder & Accessoires\",\"url\":\"https:\\\/\\\/www.gerster.com\\\/en\\\/\",\"logo\":{\"@type\":\"ImageObject\",\"inLanguage\":\"en-GB\",\"@id\":\"https:\\\/\\\/www.gerster.com\\\/en\\\/#\\\/schema\\\/logo\\\/image\\\/\",\"url\":\"https:\\\/\\\/www.gerster.com\\\/wp-content\\\/uploads\\\/2025\\\/05\\\/gerster-hometex-logo.png\",\"contentUrl\":\"https:\\\/\\\/www.gerster.com\\\/wp-content\\\/uploads\\\/2025\\\/05\\\/gerster-hometex-logo.png\",\"width\":213,\"height\":84,\"caption\":\"Gerster HeimTex - Ihr Partner f\u00fcr hochwertige Gardinen, B\u00e4nder & Accessoires\"},\"image\":{\"@id\":\"https:\\\/\\\/www.gerster.com\\\/en\\\/#\\\/schema\\\/logo\\\/image\\\/\"},\"sameAs\":[\"https:\\\/\\\/www.facebook.com\\\/GersterCollection\",\"https:\\\/\\\/www.instagram.com\\\/gerster_biberach\\\/\",\"https:\\\/\\\/www.youtube.com\\\/user\\\/GersterCollection\\\/videos\"]}]}<\/script>\n<!-- \/ Yoast SEO plugin. -->","yoast_head_json":{"title":"Gardinen Zubeh\u00f6r \u25ba Raffhalter & Accessoires entdecken","description":"Funktionales und dekoratives Zubeh\u00f6r f\u00fcr Gardinen \u2713 Raffhalter \u2713 Accessoires \u25ba Jetzt weitere L\u00f6sungen f\u00fcr moderne Raumgestaltung entdecken!","robots":{"index":"index","follow":"follow","max-snippet":"max-snippet:-1","max-image-preview":"max-image-preview:large","max-video-preview":"max-video-preview:-1"},"canonical":"https:\/\/www.gerster.com\/en\/produkttyp\/zubehoer-accessories\/","og_locale":"en_GB","og_type":"article","og_title":"Gardinen Zubeh\u00f6r \u25ba Raffhalter & Accessoires entdecken","og_description":"Funktionales und dekoratives Zubeh\u00f6r f\u00fcr Gardinen \u2713 Raffhalter \u2713 Accessoires \u25ba Jetzt weitere L\u00f6sungen f\u00fcr moderne Raumgestaltung entdecken!","og_url":"https:\/\/www.gerster.com\/en\/produkttyp\/zubehoer-accessories\/","og_site_name":"Gerster HeimTex - Ihr Partner f\u00fcr hochwertige Gardinen, B\u00e4nder &amp; Accessoires","article_publisher":"https:\/\/www.facebook.com\/GersterCollection","article_modified_time":"2026-03-24T15:00:58+00:00","og_image":[{"width":2560,"height":1702,"url":"https:\/\/www.gerster.com\/wp-content\/uploads\/2026\/03\/DSC_2566-scaled.jpg","type":"image\/jpeg"}],"twitter_card":"summary_large_image","twitter_misc":{"Estimated reading time":"1 minute"},"schema":{"@context":"https:\/\/schema.org","@graph":[{"@type":"WebPage","@id":"https:\/\/www.gerster.com\/produkttyp\/zubehoer-accessories\/","url":"https:\/\/www.gerster.com\/produkttyp\/zubehoer-accessories\/","name":"Gardinen Zubeh\u00f6r \u25ba Raffhalter & Accessoires entdecken","isPartOf":{"@id":"https:\/\/www.gerster.com\/en\/#website"},"primaryImageOfPage":{"@id":"https:\/\/www.gerster.com\/produkttyp\/zubehoer-accessories\/#primaryimage"},"image":{"@id":"https:\/\/www.gerster.com\/produkttyp\/zubehoer-accessories\/#primaryimage"},"thumbnailUrl":"https:\/\/www.gerster.com\/wp-content\/uploads\/2026\/03\/DSC_2566-scaled.jpg","datePublished":"2025-04-25T11:14:09+00:00","dateModified":"2026-03-24T15:00:58+00:00","description":"Funktionales und dekoratives Zubeh\u00f6r f\u00fcr Gardinen \u2713 Raffhalter \u2713 Accessoires \u25ba Jetzt weitere L\u00f6sungen f\u00fcr moderne Raumgestaltung entdecken!","breadcrumb":{"@id":"https:\/\/www.gerster.com\/produkttyp\/zubehoer-accessories\/#breadcrumb"},"inLanguage":"en-GB","potentialAction":[{"@type":"ReadAction","target":["https:\/\/www.gerster.com\/produkttyp\/zubehoer-accessories\/"]}]},{"@type":"ImageObject","inLanguage":"en-GB","@id":"https:\/\/www.gerster.com\/produkttyp\/zubehoer-accessories\/#primaryimage","url":"https:\/\/www.gerster.com\/wp-content\/uploads\/2026\/03\/DSC_2566-scaled.jpg","contentUrl":"https:\/\/www.gerster.com\/wp-content\/uploads\/2026\/03\/DSC_2566-scaled.jpg","width":2560,"height":1702},{"@type":"BreadcrumbList","@id":"https:\/\/www.gerster.com\/produkttyp\/zubehoer-accessories\/#breadcrumb","itemListElement":[{"@type":"ListItem","position":1,"name":"Startseite","item":"https:\/\/www.gerster.com\/"},{"@type":"ListItem","position":2,"name":"Produkte","item":"https:\/\/www.gerster.com\/produkttyp\/"},{"@type":"ListItem","position":3,"name":"Zubeh\u00f6r &#038; Accessoires"}]},{"@type":"WebSite","@id":"https:\/\/www.gerster.com\/en\/#website","url":"https:\/\/www.gerster.com\/en\/","name":"Gerster HeimTex - Ihr Partner f\u00fcr hochwertige Gardinen, B\u00e4nder & Accessoires","description":"","publisher":{"@id":"https:\/\/www.gerster.com\/en\/#organization"},"potentialAction":[{"@type":"SearchAction","target":{"@type":"EntryPoint","urlTemplate":"https:\/\/www.gerster.com\/en\/?s={search_term_string}"},"query-input":{"@type":"PropertyValueSpecification","valueRequired":true,"valueName":"search_term_string"}}],"inLanguage":"en-GB"},{"@type":"Organization","@id":"https:\/\/www.gerster.com\/en\/#organization","name":"Gerster HeimTex - Ihr Partner f\u00fcr hochwertige Gardinen, B\u00e4nder & Accessoires","url":"https:\/\/www.gerster.com\/en\/","logo":{"@type":"ImageObject","inLanguage":"en-GB","@id":"https:\/\/www.gerster.com\/en\/#\/schema\/logo\/image\/","url":"https:\/\/www.gerster.com\/wp-content\/uploads\/2025\/05\/gerster-hometex-logo.png","contentUrl":"https:\/\/www.gerster.com\/wp-content\/uploads\/2025\/05\/gerster-hometex-logo.png","width":213,"height":84,"caption":"Gerster HeimTex - Ihr Partner f\u00fcr hochwertige Gardinen, B\u00e4nder & Accessoires"},"image":{"@id":"https:\/\/www.gerster.com\/en\/#\/schema\/logo\/image\/"},"sameAs":["https:\/\/www.facebook.com\/GersterCollection","https:\/\/www.instagram.com\/gerster_biberach\/","https:\/\/www.youtube.com\/user\/GersterCollection\/videos"]}]}},"_links":{"self":[{"href":"https:\/\/www.gerster.com\/en\/wp-json\/wp\/v2\/pages\/25","targetHints":{"allow":["GET"]}}],"collection":[{"href":"https:\/\/www.gerster.com\/en\/wp-json\/wp\/v2\/pages"}],"about":[{"href":"https:\/\/www.gerster.com\/en\/wp-json\/wp\/v2\/types\/page"}],"author":[{"embeddable":true,"href":"https:\/\/www.gerster.com\/en\/wp-json\/wp\/v2\/users\/1"}],"replies":[{"embeddable":true,"href":"https:\/\/www.gerster.com\/en\/wp-json\/wp\/v2\/comments?post=25"}],"version-history":[{"count":91,"href":"https:\/\/www.gerster.com\/en\/wp-json\/wp\/v2\/pages\/25\/revisions"}],"predecessor-version":[{"id":2445,"href":"https:\/\/www.gerster.com\/en\/wp-json\/wp\/v2\/pages\/25\/revisions\/2445"}],"up":[{"embeddable":true,"href":"https:\/\/www.gerster.com\/en\/wp-json\/wp\/v2\/pages\/7"}],"wp:featuredmedia":[{"embeddable":true,"href":"https:\/\/www.gerster.com\/en\/wp-json\/wp\/v2\/media\/3484"}],"wp:attachment":[{"href":"https:\/\/www.gerster.com\/en\/wp-json\/wp\/v2\/media?parent=25"}],"curies":[{"name":"wp","href":"https:\/\/api.w.org\/{rel}","templated":true}]}}