{"id":33,"date":"2025-04-25T13:15:07","date_gmt":"2025-04-25T11:15:07","guid":{"rendered":"http:\/\/localhost\/gerster-heimtex\/?page_id=33"},"modified":"2025-11-27T09:55:07","modified_gmt":"2025-11-27T08:55:07","slug":"caravan","status":"publish","type":"page","link":"https:\/\/www.gerster.com\/en\/leistungen\/caravan\/","title":{"rendered":"Caravan"},"content":{"rendered":"<div class=\"wp-block-custom-ueberschrift-breadcrumbs ueberschrift-breadcrumbs\"><div class=\"wp-block-columns\"><div class=\"wp-block-column\" style=\"flex-basis:50%\"><h1><em>Solutions for caravan <br><\/em>and motorhome industry<\/h1><\/div><div class=\"wp-block-column\" style=\"flex-basis:50%\"><div><p class=\"breadcrumbs\"><a href=\"https:\/\/www.gerster.com\/en\">Homepage<\/a><\/p><\/div><\/div><\/div><\/div>\n\n\n\n<p><\/p>\n\n\n\n<div class=\"wp-block-columns is-layout-flex wp-container-core-columns-is-layout-9d6595d7 wp-block-columns-is-layout-flex\">\n<div class=\"wp-block-column is-layout-flow wp-block-column-is-layout-flow\">\n<div class=\"wp-block-custom-ueberschrift-klein-punkt ueberschrift-klein-punkt\"><p>From idea to production<\/p><\/div>\n<\/div>\n\n\n\n<div class=\"wp-block-column is-layout-flow wp-block-column-is-layout-flow\">\n<p>We deliver not only high-quality products such as <strong>curtain fabrics, curtain tapes, and accessories<\/strong>, but also offer our customers a comprehensive range of services that go far beyond mere product supply:<\/p>\n<\/div>\n<\/div>\n\n\n\n<div class=\"wp-block-custom-zwei-spalten-volle-breit zwei-spalten-volle-breit\">\n<div class=\"wp-block-custom-zwei-spalten-row zwei-spalten wp-block-columns\"><div class=\"spalte wp-block-column bild\"><img decoding=\"async\" src=\"https:\/\/www.gerster.com\/wp-content\/uploads\/2025\/08\/2_3_Leistungen_Caravan_groesser.png\" alt=\"Gerster HeimTex\" style=\"width:100%;height:auto\"\/><\/div><div class=\"spalte wp-block-column text\"><div class=\"align-center\"><h2><em>Our Services<\/em><br>for the caravan industry<\/h2>\n<p><strong>Flexible manufacturing and delivery models<\/strong> \u2013 individually adaptable to your processes<\/p>\n\n\n\n<p><strong>Processing and tailoring<\/strong> \u2013 including third-party fabrics<\/p>\n\n\n\n<p><strong>Production in small to large quantities<\/strong> for different model ranges<\/p>\n\n\n\n<p><strong>Customized series solutions<\/strong>tailored to design, function, and spatial concepts<\/p>\n<\/div><\/div><\/div>\n\n\n\n<div class=\"wp-block-custom-zwei-spalten-row zwei-spalten wp-block-columns\"><div class=\"spalte wp-block-column bild\"><img decoding=\"async\" src=\"https:\/\/www.gerster.com\/wp-content\/uploads\/2025\/07\/compliance-bg-image-scaled.jpg\" alt=\"Gerster HeimTex\" style=\"width:100%;height:auto\"\/><\/div><div class=\"spalte wp-block-column text\"><div class=\"align-center\"><p class=\"oben\">Reliable. High quality. On time.<\/p><h2><em>Logistics &amp; Quality<\/em><br>for your series production<\/h2>\n<p>Thanks to our efficient logistics, we can deliver textile components <strong>just-in-time<\/strong> or, upon request, <strong>just-in-sequence<\/strong> directly to your assembly lines. This supports efficient workflows and minimizes storage requirements on the customer\u2019s side.<\/p>\n\n\n\n<p>Our internal <strong>quality assurance <\/strong>guarantees consistently high-quality, precisely fitting and reliable parts for your series production.<\/p>\n<\/div><\/div><\/div>\n\n\n\n<div class=\"wp-block-custom-zwei-spalten-row zwei-spalten wp-block-columns\"><div class=\"spalte wp-block-column bild\"><img decoding=\"async\" src=\"https:\/\/www.gerster.com\/wp-content\/uploads\/2025\/08\/1_Produkte_Feel-of-Nature_1-scaled.jpg\" alt=\"Gerster HeimTex\" style=\"width:100%;height:auto\"\/><\/div><div class=\"spalte wp-block-column text\"><div class=\"align-center\"><h2><em>Contact <\/em>us<\/h2>\n<p>Whether <strong>a single <\/strong>oder <strong>a large order <\/strong>\u2014we support you from product development to the finished textile solution.<\/p>\n\n\n\n<p>Get in touch with us\u2014we will develop the textile solution for your vehicle concept together with you.<\/p>\n<\/div><\/div><\/div>\n<\/div>","protected":false},"excerpt":{"rendered":"<p>Wir liefern nicht nur hochwertige Produkte wie Gardinenstoffe, Gardinenb\u00e4nder und Zubeh\u00f6r, sondern bieten unseren Kunden ein umfassendes Leistungsspektrum, das weit \u00fcber die reine Produktbelieferung hinausgeht.<\/p>","protected":false},"author":1,"featured_media":0,"parent":27,"menu_order":0,"comment_status":"closed","ping_status":"closed","template":"","meta":{"_acf_changed":false,"footnotes":""},"class_list":["post-33","page","type-page","status-publish","hentry"],"acf":[],"yoast_head":"<!-- This site is optimized with the Yoast SEO plugin v27.5 - https:\/\/yoast.com\/product\/yoast-seo-wordpress\/ -->\n<title>Caravan-Textilien \u25ba flexible L\u00f6sungen f\u00fcr Reisemobile<\/title>\n<meta name=\"description\" content=\"Textile Systeme f\u00fcr Caravan und Reisemobil \u2713 Sichtschutz \u2713 Dekoration \u2713 Funktionstextilien. Individuell anpassbar \u25ba Jetzt informieren!\" \/>\n<meta name=\"robots\" content=\"index, follow, max-snippet:-1, max-image-preview:large, max-video-preview:-1\" \/>\n<link rel=\"canonical\" href=\"https:\/\/www.gerster.com\/en\/leistungen\/caravan\/\" \/>\n<meta property=\"og:locale\" content=\"en_GB\" \/>\n<meta property=\"og:type\" content=\"article\" \/>\n<meta property=\"og:title\" content=\"Caravan-Textilien \u25ba flexible L\u00f6sungen f\u00fcr Reisemobile\" \/>\n<meta property=\"og:description\" content=\"Textile Systeme f\u00fcr Caravan und Reisemobil \u2713 Sichtschutz \u2713 Dekoration \u2713 Funktionstextilien. Individuell anpassbar \u25ba Jetzt informieren!\" \/>\n<meta property=\"og:url\" content=\"https:\/\/www.gerster.com\/en\/leistungen\/caravan\/\" \/>\n<meta property=\"og:site_name\" content=\"Gerster HeimTex - Ihr Partner f\u00fcr hochwertige Gardinen, B\u00e4nder &amp; Accessoires\" \/>\n<meta property=\"article:publisher\" content=\"https:\/\/www.facebook.com\/GersterCollection\" \/>\n<meta property=\"article:modified_time\" content=\"2025-11-27T08:55:07+00:00\" \/>\n<meta property=\"og:image\" content=\"https:\/\/www.gerster.com\/wp-content\/uploads\/2025\/08\/2_3_Leistungen_Caravan_groesser.png\" \/>\n<meta name=\"twitter:card\" content=\"summary_large_image\" \/>\n<meta name=\"twitter:label1\" content=\"Estimated reading time\" \/>\n\t<meta name=\"twitter:data1\" content=\"1 minute\" \/>\n<script type=\"application\/ld+json\" class=\"yoast-schema-graph\">{\"@context\":\"https:\\\/\\\/schema.org\",\"@graph\":[{\"@type\":\"WebPage\",\"@id\":\"https:\\\/\\\/www.gerster.com\\\/leistungen\\\/caravan\\\/\",\"url\":\"https:\\\/\\\/www.gerster.com\\\/leistungen\\\/caravan\\\/\",\"name\":\"Caravan-Textilien \u25ba flexible L\u00f6sungen f\u00fcr Reisemobile\",\"isPartOf\":{\"@id\":\"https:\\\/\\\/www.gerster.com\\\/en\\\/#website\"},\"primaryImageOfPage\":{\"@id\":\"https:\\\/\\\/www.gerster.com\\\/leistungen\\\/caravan\\\/#primaryimage\"},\"image\":{\"@id\":\"https:\\\/\\\/www.gerster.com\\\/leistungen\\\/caravan\\\/#primaryimage\"},\"thumbnailUrl\":\"https:\\\/\\\/www.gerster.com\\\/wp-content\\\/uploads\\\/2025\\\/08\\\/2_3_Leistungen_Caravan_groesser.png\",\"datePublished\":\"2025-04-25T11:15:07+00:00\",\"dateModified\":\"2025-11-27T08:55:07+00:00\",\"description\":\"Textile Systeme f\u00fcr Caravan und Reisemobil \u2713 Sichtschutz \u2713 Dekoration \u2713 Funktionstextilien. Individuell anpassbar \u25ba Jetzt informieren!\",\"breadcrumb\":{\"@id\":\"https:\\\/\\\/www.gerster.com\\\/leistungen\\\/caravan\\\/#breadcrumb\"},\"inLanguage\":\"en-GB\",\"potentialAction\":[{\"@type\":\"ReadAction\",\"target\":[\"https:\\\/\\\/www.gerster.com\\\/leistungen\\\/caravan\\\/\"]}]},{\"@type\":\"ImageObject\",\"inLanguage\":\"en-GB\",\"@id\":\"https:\\\/\\\/www.gerster.com\\\/leistungen\\\/caravan\\\/#primaryimage\",\"url\":\"https:\\\/\\\/www.gerster.com\\\/wp-content\\\/uploads\\\/2025\\\/08\\\/2_3_Leistungen_Caravan_groesser.png\",\"contentUrl\":\"https:\\\/\\\/www.gerster.com\\\/wp-content\\\/uploads\\\/2025\\\/08\\\/2_3_Leistungen_Caravan_groesser.png\"},{\"@type\":\"BreadcrumbList\",\"@id\":\"https:\\\/\\\/www.gerster.com\\\/leistungen\\\/caravan\\\/#breadcrumb\",\"itemListElement\":[{\"@type\":\"ListItem\",\"position\":1,\"name\":\"Startseite\",\"item\":\"https:\\\/\\\/www.gerster.com\\\/\"},{\"@type\":\"ListItem\",\"position\":2,\"name\":\"Leistungen\",\"item\":\"https:\\\/\\\/www.gerster.com\\\/leistungen\\\/\"},{\"@type\":\"ListItem\",\"position\":3,\"name\":\"Caravan\"}]},{\"@type\":\"WebSite\",\"@id\":\"https:\\\/\\\/www.gerster.com\\\/en\\\/#website\",\"url\":\"https:\\\/\\\/www.gerster.com\\\/en\\\/\",\"name\":\"Gerster HeimTex - Ihr Partner f\u00fcr hochwertige Gardinen, B\u00e4nder & Accessoires\",\"description\":\"\",\"publisher\":{\"@id\":\"https:\\\/\\\/www.gerster.com\\\/en\\\/#organization\"},\"potentialAction\":[{\"@type\":\"SearchAction\",\"target\":{\"@type\":\"EntryPoint\",\"urlTemplate\":\"https:\\\/\\\/www.gerster.com\\\/en\\\/?s={search_term_string}\"},\"query-input\":{\"@type\":\"PropertyValueSpecification\",\"valueRequired\":true,\"valueName\":\"search_term_string\"}}],\"inLanguage\":\"en-GB\"},{\"@type\":\"Organization\",\"@id\":\"https:\\\/\\\/www.gerster.com\\\/en\\\/#organization\",\"name\":\"Gerster HeimTex - Ihr Partner f\u00fcr hochwertige Gardinen, B\u00e4nder & Accessoires\",\"url\":\"https:\\\/\\\/www.gerster.com\\\/en\\\/\",\"logo\":{\"@type\":\"ImageObject\",\"inLanguage\":\"en-GB\",\"@id\":\"https:\\\/\\\/www.gerster.com\\\/en\\\/#\\\/schema\\\/logo\\\/image\\\/\",\"url\":\"https:\\\/\\\/www.gerster.com\\\/wp-content\\\/uploads\\\/2025\\\/05\\\/gerster-hometex-logo.png\",\"contentUrl\":\"https:\\\/\\\/www.gerster.com\\\/wp-content\\\/uploads\\\/2025\\\/05\\\/gerster-hometex-logo.png\",\"width\":213,\"height\":84,\"caption\":\"Gerster HeimTex - Ihr Partner f\u00fcr hochwertige Gardinen, B\u00e4nder & Accessoires\"},\"image\":{\"@id\":\"https:\\\/\\\/www.gerster.com\\\/en\\\/#\\\/schema\\\/logo\\\/image\\\/\"},\"sameAs\":[\"https:\\\/\\\/www.facebook.com\\\/GersterCollection\",\"https:\\\/\\\/www.instagram.com\\\/gerster_biberach\\\/\",\"https:\\\/\\\/www.youtube.com\\\/user\\\/GersterCollection\\\/videos\"]}]}<\/script>\n<!-- \/ Yoast SEO plugin. -->","yoast_head_json":{"title":"Caravan-Textilien \u25ba flexible L\u00f6sungen f\u00fcr Reisemobile","description":"Textile Systeme f\u00fcr Caravan und Reisemobil \u2713 Sichtschutz \u2713 Dekoration \u2713 Funktionstextilien. Individuell anpassbar \u25ba Jetzt informieren!","robots":{"index":"index","follow":"follow","max-snippet":"max-snippet:-1","max-image-preview":"max-image-preview:large","max-video-preview":"max-video-preview:-1"},"canonical":"https:\/\/www.gerster.com\/en\/leistungen\/caravan\/","og_locale":"en_GB","og_type":"article","og_title":"Caravan-Textilien \u25ba flexible L\u00f6sungen f\u00fcr Reisemobile","og_description":"Textile Systeme f\u00fcr Caravan und Reisemobil \u2713 Sichtschutz \u2713 Dekoration \u2713 Funktionstextilien. Individuell anpassbar \u25ba Jetzt informieren!","og_url":"https:\/\/www.gerster.com\/en\/leistungen\/caravan\/","og_site_name":"Gerster HeimTex - Ihr Partner f\u00fcr hochwertige Gardinen, B\u00e4nder &amp; Accessoires","article_publisher":"https:\/\/www.facebook.com\/GersterCollection","article_modified_time":"2025-11-27T08:55:07+00:00","og_image":[{"url":"https:\/\/www.gerster.com\/wp-content\/uploads\/2025\/08\/2_3_Leistungen_Caravan_groesser.png","type":"","width":"","height":""}],"twitter_card":"summary_large_image","twitter_misc":{"Estimated reading time":"1 minute"},"schema":{"@context":"https:\/\/schema.org","@graph":[{"@type":"WebPage","@id":"https:\/\/www.gerster.com\/leistungen\/caravan\/","url":"https:\/\/www.gerster.com\/leistungen\/caravan\/","name":"Caravan-Textilien \u25ba flexible L\u00f6sungen f\u00fcr Reisemobile","isPartOf":{"@id":"https:\/\/www.gerster.com\/en\/#website"},"primaryImageOfPage":{"@id":"https:\/\/www.gerster.com\/leistungen\/caravan\/#primaryimage"},"image":{"@id":"https:\/\/www.gerster.com\/leistungen\/caravan\/#primaryimage"},"thumbnailUrl":"https:\/\/www.gerster.com\/wp-content\/uploads\/2025\/08\/2_3_Leistungen_Caravan_groesser.png","datePublished":"2025-04-25T11:15:07+00:00","dateModified":"2025-11-27T08:55:07+00:00","description":"Textile Systeme f\u00fcr Caravan und Reisemobil \u2713 Sichtschutz \u2713 Dekoration \u2713 Funktionstextilien. Individuell anpassbar \u25ba Jetzt informieren!","breadcrumb":{"@id":"https:\/\/www.gerster.com\/leistungen\/caravan\/#breadcrumb"},"inLanguage":"en-GB","potentialAction":[{"@type":"ReadAction","target":["https:\/\/www.gerster.com\/leistungen\/caravan\/"]}]},{"@type":"ImageObject","inLanguage":"en-GB","@id":"https:\/\/www.gerster.com\/leistungen\/caravan\/#primaryimage","url":"https:\/\/www.gerster.com\/wp-content\/uploads\/2025\/08\/2_3_Leistungen_Caravan_groesser.png","contentUrl":"https:\/\/www.gerster.com\/wp-content\/uploads\/2025\/08\/2_3_Leistungen_Caravan_groesser.png"},{"@type":"BreadcrumbList","@id":"https:\/\/www.gerster.com\/leistungen\/caravan\/#breadcrumb","itemListElement":[{"@type":"ListItem","position":1,"name":"Startseite","item":"https:\/\/www.gerster.com\/"},{"@type":"ListItem","position":2,"name":"Leistungen","item":"https:\/\/www.gerster.com\/leistungen\/"},{"@type":"ListItem","position":3,"name":"Caravan"}]},{"@type":"WebSite","@id":"https:\/\/www.gerster.com\/en\/#website","url":"https:\/\/www.gerster.com\/en\/","name":"Gerster HeimTex - Ihr Partner f\u00fcr hochwertige Gardinen, B\u00e4nder & Accessoires","description":"","publisher":{"@id":"https:\/\/www.gerster.com\/en\/#organization"},"potentialAction":[{"@type":"SearchAction","target":{"@type":"EntryPoint","urlTemplate":"https:\/\/www.gerster.com\/en\/?s={search_term_string}"},"query-input":{"@type":"PropertyValueSpecification","valueRequired":true,"valueName":"search_term_string"}}],"inLanguage":"en-GB"},{"@type":"Organization","@id":"https:\/\/www.gerster.com\/en\/#organization","name":"Gerster HeimTex - Ihr Partner f\u00fcr hochwertige Gardinen, B\u00e4nder & Accessoires","url":"https:\/\/www.gerster.com\/en\/","logo":{"@type":"ImageObject","inLanguage":"en-GB","@id":"https:\/\/www.gerster.com\/en\/#\/schema\/logo\/image\/","url":"https:\/\/www.gerster.com\/wp-content\/uploads\/2025\/05\/gerster-hometex-logo.png","contentUrl":"https:\/\/www.gerster.com\/wp-content\/uploads\/2025\/05\/gerster-hometex-logo.png","width":213,"height":84,"caption":"Gerster HeimTex - Ihr Partner f\u00fcr hochwertige Gardinen, B\u00e4nder & Accessoires"},"image":{"@id":"https:\/\/www.gerster.com\/en\/#\/schema\/logo\/image\/"},"sameAs":["https:\/\/www.facebook.com\/GersterCollection","https:\/\/www.instagram.com\/gerster_biberach\/","https:\/\/www.youtube.com\/user\/GersterCollection\/videos"]}]}},"_links":{"self":[{"href":"https:\/\/www.gerster.com\/en\/wp-json\/wp\/v2\/pages\/33","targetHints":{"allow":["GET"]}}],"collection":[{"href":"https:\/\/www.gerster.com\/en\/wp-json\/wp\/v2\/pages"}],"about":[{"href":"https:\/\/www.gerster.com\/en\/wp-json\/wp\/v2\/types\/page"}],"author":[{"embeddable":true,"href":"https:\/\/www.gerster.com\/en\/wp-json\/wp\/v2\/users\/1"}],"replies":[{"embeddable":true,"href":"https:\/\/www.gerster.com\/en\/wp-json\/wp\/v2\/comments?post=33"}],"version-history":[{"count":39,"href":"https:\/\/www.gerster.com\/en\/wp-json\/wp\/v2\/pages\/33\/revisions"}],"predecessor-version":[{"id":2200,"href":"https:\/\/www.gerster.com\/en\/wp-json\/wp\/v2\/pages\/33\/revisions\/2200"}],"up":[{"embeddable":true,"href":"https:\/\/www.gerster.com\/en\/wp-json\/wp\/v2\/pages\/27"}],"wp:attachment":[{"href":"https:\/\/www.gerster.com\/en\/wp-json\/wp\/v2\/media?parent=33"}],"curies":[{"name":"wp","href":"https:\/\/api.w.org\/{rel}","templated":true}]}}