{"id":43,"date":"2025-04-25T13:16:37","date_gmt":"2025-04-25T11:16:37","guid":{"rendered":"http:\/\/localhost\/gerster-heimtex\/?page_id=43"},"modified":"2026-02-12T14:24:50","modified_gmt":"2026-02-12T13:24:50","slug":"ueber-uns","status":"publish","type":"page","link":"https:\/\/www.gerster.com\/en\/unternehmen\/ueber-uns\/","title":{"rendered":"About us"},"content":{"rendered":"<p class=\"has-text-align-center m-b-0\"><mark style=\"background-color:rgba(0, 0, 0, 0)\" class=\"has-inline-color has-heimtex-braun-color\">for over 140 years<\/mark><\/p>\n\n\n\n<h1 class=\"wp-block-heading has-text-align-center\"><em>The great big <\/em><br>story.<br><\/h1>\n\n\n<div class=\"hintergrundbild-block\" style=\"  width: 100vw;  margin-left: calc(-50vw + 50%);  margin-top: 40px;  margin-bottom: 0px;   position: relative; \">\r\n          <img decoding=\"async\" src=\"https:\/\/www.gerster.com\/wp-content\/uploads\/2025\/07\/gerster-ueber-uns-2.jpg\" alt=\"Hintergrundbild\"\r\n           style=\"width: 100%; height: 100%; object-fit: cover; position: absolute; top: 0; left: 0; min-height: 400px; z-index: -1;   object-position: center center\" loading=\"lazy\"\/>\r\n    <\/div>\r\n\r\n \r\n\r\n\r\n\r\n\r\n\n\n\n<div style=\"height:75px\" aria-hidden=\"true\" class=\"wp-block-spacer\"><\/div>\n\n\n\n<div class=\"wp-block-columns is-layout-flex wp-container-core-columns-is-layout-9d6595d7 wp-block-columns-is-layout-flex\">\n<div class=\"wp-block-column is-layout-flow wp-block-column-is-layout-flow\" style=\"flex-basis:40%\">\n<div class=\"wp-block-custom-ueberschrift-klein-punkt ueberschrift-klein-punkt\"><p>History<\/p><\/div>\n\n\n\n<h2 class=\"wp-block-heading\"><em>The birth<\/em><br>of visions<\/h2>\n<\/div>\n\n\n\n<div class=\"wp-block-column is-layout-flow wp-block-column-is-layout-flow\" style=\"flex-basis:60%\">\n<p>Gustav Gerster GmbH &amp; Co. KG, headquartered in Biberach an der Ri\u00df (Baden-W\u00fcrttemberg), is a <strong>Family-run traditional company in its fifth generation<\/strong> \u2013 Successful on the market for over 140 years. As a versatile textile company, we combine several business areas under one roof.<\/p>\n\n\n\n<p>At the heart is our Home Textiles division, specializing in the development, production, and trade of home textiles, curtain tapes, and textile window accessories. Our portfolio is complemented by the Gerster TechTex division, where we develop and manufacture technical textiles for industrial applications, as well as Gerster Trimmings, focusing on the individual design and production of passementerie and decorative textile trims.<\/p>\n\n\n\n<p>With a state-of-the-art machinery park at our Biberach location and our subsidiary in \u0141\u00f3d\u017a (Poland), we consistently prioritize quality, reliability, flexibility, and short delivery times.<\/p>\n\n\n\n<p><\/p>\n<\/div>\n<\/div>\n\n\n\n<div style=\"height:75px\" aria-hidden=\"true\" class=\"wp-block-spacer\"><\/div>\n\n\n\n<div class=\"wp-block-columns bigger-gap image-row is-layout-flex wp-container-core-columns-is-layout-9d6595d7 wp-block-columns-is-layout-flex\">\n<div class=\"wp-block-column padding-right-150 is-layout-flow wp-block-column-is-layout-flow\" style=\"flex-basis:60%\">\n<figure class=\"wp-block-image size-full\"><img loading=\"lazy\" decoding=\"async\" width=\"1920\" height=\"1280\" src=\"https:\/\/www.gerster.com\/wp-content\/uploads\/2025\/07\/gerster-ueber-uns-1.jpg\" alt=\"\" class=\"wp-image-888\" style=\"object-fit:cover\" srcset=\"https:\/\/www.gerster.com\/wp-content\/uploads\/2025\/07\/gerster-ueber-uns-1.jpg 1920w, https:\/\/www.gerster.com\/wp-content\/uploads\/2025\/07\/gerster-ueber-uns-1-300x200.jpg 300w, https:\/\/www.gerster.com\/wp-content\/uploads\/2025\/07\/gerster-ueber-uns-1-1024x683.jpg 1024w, https:\/\/www.gerster.com\/wp-content\/uploads\/2025\/07\/gerster-ueber-uns-1-768x512.jpg 768w, https:\/\/www.gerster.com\/wp-content\/uploads\/2025\/07\/gerster-ueber-uns-1-1536x1024.jpg 1536w, https:\/\/www.gerster.com\/wp-content\/uploads\/2025\/07\/gerster-ueber-uns-1-18x12.jpg 18w\" sizes=\"auto, (max-width: 1920px) 100vw, 1920px\" \/><figcaption class=\"wp-element-caption\">Our management in the 4th &amp; 5th generation<br>Jens und Philipp Gerster<\/figcaption><\/figure>\n<\/div>\n\n\n\n<div class=\"wp-block-column is-layout-flow wp-block-column-is-layout-flow\">\n<figure class=\"wp-block-image size-large is-resized\"><img loading=\"lazy\" decoding=\"async\" width=\"744\" height=\"1024\" src=\"https:\/\/www.gerster.com\/wp-content\/uploads\/2025\/07\/gerster-ueber-uns-3-744x1024.jpg\" alt=\"\" class=\"wp-image-891\" style=\"object-fit:cover;width:263px;height:auto\" srcset=\"https:\/\/www.gerster.com\/wp-content\/uploads\/2025\/07\/gerster-ueber-uns-3-744x1024.jpg 744w, https:\/\/www.gerster.com\/wp-content\/uploads\/2025\/07\/gerster-ueber-uns-3-218x300.jpg 218w, https:\/\/www.gerster.com\/wp-content\/uploads\/2025\/07\/gerster-ueber-uns-3-768x1058.jpg 768w, https:\/\/www.gerster.com\/wp-content\/uploads\/2025\/07\/gerster-ueber-uns-3-9x12.jpg 9w, https:\/\/www.gerster.com\/wp-content\/uploads\/2025\/07\/gerster-ueber-uns-3.jpg 1000w\" sizes=\"auto, (max-width: 744px) 100vw, 744px\" \/><figcaption class=\"wp-element-caption\">At the Biberach location <strong>2025<\/strong><\/figcaption><\/figure>\n<\/div>\n<\/div>\n\n\n\n<div class=\"wp-block-custom-ueberschrift-klein-punkt ueberschrift-klein-punkt\"><p>Fair, transparent &amp; on equal terms<\/p><\/div>\n\n\n\n<p>As a trusted partner and reliable supplier, we maintain long-term relationships with our customers from craftsmanship, specialized retail, general and online trade, as well as industry. Our corporate philosophy is based on <strong>cooperative partnership. <\/strong>We treat our customers as equals, listen actively, and understand their needs. We make decisions together\u2014fairly and transparently. Because only when both sides benefit can a lasting relationship be built.<\/p>\n\n\n\n<div style=\"height:80px\" aria-hidden=\"true\" class=\"wp-block-spacer\"><\/div>\n\n\n\n<div class=\"wp-block-columns is-layout-flex wp-container-core-columns-is-layout-9d6595d7 wp-block-columns-is-layout-flex\">\n<div class=\"wp-block-column is-layout-flow wp-block-column-is-layout-flow\" style=\"flex-basis:40%\">\n<div class=\"wp-block-custom-ueberschrift-klein-punkt ueberschrift-klein-punkt\"><p>Employees<\/p><\/div>\n\n\n\n<h2 class=\"wp-block-heading\">The team <br><em>behind HeimTex<\/em><\/h2>\n<\/div>\n\n\n\n<div class=\"wp-block-column employee-grid-2 is-layout-flow wp-block-column-is-layout-flow\" style=\"flex-basis:60%\">\n<figure class=\"wp-block-image size-full\"><img loading=\"lazy\" decoding=\"async\" width=\"400\" height=\"600\" src=\"https:\/\/www.gerster.com\/wp-content\/uploads\/2025\/08\/mitarbeiter-7.jpg\" alt=\"\" class=\"wp-image-1040\" srcset=\"https:\/\/www.gerster.com\/wp-content\/uploads\/2025\/08\/mitarbeiter-7.jpg 400w, https:\/\/www.gerster.com\/wp-content\/uploads\/2025\/08\/mitarbeiter-7-200x300.jpg 200w, https:\/\/www.gerster.com\/wp-content\/uploads\/2025\/08\/mitarbeiter-7-8x12.jpg 8w\" sizes=\"auto, (max-width: 400px) 100vw, 400px\" \/><figcaption class=\"wp-element-caption\">J\u00f6rg Wieland <strong>Head of Internal Sales<\/strong> <strong>07351 \/ 586 &#8211;&nbsp; 135<\/strong><\/figcaption><\/figure>\n\n\n\n<figure class=\"wp-block-image size-full\"><img loading=\"lazy\" decoding=\"async\" width=\"400\" height=\"600\" src=\"https:\/\/www.gerster.com\/wp-content\/uploads\/2025\/08\/mitarbeiter-8.jpg\" alt=\"\" class=\"wp-image-1041\" srcset=\"https:\/\/www.gerster.com\/wp-content\/uploads\/2025\/08\/mitarbeiter-8.jpg 400w, https:\/\/www.gerster.com\/wp-content\/uploads\/2025\/08\/mitarbeiter-8-200x300.jpg 200w, https:\/\/www.gerster.com\/wp-content\/uploads\/2025\/08\/mitarbeiter-8-8x12.jpg 8w\" sizes=\"auto, (max-width: 400px) 100vw, 400px\" \/><figcaption class=\"wp-element-caption\">Moritz Christ <strong>Deputy Head of Internal Sales<\/strong> <strong>07351 \/ 586 &#8211;&nbsp; 137<\/strong><\/figcaption><\/figure>\n\n\n\n<figure class=\"wp-block-image size-full is-resized\"><img loading=\"lazy\" decoding=\"async\" width=\"2560\" height=\"2560\" src=\"https:\/\/www.gerster.com\/wp-content\/uploads\/2025\/10\/2025-10-29-YIGIN-HASRET_1-scaled.png\" alt=\"\" class=\"wp-image-2920\" style=\"width:461px;height:auto\" srcset=\"https:\/\/www.gerster.com\/wp-content\/uploads\/2025\/10\/2025-10-29-YIGIN-HASRET_1-scaled.png 2560w, https:\/\/www.gerster.com\/wp-content\/uploads\/2025\/10\/2025-10-29-YIGIN-HASRET_1-300x300.png 300w, https:\/\/www.gerster.com\/wp-content\/uploads\/2025\/10\/2025-10-29-YIGIN-HASRET_1-1024x1024.png 1024w, https:\/\/www.gerster.com\/wp-content\/uploads\/2025\/10\/2025-10-29-YIGIN-HASRET_1-150x150.png 150w, https:\/\/www.gerster.com\/wp-content\/uploads\/2025\/10\/2025-10-29-YIGIN-HASRET_1-768x768.png 768w, https:\/\/www.gerster.com\/wp-content\/uploads\/2025\/10\/2025-10-29-YIGIN-HASRET_1-1536x1536.png 1536w, https:\/\/www.gerster.com\/wp-content\/uploads\/2025\/10\/2025-10-29-YIGIN-HASRET_1-2048x2048.png 2048w, https:\/\/www.gerster.com\/wp-content\/uploads\/2025\/10\/2025-10-29-YIGIN-HASRET_1-12x12.png 12w\" sizes=\"auto, (max-width: 2560px) 100vw, 2560px\" \/><figcaption class=\"wp-element-caption\">Hasret Yigin <strong>Junior Projectmanager Sales<\/strong> <strong>07351 \/ 586 &#8211;&nbsp; 123<\/strong><\/figcaption><\/figure>\n\n\n\n<figure class=\"wp-block-image size-full is-resized\"><img loading=\"lazy\" decoding=\"async\" width=\"2161\" height=\"2560\" src=\"https:\/\/www.gerster.com\/wp-content\/uploads\/2025\/10\/2025-10-29-RAESE-NICO_-scaled.png\" alt=\"\" class=\"wp-image-2918\" style=\"width:461px;height:auto\" srcset=\"https:\/\/www.gerster.com\/wp-content\/uploads\/2025\/10\/2025-10-29-RAESE-NICO_-scaled.png 2161w, https:\/\/www.gerster.com\/wp-content\/uploads\/2025\/10\/2025-10-29-RAESE-NICO_-253x300.png 253w, https:\/\/www.gerster.com\/wp-content\/uploads\/2025\/10\/2025-10-29-RAESE-NICO_-864x1024.png 864w, https:\/\/www.gerster.com\/wp-content\/uploads\/2025\/10\/2025-10-29-RAESE-NICO_-768x910.png 768w, https:\/\/www.gerster.com\/wp-content\/uploads\/2025\/10\/2025-10-29-RAESE-NICO_-1296x1536.png 1296w, https:\/\/www.gerster.com\/wp-content\/uploads\/2025\/10\/2025-10-29-RAESE-NICO_-1729x2048.png 1729w, https:\/\/www.gerster.com\/wp-content\/uploads\/2025\/10\/2025-10-29-RAESE-NICO_-10x12.png 10w\" sizes=\"auto, (max-width: 2161px) 100vw, 2161px\" \/><figcaption class=\"wp-element-caption\">Nico Raese <strong>Head of Sales D\/A\/CH-Region<\/strong> <strong>07351 \/ 586 &#8211;\u00a0 124<\/strong><\/figcaption><\/figure>\n\n\n\n<figure class=\"wp-block-image size-full is-resized\"><img loading=\"lazy\" decoding=\"async\" width=\"400\" height=\"600\" src=\"https:\/\/www.gerster.com\/wp-content\/uploads\/2025\/08\/mitarbeiter-9.jpg\" alt=\"\" class=\"wp-image-1042\" style=\"width:461px;height:auto\" srcset=\"https:\/\/www.gerster.com\/wp-content\/uploads\/2025\/08\/mitarbeiter-9.jpg 400w, https:\/\/www.gerster.com\/wp-content\/uploads\/2025\/08\/mitarbeiter-9-200x300.jpg 200w, https:\/\/www.gerster.com\/wp-content\/uploads\/2025\/08\/mitarbeiter-9-8x12.jpg 8w\" sizes=\"auto, (max-width: 400px) 100vw, 400px\" \/><figcaption class=\"wp-element-caption\">Kanako Hirayama-Schouba <strong>Area Sales Manager Asia\/Scandinavia<\/strong> <strong>07351 \/ 586 &#8211;&nbsp; 128<\/strong><\/figcaption><\/figure>\n\n\n\n<figure class=\"wp-block-image size-full is-resized\"><img loading=\"lazy\" decoding=\"async\" width=\"2560\" height=\"2560\" src=\"https:\/\/www.gerster.com\/wp-content\/uploads\/2025\/10\/2025-10-29-LOVIN-OLEKSANDR_NEU-1-scaled.png\" alt=\"\" class=\"wp-image-2922\" style=\"width:461px;height:auto\" srcset=\"https:\/\/www.gerster.com\/wp-content\/uploads\/2025\/10\/2025-10-29-LOVIN-OLEKSANDR_NEU-1-scaled.png 2560w, https:\/\/www.gerster.com\/wp-content\/uploads\/2025\/10\/2025-10-29-LOVIN-OLEKSANDR_NEU-1-300x300.png 300w, https:\/\/www.gerster.com\/wp-content\/uploads\/2025\/10\/2025-10-29-LOVIN-OLEKSANDR_NEU-1-1024x1024.png 1024w, https:\/\/www.gerster.com\/wp-content\/uploads\/2025\/10\/2025-10-29-LOVIN-OLEKSANDR_NEU-1-150x150.png 150w, https:\/\/www.gerster.com\/wp-content\/uploads\/2025\/10\/2025-10-29-LOVIN-OLEKSANDR_NEU-1-768x768.png 768w, https:\/\/www.gerster.com\/wp-content\/uploads\/2025\/10\/2025-10-29-LOVIN-OLEKSANDR_NEU-1-1536x1536.png 1536w, https:\/\/www.gerster.com\/wp-content\/uploads\/2025\/10\/2025-10-29-LOVIN-OLEKSANDR_NEU-1-2048x2048.png 2048w, https:\/\/www.gerster.com\/wp-content\/uploads\/2025\/10\/2025-10-29-LOVIN-OLEKSANDR_NEU-1-12x12.png 12w\" sizes=\"auto, (max-width: 2560px) 100vw, 2560px\" \/><figcaption class=\"wp-element-caption\">Oleksandr Lovin <br><strong>Area Sales Manager East Europe <\/strong>                             <strong>07351 \/ 586 &#8211;&nbsp;127<\/strong><\/figcaption><\/figure>\n\n\n\n<figure class=\"wp-block-image size-full\"><img loading=\"lazy\" decoding=\"async\" width=\"400\" height=\"600\" src=\"https:\/\/www.gerster.com\/wp-content\/uploads\/2025\/08\/mitarbeiter-10.jpg\" alt=\"\" class=\"wp-image-1043\" srcset=\"https:\/\/www.gerster.com\/wp-content\/uploads\/2025\/08\/mitarbeiter-10.jpg 400w, https:\/\/www.gerster.com\/wp-content\/uploads\/2025\/08\/mitarbeiter-10-200x300.jpg 200w, https:\/\/www.gerster.com\/wp-content\/uploads\/2025\/08\/mitarbeiter-10-8x12.jpg 8w\" sizes=\"auto, (max-width: 400px) 100vw, 400px\" \/><figcaption class=\"wp-element-caption\">Michael Studer <br><strong>Manager\/Designer Trimmings &amp; Caravaning <\/strong> <strong>07351 \/ 586 &#8211;&nbsp;118<\/strong><\/figcaption><\/figure>\n<\/div>\n<\/div>\n\n\n\n<div style=\"height:75px\" aria-hidden=\"true\" class=\"wp-block-spacer\"><\/div>","protected":false},"excerpt":{"rendered":"<p>Seit \u00fcber 140 Jahren Die ganz gro\u00dfe Geschichte. Die Entstehungvon Visionen Die Gustav Gerster GmbH &amp; Co. KG mit Stammsitz in Biberach an der Ri\u00df (Baden-W\u00fcrttemberg) ist ein familiengef\u00fchrtes Traditionsunternehmen in f\u00fcnfter Generation \u2013 seit \u00fcber 140 Jahren erfolgreich am Markt. Als vielseitiges Textilunternehmen vereinen wir mehrere Gesch\u00e4ftsbereiche unter einem Dach. Im Mittelpunkt steht unser [&hellip;]<\/p>\n","protected":false},"author":1,"featured_media":0,"parent":41,"menu_order":0,"comment_status":"closed","ping_status":"closed","template":"","meta":{"_acf_changed":false,"footnotes":""},"class_list":["post-43","page","type-page","status-publish","hentry"],"acf":[],"yoast_head":"<!-- This site is optimized with the Yoast SEO plugin v27.5 - https:\/\/yoast.com\/product\/yoast-seo-wordpress\/ -->\n<title>\u00dcber Gerster \u25ba 140 Jahre Textilkompetenz entdecken<\/title>\n<meta name=\"description\" content=\"Einblick in \u2713 Geschichte \u2713 Werte \u2713 Entwicklung von Gerster. Tradition und Innovation in der textilen Fertigung in 5. Generation \u25ba Entdecken!\" \/>\n<meta name=\"robots\" content=\"index, follow, max-snippet:-1, max-image-preview:large, max-video-preview:-1\" \/>\n<link rel=\"canonical\" href=\"https:\/\/www.gerster.com\/en\/unternehmen\/ueber-uns\/\" \/>\n<meta property=\"og:locale\" content=\"en_GB\" \/>\n<meta property=\"og:type\" content=\"article\" \/>\n<meta property=\"og:title\" content=\"\u00dcber Gerster \u25ba 140 Jahre Textilkompetenz entdecken\" \/>\n<meta property=\"og:description\" content=\"Einblick in \u2713 Geschichte \u2713 Werte \u2713 Entwicklung von Gerster. Tradition und Innovation in der textilen Fertigung in 5. Generation \u25ba Entdecken!\" \/>\n<meta property=\"og:url\" content=\"https:\/\/www.gerster.com\/en\/unternehmen\/ueber-uns\/\" \/>\n<meta property=\"og:site_name\" content=\"Gerster HeimTex - Ihr Partner f\u00fcr hochwertige Gardinen, B\u00e4nder &amp; Accessoires\" \/>\n<meta property=\"article:publisher\" content=\"https:\/\/www.facebook.com\/GersterCollection\" \/>\n<meta property=\"article:modified_time\" content=\"2026-02-12T13:24:50+00:00\" \/>\n<meta property=\"og:image\" content=\"https:\/\/www.gerster.com\/wp-content\/uploads\/2025\/07\/gerster-ueber-uns-1.jpg\" \/>\n<meta name=\"twitter:card\" content=\"summary_large_image\" \/>\n<meta name=\"twitter:label1\" content=\"Estimated reading time\" \/>\n\t<meta name=\"twitter:data1\" content=\"1 minute\" \/>\n<script type=\"application\/ld+json\" class=\"yoast-schema-graph\">{\"@context\":\"https:\\\/\\\/schema.org\",\"@graph\":[{\"@type\":\"WebPage\",\"@id\":\"https:\\\/\\\/www.gerster.com\\\/unternehmen\\\/ueber-uns\\\/\",\"url\":\"https:\\\/\\\/www.gerster.com\\\/unternehmen\\\/ueber-uns\\\/\",\"name\":\"\u00dcber Gerster \u25ba 140 Jahre Textilkompetenz entdecken\",\"isPartOf\":{\"@id\":\"https:\\\/\\\/www.gerster.com\\\/en\\\/#website\"},\"primaryImageOfPage\":{\"@id\":\"https:\\\/\\\/www.gerster.com\\\/unternehmen\\\/ueber-uns\\\/#primaryimage\"},\"image\":{\"@id\":\"https:\\\/\\\/www.gerster.com\\\/unternehmen\\\/ueber-uns\\\/#primaryimage\"},\"thumbnailUrl\":\"https:\\\/\\\/www.gerster.com\\\/wp-content\\\/uploads\\\/2025\\\/07\\\/gerster-ueber-uns-1.jpg\",\"datePublished\":\"2025-04-25T11:16:37+00:00\",\"dateModified\":\"2026-02-12T13:24:50+00:00\",\"description\":\"Einblick in \u2713 Geschichte \u2713 Werte \u2713 Entwicklung von Gerster. Tradition und Innovation in der textilen Fertigung in 5. Generation \u25ba Entdecken!\",\"breadcrumb\":{\"@id\":\"https:\\\/\\\/www.gerster.com\\\/unternehmen\\\/ueber-uns\\\/#breadcrumb\"},\"inLanguage\":\"en-GB\",\"potentialAction\":[{\"@type\":\"ReadAction\",\"target\":[\"https:\\\/\\\/www.gerster.com\\\/unternehmen\\\/ueber-uns\\\/\"]}]},{\"@type\":\"ImageObject\",\"inLanguage\":\"en-GB\",\"@id\":\"https:\\\/\\\/www.gerster.com\\\/unternehmen\\\/ueber-uns\\\/#primaryimage\",\"url\":\"https:\\\/\\\/www.gerster.com\\\/wp-content\\\/uploads\\\/2025\\\/07\\\/gerster-ueber-uns-1.jpg\",\"contentUrl\":\"https:\\\/\\\/www.gerster.com\\\/wp-content\\\/uploads\\\/2025\\\/07\\\/gerster-ueber-uns-1.jpg\"},{\"@type\":\"BreadcrumbList\",\"@id\":\"https:\\\/\\\/www.gerster.com\\\/unternehmen\\\/ueber-uns\\\/#breadcrumb\",\"itemListElement\":[{\"@type\":\"ListItem\",\"position\":1,\"name\":\"Startseite\",\"item\":\"https:\\\/\\\/www.gerster.com\\\/\"},{\"@type\":\"ListItem\",\"position\":2,\"name\":\"Unternehmen\",\"item\":\"https:\\\/\\\/www.gerster.com\\\/unternehmen\\\/\"},{\"@type\":\"ListItem\",\"position\":3,\"name\":\"\u00dcber uns\"}]},{\"@type\":\"WebSite\",\"@id\":\"https:\\\/\\\/www.gerster.com\\\/en\\\/#website\",\"url\":\"https:\\\/\\\/www.gerster.com\\\/en\\\/\",\"name\":\"Gerster HeimTex - Ihr Partner f\u00fcr hochwertige Gardinen, B\u00e4nder & Accessoires\",\"description\":\"\",\"publisher\":{\"@id\":\"https:\\\/\\\/www.gerster.com\\\/en\\\/#organization\"},\"potentialAction\":[{\"@type\":\"SearchAction\",\"target\":{\"@type\":\"EntryPoint\",\"urlTemplate\":\"https:\\\/\\\/www.gerster.com\\\/en\\\/?s={search_term_string}\"},\"query-input\":{\"@type\":\"PropertyValueSpecification\",\"valueRequired\":true,\"valueName\":\"search_term_string\"}}],\"inLanguage\":\"en-GB\"},{\"@type\":\"Organization\",\"@id\":\"https:\\\/\\\/www.gerster.com\\\/en\\\/#organization\",\"name\":\"Gerster HeimTex - Ihr Partner f\u00fcr hochwertige Gardinen, B\u00e4nder & Accessoires\",\"url\":\"https:\\\/\\\/www.gerster.com\\\/en\\\/\",\"logo\":{\"@type\":\"ImageObject\",\"inLanguage\":\"en-GB\",\"@id\":\"https:\\\/\\\/www.gerster.com\\\/en\\\/#\\\/schema\\\/logo\\\/image\\\/\",\"url\":\"https:\\\/\\\/www.gerster.com\\\/wp-content\\\/uploads\\\/2025\\\/05\\\/gerster-hometex-logo.png\",\"contentUrl\":\"https:\\\/\\\/www.gerster.com\\\/wp-content\\\/uploads\\\/2025\\\/05\\\/gerster-hometex-logo.png\",\"width\":213,\"height\":84,\"caption\":\"Gerster HeimTex - Ihr Partner f\u00fcr hochwertige Gardinen, B\u00e4nder & Accessoires\"},\"image\":{\"@id\":\"https:\\\/\\\/www.gerster.com\\\/en\\\/#\\\/schema\\\/logo\\\/image\\\/\"},\"sameAs\":[\"https:\\\/\\\/www.facebook.com\\\/GersterCollection\",\"https:\\\/\\\/www.instagram.com\\\/gerster_biberach\\\/\",\"https:\\\/\\\/www.youtube.com\\\/user\\\/GersterCollection\\\/videos\"]}]}<\/script>\n<!-- \/ Yoast SEO plugin. -->","yoast_head_json":{"title":"\u00dcber Gerster \u25ba 140 Jahre Textilkompetenz entdecken","description":"Einblick in \u2713 Geschichte \u2713 Werte \u2713 Entwicklung von Gerster. Tradition und Innovation in der textilen Fertigung in 5. Generation \u25ba Entdecken!","robots":{"index":"index","follow":"follow","max-snippet":"max-snippet:-1","max-image-preview":"max-image-preview:large","max-video-preview":"max-video-preview:-1"},"canonical":"https:\/\/www.gerster.com\/en\/unternehmen\/ueber-uns\/","og_locale":"en_GB","og_type":"article","og_title":"\u00dcber Gerster \u25ba 140 Jahre Textilkompetenz entdecken","og_description":"Einblick in \u2713 Geschichte \u2713 Werte \u2713 Entwicklung von Gerster. Tradition und Innovation in der textilen Fertigung in 5. Generation \u25ba Entdecken!","og_url":"https:\/\/www.gerster.com\/en\/unternehmen\/ueber-uns\/","og_site_name":"Gerster HeimTex - Ihr Partner f\u00fcr hochwertige Gardinen, B\u00e4nder &amp; Accessoires","article_publisher":"https:\/\/www.facebook.com\/GersterCollection","article_modified_time":"2026-02-12T13:24:50+00:00","og_image":[{"url":"https:\/\/www.gerster.com\/wp-content\/uploads\/2025\/07\/gerster-ueber-uns-1.jpg","type":"","width":"","height":""}],"twitter_card":"summary_large_image","twitter_misc":{"Estimated reading time":"1 minute"},"schema":{"@context":"https:\/\/schema.org","@graph":[{"@type":"WebPage","@id":"https:\/\/www.gerster.com\/unternehmen\/ueber-uns\/","url":"https:\/\/www.gerster.com\/unternehmen\/ueber-uns\/","name":"\u00dcber Gerster \u25ba 140 Jahre Textilkompetenz entdecken","isPartOf":{"@id":"https:\/\/www.gerster.com\/en\/#website"},"primaryImageOfPage":{"@id":"https:\/\/www.gerster.com\/unternehmen\/ueber-uns\/#primaryimage"},"image":{"@id":"https:\/\/www.gerster.com\/unternehmen\/ueber-uns\/#primaryimage"},"thumbnailUrl":"https:\/\/www.gerster.com\/wp-content\/uploads\/2025\/07\/gerster-ueber-uns-1.jpg","datePublished":"2025-04-25T11:16:37+00:00","dateModified":"2026-02-12T13:24:50+00:00","description":"Einblick in \u2713 Geschichte \u2713 Werte \u2713 Entwicklung von Gerster. Tradition und Innovation in der textilen Fertigung in 5. Generation \u25ba Entdecken!","breadcrumb":{"@id":"https:\/\/www.gerster.com\/unternehmen\/ueber-uns\/#breadcrumb"},"inLanguage":"en-GB","potentialAction":[{"@type":"ReadAction","target":["https:\/\/www.gerster.com\/unternehmen\/ueber-uns\/"]}]},{"@type":"ImageObject","inLanguage":"en-GB","@id":"https:\/\/www.gerster.com\/unternehmen\/ueber-uns\/#primaryimage","url":"https:\/\/www.gerster.com\/wp-content\/uploads\/2025\/07\/gerster-ueber-uns-1.jpg","contentUrl":"https:\/\/www.gerster.com\/wp-content\/uploads\/2025\/07\/gerster-ueber-uns-1.jpg"},{"@type":"BreadcrumbList","@id":"https:\/\/www.gerster.com\/unternehmen\/ueber-uns\/#breadcrumb","itemListElement":[{"@type":"ListItem","position":1,"name":"Startseite","item":"https:\/\/www.gerster.com\/"},{"@type":"ListItem","position":2,"name":"Unternehmen","item":"https:\/\/www.gerster.com\/unternehmen\/"},{"@type":"ListItem","position":3,"name":"\u00dcber uns"}]},{"@type":"WebSite","@id":"https:\/\/www.gerster.com\/en\/#website","url":"https:\/\/www.gerster.com\/en\/","name":"Gerster HeimTex - Ihr Partner f\u00fcr hochwertige Gardinen, B\u00e4nder & Accessoires","description":"","publisher":{"@id":"https:\/\/www.gerster.com\/en\/#organization"},"potentialAction":[{"@type":"SearchAction","target":{"@type":"EntryPoint","urlTemplate":"https:\/\/www.gerster.com\/en\/?s={search_term_string}"},"query-input":{"@type":"PropertyValueSpecification","valueRequired":true,"valueName":"search_term_string"}}],"inLanguage":"en-GB"},{"@type":"Organization","@id":"https:\/\/www.gerster.com\/en\/#organization","name":"Gerster HeimTex - Ihr Partner f\u00fcr hochwertige Gardinen, B\u00e4nder & Accessoires","url":"https:\/\/www.gerster.com\/en\/","logo":{"@type":"ImageObject","inLanguage":"en-GB","@id":"https:\/\/www.gerster.com\/en\/#\/schema\/logo\/image\/","url":"https:\/\/www.gerster.com\/wp-content\/uploads\/2025\/05\/gerster-hometex-logo.png","contentUrl":"https:\/\/www.gerster.com\/wp-content\/uploads\/2025\/05\/gerster-hometex-logo.png","width":213,"height":84,"caption":"Gerster HeimTex - Ihr Partner f\u00fcr hochwertige Gardinen, B\u00e4nder & Accessoires"},"image":{"@id":"https:\/\/www.gerster.com\/en\/#\/schema\/logo\/image\/"},"sameAs":["https:\/\/www.facebook.com\/GersterCollection","https:\/\/www.instagram.com\/gerster_biberach\/","https:\/\/www.youtube.com\/user\/GersterCollection\/videos"]}]}},"_links":{"self":[{"href":"https:\/\/www.gerster.com\/en\/wp-json\/wp\/v2\/pages\/43","targetHints":{"allow":["GET"]}}],"collection":[{"href":"https:\/\/www.gerster.com\/en\/wp-json\/wp\/v2\/pages"}],"about":[{"href":"https:\/\/www.gerster.com\/en\/wp-json\/wp\/v2\/types\/page"}],"author":[{"embeddable":true,"href":"https:\/\/www.gerster.com\/en\/wp-json\/wp\/v2\/users\/1"}],"replies":[{"embeddable":true,"href":"https:\/\/www.gerster.com\/en\/wp-json\/wp\/v2\/comments?post=43"}],"version-history":[{"count":128,"href":"https:\/\/www.gerster.com\/en\/wp-json\/wp\/v2\/pages\/43\/revisions"}],"predecessor-version":[{"id":3374,"href":"https:\/\/www.gerster.com\/en\/wp-json\/wp\/v2\/pages\/43\/revisions\/3374"}],"up":[{"embeddable":true,"href":"https:\/\/www.gerster.com\/en\/wp-json\/wp\/v2\/pages\/41"}],"wp:attachment":[{"href":"https:\/\/www.gerster.com\/en\/wp-json\/wp\/v2\/media?parent=43"}],"curies":[{"name":"wp","href":"https:\/\/api.w.org\/{rel}","templated":true}]}}