{"id":47,"date":"2025-04-25T13:17:14","date_gmt":"2025-04-25T11:17:14","guid":{"rendered":"http:\/\/localhost\/gerster-heimtex\/?page_id=47"},"modified":"2025-12-11T13:16:10","modified_gmt":"2025-12-11T12:16:10","slug":"showroom","status":"publish","type":"page","link":"https:\/\/www.gerster.com\/en\/unternehmen\/showroom\/","title":{"rendered":"Showroom"},"content":{"rendered":"<div class=\"wp-block-custom-ueberschrift-zentriert ueberschrift-zentriert\" style=\"flex-basis:100%\"><p>Company<\/p><h1>Gerster <em>Showroom<\/em><\/h1><\/div>\n\n\n<div class=\"hintergrundbild-block\" style=\"  width: 100vw;  margin-left: calc(-50vw + 50%);  margin-top: 40px;  margin-bottom: 0px;   position: relative; \">\r\n          <img decoding=\"async\" src=\"https:\/\/www.gerster.com\/wp-content\/uploads\/2025\/09\/DSC06941_warenschau-werksverkauf-min-1-scaled-e1757340762584.jpg\" alt=\"Hintergrundbild\"\r\n           style=\"width: 100%; height: 100%; object-fit: cover; position: absolute; top: 0; left: 0; min-height: 400px; z-index: -1;   object-position: center center\" loading=\"lazy\"\/>\r\n    <\/div>\r\n\r\n \r\n\r\n\r\n\r\n\r\n\n\n\n<div style=\"height:75px\" aria-hidden=\"true\" class=\"wp-block-spacer\"><\/div>\n\n\n\n<div class=\"wp-block-columns is-layout-flex wp-container-core-columns-is-layout-9d6595d7 wp-block-columns-is-layout-flex\">\n<div class=\"wp-block-column is-layout-flow wp-block-column-is-layout-flow\" style=\"flex-basis:40%\">\n<div class=\"wp-block-custom-ueberschrift ueberschrift\"><div class=\"wp-block-columns\"><div class=\"wp-block-column\" style=\"flex-basis:100%\"><p>Source of inspiration<\/p><h2>Where fabrics <br><em>come to life<\/em><\/h2><\/div><\/div><\/div>\n<\/div>\n\n\n\n<div class=\"wp-block-column is-layout-flow wp-block-column-is-layout-flow\">\n<p>Our spacious 400 m\u00b2 showroom is the creative heart of our company. Here, we showcase our entire fabric collection for curtains, drapes, curtain tapes, and decorative accessories\u2014presented impressively and experienced in fully styled settings.<\/p>\n\n\n\n<p>The showroom offers a unique opportunity to discover our products not only in their variety but also in their application and spatial impact. Whether classic, modern, or trend-conscious\u2014our collections demonstrate textile interior design at the highest level.<\/p>\n\n\n\n<p>A special highlight is our annual in-house trade fair, where the showroom becomes the central presentation space. Beyond that, we use the showroom year-round for customer visits, product training, and exclusive presentations. It\u2019s a place where ideas emerge, trends become tangible, and partnerships deepen.<\/p>\n\n\n\n<p>Let yourself be inspired\u2014we look forward to welcoming you personally. Upon request, we are also happy to make our showroom available to customers and external partners by prior arrangement.<\/p>\n<\/div>\n<\/div>\n\n\n\n<div style=\"height:22px\" aria-hidden=\"true\" class=\"wp-block-spacer\"><\/div>\n\n\n<div class=\"wp-block-image\">\n<figure class=\"alignleft size-large is-resized\"><img loading=\"lazy\" decoding=\"async\" width=\"683\" height=\"1024\" src=\"https:\/\/www.gerster.com\/wp-content\/uploads\/2025\/09\/DSC07001_warenschau-werksverkauf-min-1-683x1024.jpg\" alt=\"\" class=\"wp-image-2099\" style=\"width:384px;height:auto\" srcset=\"https:\/\/www.gerster.com\/wp-content\/uploads\/2025\/09\/DSC07001_warenschau-werksverkauf-min-1-683x1024.jpg 683w, https:\/\/www.gerster.com\/wp-content\/uploads\/2025\/09\/DSC07001_warenschau-werksverkauf-min-1-200x300.jpg 200w, https:\/\/www.gerster.com\/wp-content\/uploads\/2025\/09\/DSC07001_warenschau-werksverkauf-min-1-768x1152.jpg 768w, https:\/\/www.gerster.com\/wp-content\/uploads\/2025\/09\/DSC07001_warenschau-werksverkauf-min-1-1024x1536.jpg 1024w, https:\/\/www.gerster.com\/wp-content\/uploads\/2025\/09\/DSC07001_warenschau-werksverkauf-min-1-1365x2048.jpg 1365w, https:\/\/www.gerster.com\/wp-content\/uploads\/2025\/09\/DSC07001_warenschau-werksverkauf-min-1-8x12.jpg 8w, https:\/\/www.gerster.com\/wp-content\/uploads\/2025\/09\/DSC07001_warenschau-werksverkauf-min-1-scaled.jpg 1707w\" sizes=\"auto, (max-width: 683px) 100vw, 683px\" \/><\/figure>\n<\/div>\n\n<div class=\"wp-block-image\">\n<figure class=\"alignright size-large is-resized\"><img loading=\"lazy\" decoding=\"async\" width=\"683\" height=\"1024\" src=\"https:\/\/www.gerster.com\/wp-content\/uploads\/2025\/09\/DSC06891_warenschau-werksverkauf-min-2-683x1024.jpg\" alt=\"\" class=\"wp-image-2106\" style=\"width:352px;height:auto\" srcset=\"https:\/\/www.gerster.com\/wp-content\/uploads\/2025\/09\/DSC06891_warenschau-werksverkauf-min-2-683x1024.jpg 683w, https:\/\/www.gerster.com\/wp-content\/uploads\/2025\/09\/DSC06891_warenschau-werksverkauf-min-2-200x300.jpg 200w, https:\/\/www.gerster.com\/wp-content\/uploads\/2025\/09\/DSC06891_warenschau-werksverkauf-min-2-768x1152.jpg 768w, https:\/\/www.gerster.com\/wp-content\/uploads\/2025\/09\/DSC06891_warenschau-werksverkauf-min-2-1024x1536.jpg 1024w, https:\/\/www.gerster.com\/wp-content\/uploads\/2025\/09\/DSC06891_warenschau-werksverkauf-min-2-1365x2048.jpg 1365w, https:\/\/www.gerster.com\/wp-content\/uploads\/2025\/09\/DSC06891_warenschau-werksverkauf-min-2-8x12.jpg 8w, https:\/\/www.gerster.com\/wp-content\/uploads\/2025\/09\/DSC06891_warenschau-werksverkauf-min-2-scaled.jpg 1707w\" sizes=\"auto, (max-width: 683px) 100vw, 683px\" \/><\/figure>\n<\/div>\n\n\n<div style=\"height:77px\" aria-hidden=\"true\" class=\"wp-block-spacer\"><\/div>\n\n\n\n<p><\/p>","protected":false},"excerpt":{"rendered":"<p>Unser gro\u00dfz\u00fcgig gestalteter Showroom mit einer Fl\u00e4che von 400\u202fm\u00b2 ist das kreative Herzst\u00fcck unseres Unternehmens. Hier pr\u00e4sentieren wir unsere gesamte Stoffkollektion f\u00fcr Gardinen, Vorh\u00e4nge, Gardinenb\u00e4nder und dekoratives Zubeh\u00f6r \u2013 eindrucksvoll inszeniert und im dekorierten Zustand erlebbar. Der Showroom bietet eine einzigartige M\u00f6glichkeit, unsere Produkte nicht nur in ihrer Vielfalt, sondern auch in ihrer Anwendung und [&hellip;]<\/p>\n","protected":false},"author":1,"featured_media":0,"parent":41,"menu_order":0,"comment_status":"closed","ping_status":"closed","template":"","meta":{"_acf_changed":false,"footnotes":""},"class_list":["post-47","page","type-page","status-publish","hentry"],"acf":[],"yoast_head":"<!-- This site is optimized with the Yoast SEO plugin v27.5 - https:\/\/yoast.com\/product\/yoast-seo-wordpress\/ -->\n<title>Gerster Showroom \u25ba textile Wohnideen live erleben<\/title>\n<meta name=\"description\" content=\"Moderne \u2713 Gardinen \u2713 B\u00e4nder \u2713 Wohntextilien im Gerster-Showroom ansehen. Inspiration f\u00fcr Projekte und Fachhandel \u25ba Jetzt informieren!\" \/>\n<meta name=\"robots\" content=\"index, follow, max-snippet:-1, max-image-preview:large, max-video-preview:-1\" \/>\n<link rel=\"canonical\" href=\"https:\/\/www.gerster.com\/en\/unternehmen\/showroom\/\" \/>\n<meta property=\"og:locale\" content=\"en_GB\" \/>\n<meta property=\"og:type\" content=\"article\" \/>\n<meta property=\"og:title\" content=\"Gerster Showroom \u25ba textile Wohnideen live erleben\" \/>\n<meta property=\"og:description\" content=\"Moderne \u2713 Gardinen \u2713 B\u00e4nder \u2713 Wohntextilien im Gerster-Showroom ansehen. Inspiration f\u00fcr Projekte und Fachhandel \u25ba Jetzt informieren!\" \/>\n<meta property=\"og:url\" content=\"https:\/\/www.gerster.com\/en\/unternehmen\/showroom\/\" \/>\n<meta property=\"og:site_name\" content=\"Gerster HeimTex - Ihr Partner f\u00fcr hochwertige Gardinen, B\u00e4nder &amp; Accessoires\" \/>\n<meta property=\"article:publisher\" content=\"https:\/\/www.facebook.com\/GersterCollection\" \/>\n<meta property=\"article:modified_time\" content=\"2025-12-11T12:16:10+00:00\" \/>\n<meta property=\"og:image\" content=\"https:\/\/www.gerster.com\/wp-content\/uploads\/2025\/09\/DSC07001_warenschau-werksverkauf-min-1-683x1024.jpg\" \/>\n<meta name=\"twitter:card\" content=\"summary_large_image\" \/>\n<meta name=\"twitter:label1\" content=\"Estimated reading time\" \/>\n\t<meta name=\"twitter:data1\" content=\"1 minute\" \/>\n<script type=\"application\/ld+json\" class=\"yoast-schema-graph\">{\"@context\":\"https:\\\/\\\/schema.org\",\"@graph\":[{\"@type\":\"WebPage\",\"@id\":\"https:\\\/\\\/www.gerster.com\\\/unternehmen\\\/showroom\\\/\",\"url\":\"https:\\\/\\\/www.gerster.com\\\/unternehmen\\\/showroom\\\/\",\"name\":\"Gerster Showroom \u25ba textile Wohnideen live erleben\",\"isPartOf\":{\"@id\":\"https:\\\/\\\/www.gerster.com\\\/en\\\/#website\"},\"primaryImageOfPage\":{\"@id\":\"https:\\\/\\\/www.gerster.com\\\/unternehmen\\\/showroom\\\/#primaryimage\"},\"image\":{\"@id\":\"https:\\\/\\\/www.gerster.com\\\/unternehmen\\\/showroom\\\/#primaryimage\"},\"thumbnailUrl\":\"https:\\\/\\\/www.gerster.com\\\/wp-content\\\/uploads\\\/2025\\\/09\\\/DSC07001_warenschau-werksverkauf-min-1-683x1024.jpg\",\"datePublished\":\"2025-04-25T11:17:14+00:00\",\"dateModified\":\"2025-12-11T12:16:10+00:00\",\"description\":\"Moderne \u2713 Gardinen \u2713 B\u00e4nder \u2713 Wohntextilien im Gerster-Showroom ansehen. Inspiration f\u00fcr Projekte und Fachhandel \u25ba Jetzt informieren!\",\"breadcrumb\":{\"@id\":\"https:\\\/\\\/www.gerster.com\\\/unternehmen\\\/showroom\\\/#breadcrumb\"},\"inLanguage\":\"en-GB\",\"potentialAction\":[{\"@type\":\"ReadAction\",\"target\":[\"https:\\\/\\\/www.gerster.com\\\/unternehmen\\\/showroom\\\/\"]}]},{\"@type\":\"ImageObject\",\"inLanguage\":\"en-GB\",\"@id\":\"https:\\\/\\\/www.gerster.com\\\/unternehmen\\\/showroom\\\/#primaryimage\",\"url\":\"https:\\\/\\\/www.gerster.com\\\/wp-content\\\/uploads\\\/2025\\\/09\\\/DSC07001_warenschau-werksverkauf-min-1-683x1024.jpg\",\"contentUrl\":\"https:\\\/\\\/www.gerster.com\\\/wp-content\\\/uploads\\\/2025\\\/09\\\/DSC07001_warenschau-werksverkauf-min-1-683x1024.jpg\"},{\"@type\":\"BreadcrumbList\",\"@id\":\"https:\\\/\\\/www.gerster.com\\\/unternehmen\\\/showroom\\\/#breadcrumb\",\"itemListElement\":[{\"@type\":\"ListItem\",\"position\":1,\"name\":\"Startseite\",\"item\":\"https:\\\/\\\/www.gerster.com\\\/\"},{\"@type\":\"ListItem\",\"position\":2,\"name\":\"Unternehmen\",\"item\":\"https:\\\/\\\/www.gerster.com\\\/unternehmen\\\/\"},{\"@type\":\"ListItem\",\"position\":3,\"name\":\"Showroom\"}]},{\"@type\":\"WebSite\",\"@id\":\"https:\\\/\\\/www.gerster.com\\\/en\\\/#website\",\"url\":\"https:\\\/\\\/www.gerster.com\\\/en\\\/\",\"name\":\"Gerster HeimTex - Ihr Partner f\u00fcr hochwertige Gardinen, B\u00e4nder & Accessoires\",\"description\":\"\",\"publisher\":{\"@id\":\"https:\\\/\\\/www.gerster.com\\\/en\\\/#organization\"},\"potentialAction\":[{\"@type\":\"SearchAction\",\"target\":{\"@type\":\"EntryPoint\",\"urlTemplate\":\"https:\\\/\\\/www.gerster.com\\\/en\\\/?s={search_term_string}\"},\"query-input\":{\"@type\":\"PropertyValueSpecification\",\"valueRequired\":true,\"valueName\":\"search_term_string\"}}],\"inLanguage\":\"en-GB\"},{\"@type\":\"Organization\",\"@id\":\"https:\\\/\\\/www.gerster.com\\\/en\\\/#organization\",\"name\":\"Gerster HeimTex - Ihr Partner f\u00fcr hochwertige Gardinen, B\u00e4nder & Accessoires\",\"url\":\"https:\\\/\\\/www.gerster.com\\\/en\\\/\",\"logo\":{\"@type\":\"ImageObject\",\"inLanguage\":\"en-GB\",\"@id\":\"https:\\\/\\\/www.gerster.com\\\/en\\\/#\\\/schema\\\/logo\\\/image\\\/\",\"url\":\"https:\\\/\\\/www.gerster.com\\\/wp-content\\\/uploads\\\/2025\\\/05\\\/gerster-hometex-logo.png\",\"contentUrl\":\"https:\\\/\\\/www.gerster.com\\\/wp-content\\\/uploads\\\/2025\\\/05\\\/gerster-hometex-logo.png\",\"width\":213,\"height\":84,\"caption\":\"Gerster HeimTex - Ihr Partner f\u00fcr hochwertige Gardinen, B\u00e4nder & Accessoires\"},\"image\":{\"@id\":\"https:\\\/\\\/www.gerster.com\\\/en\\\/#\\\/schema\\\/logo\\\/image\\\/\"},\"sameAs\":[\"https:\\\/\\\/www.facebook.com\\\/GersterCollection\",\"https:\\\/\\\/www.instagram.com\\\/gerster_biberach\\\/\",\"https:\\\/\\\/www.youtube.com\\\/user\\\/GersterCollection\\\/videos\"]}]}<\/script>\n<!-- \/ Yoast SEO plugin. -->","yoast_head_json":{"title":"Gerster Showroom \u25ba textile Wohnideen live erleben","description":"Moderne \u2713 Gardinen \u2713 B\u00e4nder \u2713 Wohntextilien im Gerster-Showroom ansehen. Inspiration f\u00fcr Projekte und Fachhandel \u25ba Jetzt informieren!","robots":{"index":"index","follow":"follow","max-snippet":"max-snippet:-1","max-image-preview":"max-image-preview:large","max-video-preview":"max-video-preview:-1"},"canonical":"https:\/\/www.gerster.com\/en\/unternehmen\/showroom\/","og_locale":"en_GB","og_type":"article","og_title":"Gerster Showroom \u25ba textile Wohnideen live erleben","og_description":"Moderne \u2713 Gardinen \u2713 B\u00e4nder \u2713 Wohntextilien im Gerster-Showroom ansehen. Inspiration f\u00fcr Projekte und Fachhandel \u25ba Jetzt informieren!","og_url":"https:\/\/www.gerster.com\/en\/unternehmen\/showroom\/","og_site_name":"Gerster HeimTex - Ihr Partner f\u00fcr hochwertige Gardinen, B\u00e4nder &amp; Accessoires","article_publisher":"https:\/\/www.facebook.com\/GersterCollection","article_modified_time":"2025-12-11T12:16:10+00:00","og_image":[{"url":"https:\/\/www.gerster.com\/wp-content\/uploads\/2025\/09\/DSC07001_warenschau-werksverkauf-min-1-683x1024.jpg","type":"","width":"","height":""}],"twitter_card":"summary_large_image","twitter_misc":{"Estimated reading time":"1 minute"},"schema":{"@context":"https:\/\/schema.org","@graph":[{"@type":"WebPage","@id":"https:\/\/www.gerster.com\/unternehmen\/showroom\/","url":"https:\/\/www.gerster.com\/unternehmen\/showroom\/","name":"Gerster Showroom \u25ba textile Wohnideen live erleben","isPartOf":{"@id":"https:\/\/www.gerster.com\/en\/#website"},"primaryImageOfPage":{"@id":"https:\/\/www.gerster.com\/unternehmen\/showroom\/#primaryimage"},"image":{"@id":"https:\/\/www.gerster.com\/unternehmen\/showroom\/#primaryimage"},"thumbnailUrl":"https:\/\/www.gerster.com\/wp-content\/uploads\/2025\/09\/DSC07001_warenschau-werksverkauf-min-1-683x1024.jpg","datePublished":"2025-04-25T11:17:14+00:00","dateModified":"2025-12-11T12:16:10+00:00","description":"Moderne \u2713 Gardinen \u2713 B\u00e4nder \u2713 Wohntextilien im Gerster-Showroom ansehen. Inspiration f\u00fcr Projekte und Fachhandel \u25ba Jetzt informieren!","breadcrumb":{"@id":"https:\/\/www.gerster.com\/unternehmen\/showroom\/#breadcrumb"},"inLanguage":"en-GB","potentialAction":[{"@type":"ReadAction","target":["https:\/\/www.gerster.com\/unternehmen\/showroom\/"]}]},{"@type":"ImageObject","inLanguage":"en-GB","@id":"https:\/\/www.gerster.com\/unternehmen\/showroom\/#primaryimage","url":"https:\/\/www.gerster.com\/wp-content\/uploads\/2025\/09\/DSC07001_warenschau-werksverkauf-min-1-683x1024.jpg","contentUrl":"https:\/\/www.gerster.com\/wp-content\/uploads\/2025\/09\/DSC07001_warenschau-werksverkauf-min-1-683x1024.jpg"},{"@type":"BreadcrumbList","@id":"https:\/\/www.gerster.com\/unternehmen\/showroom\/#breadcrumb","itemListElement":[{"@type":"ListItem","position":1,"name":"Startseite","item":"https:\/\/www.gerster.com\/"},{"@type":"ListItem","position":2,"name":"Unternehmen","item":"https:\/\/www.gerster.com\/unternehmen\/"},{"@type":"ListItem","position":3,"name":"Showroom"}]},{"@type":"WebSite","@id":"https:\/\/www.gerster.com\/en\/#website","url":"https:\/\/www.gerster.com\/en\/","name":"Gerster HeimTex - Ihr Partner f\u00fcr hochwertige Gardinen, B\u00e4nder & Accessoires","description":"","publisher":{"@id":"https:\/\/www.gerster.com\/en\/#organization"},"potentialAction":[{"@type":"SearchAction","target":{"@type":"EntryPoint","urlTemplate":"https:\/\/www.gerster.com\/en\/?s={search_term_string}"},"query-input":{"@type":"PropertyValueSpecification","valueRequired":true,"valueName":"search_term_string"}}],"inLanguage":"en-GB"},{"@type":"Organization","@id":"https:\/\/www.gerster.com\/en\/#organization","name":"Gerster HeimTex - Ihr Partner f\u00fcr hochwertige Gardinen, B\u00e4nder & Accessoires","url":"https:\/\/www.gerster.com\/en\/","logo":{"@type":"ImageObject","inLanguage":"en-GB","@id":"https:\/\/www.gerster.com\/en\/#\/schema\/logo\/image\/","url":"https:\/\/www.gerster.com\/wp-content\/uploads\/2025\/05\/gerster-hometex-logo.png","contentUrl":"https:\/\/www.gerster.com\/wp-content\/uploads\/2025\/05\/gerster-hometex-logo.png","width":213,"height":84,"caption":"Gerster HeimTex - Ihr Partner f\u00fcr hochwertige Gardinen, B\u00e4nder & Accessoires"},"image":{"@id":"https:\/\/www.gerster.com\/en\/#\/schema\/logo\/image\/"},"sameAs":["https:\/\/www.facebook.com\/GersterCollection","https:\/\/www.instagram.com\/gerster_biberach\/","https:\/\/www.youtube.com\/user\/GersterCollection\/videos"]}]}},"_links":{"self":[{"href":"https:\/\/www.gerster.com\/en\/wp-json\/wp\/v2\/pages\/47","targetHints":{"allow":["GET"]}}],"collection":[{"href":"https:\/\/www.gerster.com\/en\/wp-json\/wp\/v2\/pages"}],"about":[{"href":"https:\/\/www.gerster.com\/en\/wp-json\/wp\/v2\/types\/page"}],"author":[{"embeddable":true,"href":"https:\/\/www.gerster.com\/en\/wp-json\/wp\/v2\/users\/1"}],"replies":[{"embeddable":true,"href":"https:\/\/www.gerster.com\/en\/wp-json\/wp\/v2\/comments?post=47"}],"version-history":[{"count":43,"href":"https:\/\/www.gerster.com\/en\/wp-json\/wp\/v2\/pages\/47\/revisions"}],"predecessor-version":[{"id":3095,"href":"https:\/\/www.gerster.com\/en\/wp-json\/wp\/v2\/pages\/47\/revisions\/3095"}],"up":[{"embeddable":true,"href":"https:\/\/www.gerster.com\/en\/wp-json\/wp\/v2\/pages\/41"}],"wp:attachment":[{"href":"https:\/\/www.gerster.com\/en\/wp-json\/wp\/v2\/media?parent=47"}],"curies":[{"name":"wp","href":"https:\/\/api.w.org\/{rel}","templated":true}]}}