{"id":59,"date":"2025-04-25T13:18:53","date_gmt":"2025-04-25T11:18:53","guid":{"rendered":"http:\/\/localhost\/gerster-heimtex\/?page_id=59"},"modified":"2025-11-27T10:01:37","modified_gmt":"2025-11-27T09:01:37","slug":"stellenangebote","status":"publish","type":"page","link":"https:\/\/www.gerster.com\/en\/karriere\/stellenangebote\/","title":{"rendered":"Job offers"},"content":{"rendered":"<p class=\"has-text-align-center\"><mark style=\"background-color:rgba(0, 0, 0, 0)\" class=\"has-inline-color has-heimtex-braun-color\">Career<\/mark><\/p>\n\n\n\n<h1 class=\"wp-block-heading has-text-align-center\">All <em>Job offers <\/em><br>for you.<\/h1>\n\n\n<div class=\"hintergrundbild-block\" style=\"  width: 100vw;  margin-left: calc(-50vw + 50%);  margin-top: 40px;  margin-bottom: 75px;   position: relative; \">\r\n          <img decoding=\"async\" src=\"https:\/\/www.gerster.com\/wp-content\/uploads\/2025\/07\/gerster-stellenangebot-bg.jpg\" alt=\"Hintergrundbild\"\r\n           style=\"width: 100%; height: 100%; object-fit: cover; position: absolute; top: 0; left: 0; min-height: 400px; z-index: -1;   object-position: center center\" loading=\"lazy\"\/>\r\n    <\/div>\r\n\r\n \r\n\r\n\r\n\r\n\r\n\n\n\n<div class=\"wp-block-columns is-layout-flex wp-container-core-columns-is-layout-9d6595d7 wp-block-columns-is-layout-flex\">\n<div class=\"wp-block-column is-layout-flow wp-block-column-is-layout-flow\" style=\"flex-basis:40%\">\n<div class=\"wp-block-custom-ueberschrift ueberschrift\"><div class=\"wp-block-columns\"><div class=\"wp-block-column\" style=\"flex-basis:100%\"><p>Career opportunity<\/p><h2>Shaping your career with <em>tradition &amp; future<\/em><\/h2><\/div><\/div><\/div>\n<\/div>\n\n\n\n<div class=\"wp-block-column is-layout-flow wp-block-column-is-layout-flow\">\n<p>As an internationally active, medium-sized family company in the textile industry with over 140 years of experience, we offer you a varied working environment. Our business divisions HeimTex and TechTex cover a wide range\u2014from decorative curtains and passementerie to innovative technical textiles for composites, smart textiles, and industrial applications.<\/p>\n\n\n\n<p>Thanks to this diversity, we offer a broad spectrum of professions and development opportunities\u2014from skilled trades to technical and commercial fields. Discover our current job openings now and become part of our dedicated team!<\/p>\n<\/div>\n<\/div>\n\n\n\n<div style=\"height:100px\" aria-hidden=\"true\" class=\"wp-block-spacer\"><\/div>\n\n\n\n<div class=\"wp-block-group is-content-justification-space-between is-nowrap is-layout-flex wp-container-core-group-is-layout-0dfbf163 wp-block-group-is-layout-flex\">\n<h2 class=\"wp-block-heading\"><em>Open <\/em>positions<\/h2>\n\n\n\n<div class=\"wp-block-buttons is-layout-flex wp-block-buttons-is-layout-flex\">\n<div class=\"wp-block-button\"><a class=\"wp-block-button__link wp-element-button\" href=\"https:\/\/form.typeform.com\/to\/pEMmX4KT?typeform-source=linktr.ee\" target=\"_blank\" rel=\"noreferrer noopener\">Unsolicited Application<\/a><\/div>\n<\/div>\n<\/div>\n\n\n\n<div style=\"height:50px\" aria-hidden=\"true\" class=\"wp-block-spacer\"><\/div>\n\n\n<div class=\"custom-query-loop\"><a href=\"https:\/\/www.gerster.com\/en\/karriere\/stellenangebote\/aussendienstmitarbeiter-sales-manager-in-belgien-m-w-d\/\" aria-label=\"Beitrag Vertriebsmitarbeiter \/ Sales-Manager in Belgien (m\/w\/d) lesen\" title=\"Read article: Trade Fair Report \u2013 HOMETEX 2024 in Bad Salzuflen\"><div class=\"row stellenangebote\"><div class=\"col-6\"><h3 class=\"job-title\">Sales Manager Belgium<\/h3><\/div><div class=\"col-6\"><div class=\"job-meta\"><p> full-time<\/p><p class=\"dif-color\">JOB<\/p><i class=\"fa-solid fa-arrow-right\"><\/i><\/div><\/div><\/div><\/a><a href=\"https:\/\/www.gerster.com\/en\/karriere\/stellenangebote\/kaufmaennischer-mitarbeiter-kalkulation-facility-management-m-w-d\/\" aria-label=\"Beitrag Kaufm\u00e4nnischer Mitarbeiter Kalkulation &amp; Facility Management (m\/w\/d) in Voll- oder Teilzeit lesen\" title=\"Read article: Trade Fair Report \u2013 HOMETEX 2024 in Bad Salzuflen\"><div class=\"row stellenangebote\"><div class=\"col-6\"><h3 class=\"job-title\">Commercial employee for costing and facility management (m\/f\/d) on a full-time or part-time basis<\/h3><\/div><div class=\"col-6\"><div class=\"job-meta\"><p> Full-time, part-time<\/p><p class=\"dif-color\">JOB<\/p><i class=\"fa-solid fa-arrow-right\"><\/i><\/div><\/div><\/div><\/a><a href=\"https:\/\/www.gerster.com\/en\/karriere\/stellenangebote\/ausbildung-zum-industriekaufmann-m-w-d\/\" aria-label=\"Beitrag Ausbildung zum Industriekaufmann (m\/w\/d) 2027 lesen\" title=\"Read article: Trade Fair Report \u2013 HOMETEX 2024 in Bad Salzuflen\"><div class=\"row stellenangebote\"><div class=\"col-6\"><h3 class=\"job-title\">Training as an industrial clerk (m\/f\/d) 2027<\/h3><\/div><div class=\"col-6\"><div class=\"job-meta\"><p> Apprenticeship<\/p><p class=\"dif-color\">JOB<\/p><i class=\"fa-solid fa-arrow-right\"><\/i><\/div><\/div><\/div><\/a><a href=\"https:\/\/www.gerster.com\/en\/karriere\/stellenangebote\/duales-studium-betriebswirtschaftslehre-mit-schwerpunkt-industrie\/\" aria-label=\"Beitrag Duales Studium Betriebswirtschaftslehre mit Schwerpunkt: Industrie\u00a02027 lesen\" title=\"Read article: Trade Fair Report \u2013 HOMETEX 2024 in Bad Salzuflen\"><div class=\"row stellenangebote\"><div class=\"col-6\"><h3 class=\"job-title\">Dual study program in business administration with a focus on industry 2027<\/h3><\/div><div class=\"col-6\"><div class=\"job-meta\"><p> Dual Study Program<\/p><p class=\"dif-color\">JOB<\/p><i class=\"fa-solid fa-arrow-right\"><\/i><\/div><\/div><\/div><\/a><a href=\"https:\/\/www.gerster.com\/en\/karriere\/stellenangebote\/duales-studium-betriebswirtschaftslehre-mit-schwerpunkt-international-business\/\" aria-label=\"Beitrag Duales Studium Betriebswirtschaftslehre mit Schwerpunkt: International Business\u00a02027 lesen\" title=\"Read article: Trade Fair Report \u2013 HOMETEX 2024 in Bad Salzuflen\"><div class=\"row stellenangebote\"><div class=\"col-6\"><h3 class=\"job-title\">Dual study program in business administration with a focus on international business 2027<\/h3><\/div><div class=\"col-6\"><div class=\"job-meta\"><p> Dual Study Program<\/p><p class=\"dif-color\">JOB<\/p><i class=\"fa-solid fa-arrow-right\"><\/i><\/div><\/div><\/div><\/a><a href=\"https:\/\/www.gerster.com\/en\/karriere\/stellenangebote\/ausbildung-zum-produktionsmechaniker-m-w-d\/\" aria-label=\"Beitrag Ausbildung zum Produktionsmechaniker (m\/w\/d) lesen\" title=\"Read article: Trade Fair Report \u2013 HOMETEX 2024 in Bad Salzuflen\"><div class=\"row stellenangebote\"><div class=\"col-6\"><h3 class=\"job-title\">Training as a production mechanic (m\/f\/d)<\/h3><\/div><div class=\"col-6\"><div class=\"job-meta\"><p> Apprenticeship<\/p><p class=\"dif-color\">JOB<\/p><i class=\"fa-solid fa-arrow-right\"><\/i><\/div><\/div><\/div><\/a><a href=\"https:\/\/www.gerster.com\/en\/karriere\/stellenangebote\/ausbildung-zum-maschinen-und-anlagefuehrer-m-w-d-schwerpunkt-textiltechnik\/\" aria-label=\"Beitrag Ausbildung zum Maschinen- und Anlagef\u00fchrer (m\/w\/d) Schwerpunkt: Textiltechnik lesen\" title=\"Read article: Trade Fair Report \u2013 HOMETEX 2024 in Bad Salzuflen\"><div class=\"row stellenangebote\"><div class=\"col-6\"><h3 class=\"job-title\">Training as a machine and plant operator (m\/f\/d) Focus: Textile technology<\/h3><\/div><div class=\"col-6\"><div class=\"job-meta\"><p> Apprenticeship<\/p><p class=\"dif-color\">JOB<\/p><i class=\"fa-solid fa-arrow-right\"><\/i><\/div><\/div><\/div><\/a><a href=\"https:\/\/www.gerster.com\/en\/karriere\/stellenangebote\/ausbildung-zur-zum-kauffrau-mann-im-e-commerce\/\" aria-label=\"Beitrag Ausbildung zum Kaufmann im E-Commerce (m\/w\/d) 2027 lesen\" title=\"Read article: Trade Fair Report \u2013 HOMETEX 2024 in Bad Salzuflen\"><div class=\"row stellenangebote\"><div class=\"col-6\"><h3 class=\"job-title\">Training as an e-commerce merchant (m\/f\/d)<\/h3><\/div><div class=\"col-6\"><div class=\"job-meta\"><p> Apprenticeship<\/p><p class=\"dif-color\">JOB<\/p><i class=\"fa-solid fa-arrow-right\"><\/i><\/div><\/div><\/div><\/a><a href=\"https:\/\/www.gerster.com\/en\/karriere\/stellenangebote\/ausbildung-zur-fachkraft-fuer-lagerlogistik-m-w-d\/\" aria-label=\"Beitrag Ausbildung zur Fachkraft f\u00fcr Lagerlogistik (m\/w\/d) lesen\" title=\"Read article: Trade Fair Report \u2013 HOMETEX 2024 in Bad Salzuflen\"><div class=\"row stellenangebote\"><div class=\"col-6\"><h3 class=\"job-title\">Training as a warehouse logistics specialist (m\/f\/d)<\/h3><\/div><div class=\"col-6\"><div class=\"job-meta\"><p> Apprenticeship<\/p><p class=\"dif-color\">JOB<\/p><i class=\"fa-solid fa-arrow-right\"><\/i><\/div><\/div><\/div><\/a><a href=\"https:\/\/www.gerster.com\/en\/karriere\/stellenangebote\/duales-studium-wirtschaftsingenieurwesen-maschinenbau-ba-mit-dem-schwerpunkt-technischer-vertrieb\/\" aria-label=\"Beitrag Duales Studium Wirtschaftsingenieurwesen \u2013 Maschinenbau (BA) mit dem Schwerpunkt Technischer Vertrieb 2027 lesen\" title=\"Read article: Trade Fair Report \u2013 HOMETEX 2024 in Bad Salzuflen\"><div class=\"row stellenangebote\"><div class=\"col-6\"><h3 class=\"job-title\">Dual study program in industrial engineering \u2013 mechanical engineering (BA) with a focus on technical sales 2027<\/h3><\/div><div class=\"col-6\"><div class=\"job-meta\"><p> Dual Study Program<\/p><p class=\"dif-color\">JOB<\/p><i class=\"fa-solid fa-arrow-right\"><\/i><\/div><\/div><\/div><\/a><\/div>\n\n\n<div style=\"height:100px\" aria-hidden=\"true\" class=\"wp-block-spacer\"><\/div>","protected":false},"excerpt":{"rendered":"<p>Karriere Alle Stellenangebote f\u00fcr Sie. Als international agierendes, mittelst\u00e4ndisches Familienunternehmen der Textilindustrie mit \u00fcber 140 Jahren Erfahrung bieten wir Ihnen ein abwechslungsreiches Arbeitsumfeld. Unsere Gesch\u00e4ftsbereiche HeimTex und TechTex decken ein breites Spektrum ab \u2013 von dekorativen Gardinen und Posamenten bis hin zu innovativen technischen Textilien f\u00fcr Composites, Smart Textiles und Industrieanwendungen. Dank dieser Vielfalt bieten [&hellip;]<\/p>\n","protected":false},"author":1,"featured_media":0,"parent":55,"menu_order":0,"comment_status":"closed","ping_status":"closed","template":"","meta":{"_acf_changed":false,"footnotes":""},"class_list":["post-59","page","type-page","status-publish","hentry"],"acf":[],"yoast_head":"<!-- This site is optimized with the Yoast SEO plugin v27.5 - https:\/\/yoast.com\/product\/yoast-seo-wordpress\/ -->\n<title>Stellenangebote bei Gerster \u25ba aktuelle Jobs entdecken<\/title>\n<meta name=\"description\" content=\"Offene Stellen, Einstiegs- und Entwicklungsm\u00f6glichkeiten bei Gerster \u25ba Jetzt passende Position finden und bewerben und durchstarten!\" \/>\n<meta name=\"robots\" content=\"index, follow, max-snippet:-1, max-image-preview:large, max-video-preview:-1\" \/>\n<link rel=\"canonical\" href=\"https:\/\/www.gerster.com\/en\/karriere\/stellenangebote\/\" \/>\n<meta property=\"og:locale\" content=\"en_GB\" \/>\n<meta property=\"og:type\" content=\"article\" \/>\n<meta property=\"og:title\" content=\"Stellenangebote bei Gerster \u25ba aktuelle Jobs entdecken\" \/>\n<meta property=\"og:description\" content=\"Offene Stellen, Einstiegs- und Entwicklungsm\u00f6glichkeiten bei Gerster \u25ba Jetzt passende Position finden und bewerben und durchstarten!\" \/>\n<meta property=\"og:url\" content=\"https:\/\/www.gerster.com\/en\/karriere\/stellenangebote\/\" \/>\n<meta property=\"og:site_name\" content=\"Gerster HeimTex - Ihr Partner f\u00fcr hochwertige Gardinen, B\u00e4nder &amp; Accessoires\" \/>\n<meta property=\"article:publisher\" content=\"https:\/\/www.facebook.com\/GersterCollection\" \/>\n<meta property=\"article:modified_time\" content=\"2025-11-27T09:01:37+00:00\" \/>\n<meta name=\"twitter:card\" content=\"summary_large_image\" \/>\n<script type=\"application\/ld+json\" class=\"yoast-schema-graph\">{\"@context\":\"https:\\\/\\\/schema.org\",\"@graph\":[{\"@type\":\"WebPage\",\"@id\":\"https:\\\/\\\/www.gerster.com\\\/karriere\\\/stellenangebote\\\/\",\"url\":\"https:\\\/\\\/www.gerster.com\\\/karriere\\\/stellenangebote\\\/\",\"name\":\"Stellenangebote bei Gerster \u25ba aktuelle Jobs entdecken\",\"isPartOf\":{\"@id\":\"https:\\\/\\\/www.gerster.com\\\/en\\\/#website\"},\"datePublished\":\"2025-04-25T11:18:53+00:00\",\"dateModified\":\"2025-11-27T09:01:37+00:00\",\"description\":\"Offene Stellen, Einstiegs- und Entwicklungsm\u00f6glichkeiten bei Gerster \u25ba Jetzt passende Position finden und bewerben und durchstarten!\",\"breadcrumb\":{\"@id\":\"https:\\\/\\\/www.gerster.com\\\/karriere\\\/stellenangebote\\\/#breadcrumb\"},\"inLanguage\":\"en-GB\",\"potentialAction\":[{\"@type\":\"ReadAction\",\"target\":[\"https:\\\/\\\/www.gerster.com\\\/karriere\\\/stellenangebote\\\/\"]}]},{\"@type\":\"BreadcrumbList\",\"@id\":\"https:\\\/\\\/www.gerster.com\\\/karriere\\\/stellenangebote\\\/#breadcrumb\",\"itemListElement\":[{\"@type\":\"ListItem\",\"position\":1,\"name\":\"Startseite\",\"item\":\"https:\\\/\\\/www.gerster.com\\\/\"},{\"@type\":\"ListItem\",\"position\":2,\"name\":\"Karriere\",\"item\":\"https:\\\/\\\/www.gerster.com\\\/karriere\\\/\"},{\"@type\":\"ListItem\",\"position\":3,\"name\":\"Stellenangebote\"}]},{\"@type\":\"WebSite\",\"@id\":\"https:\\\/\\\/www.gerster.com\\\/en\\\/#website\",\"url\":\"https:\\\/\\\/www.gerster.com\\\/en\\\/\",\"name\":\"Gerster HeimTex - Ihr Partner f\u00fcr hochwertige Gardinen, B\u00e4nder & Accessoires\",\"description\":\"\",\"publisher\":{\"@id\":\"https:\\\/\\\/www.gerster.com\\\/en\\\/#organization\"},\"potentialAction\":[{\"@type\":\"SearchAction\",\"target\":{\"@type\":\"EntryPoint\",\"urlTemplate\":\"https:\\\/\\\/www.gerster.com\\\/en\\\/?s={search_term_string}\"},\"query-input\":{\"@type\":\"PropertyValueSpecification\",\"valueRequired\":true,\"valueName\":\"search_term_string\"}}],\"inLanguage\":\"en-GB\"},{\"@type\":\"Organization\",\"@id\":\"https:\\\/\\\/www.gerster.com\\\/en\\\/#organization\",\"name\":\"Gerster HeimTex - Ihr Partner f\u00fcr hochwertige Gardinen, B\u00e4nder & Accessoires\",\"url\":\"https:\\\/\\\/www.gerster.com\\\/en\\\/\",\"logo\":{\"@type\":\"ImageObject\",\"inLanguage\":\"en-GB\",\"@id\":\"https:\\\/\\\/www.gerster.com\\\/en\\\/#\\\/schema\\\/logo\\\/image\\\/\",\"url\":\"https:\\\/\\\/www.gerster.com\\\/wp-content\\\/uploads\\\/2025\\\/05\\\/gerster-hometex-logo.png\",\"contentUrl\":\"https:\\\/\\\/www.gerster.com\\\/wp-content\\\/uploads\\\/2025\\\/05\\\/gerster-hometex-logo.png\",\"width\":213,\"height\":84,\"caption\":\"Gerster HeimTex - Ihr Partner f\u00fcr hochwertige Gardinen, B\u00e4nder & Accessoires\"},\"image\":{\"@id\":\"https:\\\/\\\/www.gerster.com\\\/en\\\/#\\\/schema\\\/logo\\\/image\\\/\"},\"sameAs\":[\"https:\\\/\\\/www.facebook.com\\\/GersterCollection\",\"https:\\\/\\\/www.instagram.com\\\/gerster_biberach\\\/\",\"https:\\\/\\\/www.youtube.com\\\/user\\\/GersterCollection\\\/videos\"]}]}<\/script>\n<!-- \/ Yoast SEO plugin. -->","yoast_head_json":{"title":"Stellenangebote bei Gerster \u25ba aktuelle Jobs entdecken","description":"Offene Stellen, Einstiegs- und Entwicklungsm\u00f6glichkeiten bei Gerster \u25ba Jetzt passende Position finden und bewerben und durchstarten!","robots":{"index":"index","follow":"follow","max-snippet":"max-snippet:-1","max-image-preview":"max-image-preview:large","max-video-preview":"max-video-preview:-1"},"canonical":"https:\/\/www.gerster.com\/en\/karriere\/stellenangebote\/","og_locale":"en_GB","og_type":"article","og_title":"Stellenangebote bei Gerster \u25ba aktuelle Jobs entdecken","og_description":"Offene Stellen, Einstiegs- und Entwicklungsm\u00f6glichkeiten bei Gerster \u25ba Jetzt passende Position finden und bewerben und durchstarten!","og_url":"https:\/\/www.gerster.com\/en\/karriere\/stellenangebote\/","og_site_name":"Gerster HeimTex - Ihr Partner f\u00fcr hochwertige Gardinen, B\u00e4nder &amp; Accessoires","article_publisher":"https:\/\/www.facebook.com\/GersterCollection","article_modified_time":"2025-11-27T09:01:37+00:00","twitter_card":"summary_large_image","schema":{"@context":"https:\/\/schema.org","@graph":[{"@type":"WebPage","@id":"https:\/\/www.gerster.com\/karriere\/stellenangebote\/","url":"https:\/\/www.gerster.com\/karriere\/stellenangebote\/","name":"Stellenangebote bei Gerster \u25ba aktuelle Jobs entdecken","isPartOf":{"@id":"https:\/\/www.gerster.com\/en\/#website"},"datePublished":"2025-04-25T11:18:53+00:00","dateModified":"2025-11-27T09:01:37+00:00","description":"Offene Stellen, Einstiegs- und Entwicklungsm\u00f6glichkeiten bei Gerster \u25ba Jetzt passende Position finden und bewerben und durchstarten!","breadcrumb":{"@id":"https:\/\/www.gerster.com\/karriere\/stellenangebote\/#breadcrumb"},"inLanguage":"en-GB","potentialAction":[{"@type":"ReadAction","target":["https:\/\/www.gerster.com\/karriere\/stellenangebote\/"]}]},{"@type":"BreadcrumbList","@id":"https:\/\/www.gerster.com\/karriere\/stellenangebote\/#breadcrumb","itemListElement":[{"@type":"ListItem","position":1,"name":"Startseite","item":"https:\/\/www.gerster.com\/"},{"@type":"ListItem","position":2,"name":"Karriere","item":"https:\/\/www.gerster.com\/karriere\/"},{"@type":"ListItem","position":3,"name":"Stellenangebote"}]},{"@type":"WebSite","@id":"https:\/\/www.gerster.com\/en\/#website","url":"https:\/\/www.gerster.com\/en\/","name":"Gerster HeimTex - Ihr Partner f\u00fcr hochwertige Gardinen, B\u00e4nder & Accessoires","description":"","publisher":{"@id":"https:\/\/www.gerster.com\/en\/#organization"},"potentialAction":[{"@type":"SearchAction","target":{"@type":"EntryPoint","urlTemplate":"https:\/\/www.gerster.com\/en\/?s={search_term_string}"},"query-input":{"@type":"PropertyValueSpecification","valueRequired":true,"valueName":"search_term_string"}}],"inLanguage":"en-GB"},{"@type":"Organization","@id":"https:\/\/www.gerster.com\/en\/#organization","name":"Gerster HeimTex - Ihr Partner f\u00fcr hochwertige Gardinen, B\u00e4nder & Accessoires","url":"https:\/\/www.gerster.com\/en\/","logo":{"@type":"ImageObject","inLanguage":"en-GB","@id":"https:\/\/www.gerster.com\/en\/#\/schema\/logo\/image\/","url":"https:\/\/www.gerster.com\/wp-content\/uploads\/2025\/05\/gerster-hometex-logo.png","contentUrl":"https:\/\/www.gerster.com\/wp-content\/uploads\/2025\/05\/gerster-hometex-logo.png","width":213,"height":84,"caption":"Gerster HeimTex - Ihr Partner f\u00fcr hochwertige Gardinen, B\u00e4nder & Accessoires"},"image":{"@id":"https:\/\/www.gerster.com\/en\/#\/schema\/logo\/image\/"},"sameAs":["https:\/\/www.facebook.com\/GersterCollection","https:\/\/www.instagram.com\/gerster_biberach\/","https:\/\/www.youtube.com\/user\/GersterCollection\/videos"]}]}},"_links":{"self":[{"href":"https:\/\/www.gerster.com\/en\/wp-json\/wp\/v2\/pages\/59","targetHints":{"allow":["GET"]}}],"collection":[{"href":"https:\/\/www.gerster.com\/en\/wp-json\/wp\/v2\/pages"}],"about":[{"href":"https:\/\/www.gerster.com\/en\/wp-json\/wp\/v2\/types\/page"}],"author":[{"embeddable":true,"href":"https:\/\/www.gerster.com\/en\/wp-json\/wp\/v2\/users\/1"}],"replies":[{"embeddable":true,"href":"https:\/\/www.gerster.com\/en\/wp-json\/wp\/v2\/comments?post=59"}],"version-history":[{"count":18,"href":"https:\/\/www.gerster.com\/en\/wp-json\/wp\/v2\/pages\/59\/revisions"}],"predecessor-version":[{"id":2207,"href":"https:\/\/www.gerster.com\/en\/wp-json\/wp\/v2\/pages\/59\/revisions\/2207"}],"up":[{"embeddable":true,"href":"https:\/\/www.gerster.com\/en\/wp-json\/wp\/v2\/pages\/55"}],"wp:attachment":[{"href":"https:\/\/www.gerster.com\/en\/wp-json\/wp\/v2\/media?parent=59"}],"curies":[{"name":"wp","href":"https:\/\/api.w.org\/{rel}","templated":true}]}}