{"id":61,"date":"2025-04-25T13:19:07","date_gmt":"2025-04-25T11:19:07","guid":{"rendered":"http:\/\/localhost\/gerster-heimtex\/?page_id=61"},"modified":"2025-11-27T10:00:11","modified_gmt":"2025-11-27T09:00:11","slug":"ansprechpartner","status":"publish","type":"page","link":"https:\/\/www.gerster.com\/en\/karriere\/ansprechpartner\/","title":{"rendered":"Contact person"},"content":{"rendered":"<div class=\"wp-block-custom-ueberschrift-zentriert ueberschrift-zentriert\" style=\"flex-basis:100%\"><p>Career<\/p><h1>HeimTex <em>Contact person<\/em><\/h1><\/div>\n\n\n<div class=\"hintergrundbild-block\" style=\"  width: 100vw;  margin-left: calc(-50vw + 50%);  margin-top: 40px;  margin-bottom: 75px;   position: relative; \">\r\n          <img decoding=\"async\" src=\"https:\/\/www.gerster.com\/wp-content\/uploads\/2025\/06\/gerster-social-media-final_27-scaled.jpg\" alt=\"Hintergrundbild\"\r\n           style=\"width: 100%; height: 100%; object-fit: cover; position: absolute; top: 0; left: 0; min-height: 400px; z-index: -1;   object-position: center center\" loading=\"lazy\"\/>\r\n    <\/div>\r\n\r\n \r\n\r\n\r\n\r\n\r\n\n\n\n<div class=\"wp-block-columns is-layout-flex wp-container-core-columns-is-layout-9d6595d7 wp-block-columns-is-layout-flex\">\n<div class=\"wp-block-column is-layout-flow wp-block-column-is-layout-flow\" style=\"flex-basis:25%\">\n<div class=\"wp-block-custom-ueberschrift-klein-punkt ueberschrift-klein-punkt\"><p>Contact person<\/p><\/div>\n<\/div>\n\n\n\n<div class=\"wp-block-column is-layout-flow wp-block-column-is-layout-flow\" style=\"flex-basis:30%\">\n<h2 class=\"wp-block-heading\">Questions about <em>your professional future<\/em><\/h2>\n<\/div>\n\n\n\n<div class=\"wp-block-column is-layout-flow wp-block-column-is-layout-flow\">\n<h2 class=\"wp-block-heading\"><\/h2>\n\n\n\n<p>Do you have questions about our job openings, apprenticeships, or internship opportunities? We are happy to assist you! As your contact persons, we will support you throughout your application process and answer all your concerns regarding your professional future at Gerster.<\/p>\n\n\n\n<p>We are at your service and look forward to your inquiry!<\/p>\n<\/div>\n<\/div>\n\n\n\n<div style=\"height:75px\" aria-hidden=\"true\" class=\"wp-block-spacer\"><\/div>\n\n\n\n<div class=\"wp-block-columns is-layout-flex wp-container-core-columns-is-layout-9d6595d7 wp-block-columns-is-layout-flex\">\n<div class=\"wp-block-column is-layout-flow wp-block-column-is-layout-flow\" style=\"flex-basis:25%\">\n<figure class=\"wp-block-image size-large is-resized\"><img loading=\"lazy\" decoding=\"async\" width=\"1024\" height=\"1024\" src=\"https:\/\/www.gerster.com\/wp-content\/uploads\/2025\/10\/2025-10-29-GRAF-THOMAS_NEU-1024x1024.png\" alt=\"\" class=\"wp-image-2924\" style=\"aspect-ratio:1;object-fit:cover;width:200px;height:auto\" srcset=\"https:\/\/www.gerster.com\/wp-content\/uploads\/2025\/10\/2025-10-29-GRAF-THOMAS_NEU-1024x1024.png 1024w, https:\/\/www.gerster.com\/wp-content\/uploads\/2025\/10\/2025-10-29-GRAF-THOMAS_NEU-300x300.png 300w, https:\/\/www.gerster.com\/wp-content\/uploads\/2025\/10\/2025-10-29-GRAF-THOMAS_NEU-150x150.png 150w, https:\/\/www.gerster.com\/wp-content\/uploads\/2025\/10\/2025-10-29-GRAF-THOMAS_NEU-768x768.png 768w, https:\/\/www.gerster.com\/wp-content\/uploads\/2025\/10\/2025-10-29-GRAF-THOMAS_NEU-1536x1536.png 1536w, https:\/\/www.gerster.com\/wp-content\/uploads\/2025\/10\/2025-10-29-GRAF-THOMAS_NEU-2048x2048.png 2048w, https:\/\/www.gerster.com\/wp-content\/uploads\/2025\/10\/2025-10-29-GRAF-THOMAS_NEU-12x12.png 12w\" sizes=\"auto, (max-width: 1024px) 100vw, 1024px\" \/><\/figure>\n<\/div>\n\n\n\n<div class=\"wp-block-column is-layout-flow wp-block-column-is-layout-flow\" style=\"flex-basis:30%\">\n<h2 class=\"wp-block-heading\">Thomas <em>Graf<\/em><\/h2>\n\n\n\n<p>Head of Human Resources<\/p>\n<\/div>\n\n\n\n<div class=\"wp-block-column is-layout-flow wp-block-column-is-layout-flow\">\n<p><a href=\"mailto:thomas.graf@gerster.com\">thomas.graf@gerster.com<\/a><\/p>\n\n\n\n<p>+49 7351 \/ 586 \u2013 180<\/p>\n<\/div>\n<\/div>\n\n\n\n<div style=\"height:75px\" aria-hidden=\"true\" class=\"wp-block-spacer\"><\/div>\n\n\n\n<div class=\"wp-block-columns is-layout-flex wp-container-core-columns-is-layout-9d6595d7 wp-block-columns-is-layout-flex\">\n<div class=\"wp-block-column is-layout-flow wp-block-column-is-layout-flow\" style=\"flex-basis:25%\">\n<figure class=\"wp-block-image size-large is-resized\"><img loading=\"lazy\" decoding=\"async\" width=\"878\" height=\"1024\" src=\"https:\/\/www.gerster.com\/wp-content\/uploads\/2025\/10\/DSC05365_gerster-1-878x1024.jpg\" alt=\"\" class=\"wp-image-2426\" style=\"aspect-ratio:1;object-fit:cover;width:200px\" srcset=\"https:\/\/www.gerster.com\/wp-content\/uploads\/2025\/10\/DSC05365_gerster-1-878x1024.jpg 878w, https:\/\/www.gerster.com\/wp-content\/uploads\/2025\/10\/DSC05365_gerster-1-257x300.jpg 257w, https:\/\/www.gerster.com\/wp-content\/uploads\/2025\/10\/DSC05365_gerster-1-768x896.jpg 768w, https:\/\/www.gerster.com\/wp-content\/uploads\/2025\/10\/DSC05365_gerster-1-1316x1536.jpg 1316w, https:\/\/www.gerster.com\/wp-content\/uploads\/2025\/10\/DSC05365_gerster-1-1755x2048.jpg 1755w, https:\/\/www.gerster.com\/wp-content\/uploads\/2025\/10\/DSC05365_gerster-1-10x12.jpg 10w\" sizes=\"auto, (max-width: 878px) 100vw, 878px\" \/><\/figure>\n<\/div>\n\n\n\n<div class=\"wp-block-column is-layout-flow wp-block-column-is-layout-flow\" style=\"flex-basis:30%\">\n<h2 class=\"wp-block-heading\">Shalima <em>Bl\u00e4ttchen<\/em><\/h2>\n\n\n\n<p>Contact Person for Training and Development<\/p>\n<\/div>\n\n\n\n<div class=\"wp-block-column is-layout-flow wp-block-column-is-layout-flow\">\n<p><a href=\"mailto:shalima.blaettchen@gerster.com\">shalima.blaettchen@gerster.com<\/a><\/p>\n\n\n\n<p>+49 7351 \/ 586 \u2013 182<\/p>\n<\/div>\n<\/div>\n\n\n\n<div style=\"height:75px\" aria-hidden=\"true\" class=\"wp-block-spacer\"><\/div>","protected":false},"excerpt":{"rendered":"<p>Fragen zur beruflichen Zukunft Haben Sie Fragen zu unseren Stellenangeboten, Ausbildungspl\u00e4tzen oder Praktikumsm\u00f6glichkeiten? Wir stehen Ihnen gerne zur Verf\u00fcgung! Als Ansprechpartner begleiten wir Sie bei Ihrem Bewerbungsprozess und beantworten alle Ihre Anliegen rund um Ihre berufliche Zukunft bei Gerster. Wir stehen Ihnen gerne zur Verf\u00fcgung und freuen uns auf Ihre Anfrage! Thomas Graf Personalleiter thomas.graf@gerster.com [&hellip;]<\/p>\n","protected":false},"author":1,"featured_media":0,"parent":55,"menu_order":0,"comment_status":"closed","ping_status":"closed","template":"","meta":{"_acf_changed":false,"footnotes":""},"class_list":["post-61","page","type-page","status-publish","hentry"],"acf":[],"yoast_head":"<!-- This site is optimized with the Yoast SEO plugin v27.5 - https:\/\/yoast.com\/product\/yoast-seo-wordpress\/ -->\n<title>Ansprechpartner \u25ba Kontakt f\u00fcr Karriere &amp; Bewerbung<\/title>\n<meta name=\"description\" content=\"Ansprechpartnerinnen und Ansprechpartner f\u00fcr \u2713 Bewerbungen \u2713 Karrierefragen bei Gerster \u25ba Jetzt Kontakt aufnehmen!\" \/>\n<meta name=\"robots\" content=\"index, follow, max-snippet:-1, max-image-preview:large, max-video-preview:-1\" \/>\n<link rel=\"canonical\" href=\"https:\/\/www.gerster.com\/en\/karriere\/ansprechpartner\/\" \/>\n<meta property=\"og:locale\" content=\"en_GB\" \/>\n<meta property=\"og:type\" content=\"article\" \/>\n<meta property=\"og:title\" content=\"Ansprechpartner \u25ba Kontakt f\u00fcr Karriere &amp; Bewerbung\" \/>\n<meta property=\"og:description\" content=\"Ansprechpartnerinnen und Ansprechpartner f\u00fcr \u2713 Bewerbungen \u2713 Karrierefragen bei Gerster \u25ba Jetzt Kontakt aufnehmen!\" \/>\n<meta property=\"og:url\" content=\"https:\/\/www.gerster.com\/en\/karriere\/ansprechpartner\/\" \/>\n<meta property=\"og:site_name\" content=\"Gerster HeimTex - Ihr Partner f\u00fcr hochwertige Gardinen, B\u00e4nder &amp; Accessoires\" \/>\n<meta property=\"article:publisher\" content=\"https:\/\/www.facebook.com\/GersterCollection\" \/>\n<meta property=\"article:modified_time\" content=\"2025-11-27T09:00:11+00:00\" \/>\n<meta property=\"og:image\" content=\"https:\/\/www.gerster.com\/wp-content\/uploads\/2025\/10\/2025-10-29-GRAF-THOMAS_NEU-1024x1024.png\" \/>\n<meta name=\"twitter:card\" content=\"summary_large_image\" \/>\n<script type=\"application\/ld+json\" class=\"yoast-schema-graph\">{\"@context\":\"https:\\\/\\\/schema.org\",\"@graph\":[{\"@type\":\"WebPage\",\"@id\":\"https:\\\/\\\/www.gerster.com\\\/karriere\\\/ansprechpartner\\\/\",\"url\":\"https:\\\/\\\/www.gerster.com\\\/karriere\\\/ansprechpartner\\\/\",\"name\":\"Ansprechpartner \u25ba Kontakt f\u00fcr Karriere & Bewerbung\",\"isPartOf\":{\"@id\":\"https:\\\/\\\/www.gerster.com\\\/en\\\/#website\"},\"primaryImageOfPage\":{\"@id\":\"https:\\\/\\\/www.gerster.com\\\/karriere\\\/ansprechpartner\\\/#primaryimage\"},\"image\":{\"@id\":\"https:\\\/\\\/www.gerster.com\\\/karriere\\\/ansprechpartner\\\/#primaryimage\"},\"thumbnailUrl\":\"https:\\\/\\\/www.gerster.com\\\/wp-content\\\/uploads\\\/2025\\\/10\\\/2025-10-29-GRAF-THOMAS_NEU-1024x1024.png\",\"datePublished\":\"2025-04-25T11:19:07+00:00\",\"dateModified\":\"2025-11-27T09:00:11+00:00\",\"description\":\"Ansprechpartnerinnen und Ansprechpartner f\u00fcr \u2713 Bewerbungen \u2713 Karrierefragen bei Gerster \u25ba Jetzt Kontakt aufnehmen!\",\"breadcrumb\":{\"@id\":\"https:\\\/\\\/www.gerster.com\\\/karriere\\\/ansprechpartner\\\/#breadcrumb\"},\"inLanguage\":\"en-GB\",\"potentialAction\":[{\"@type\":\"ReadAction\",\"target\":[\"https:\\\/\\\/www.gerster.com\\\/karriere\\\/ansprechpartner\\\/\"]}]},{\"@type\":\"ImageObject\",\"inLanguage\":\"en-GB\",\"@id\":\"https:\\\/\\\/www.gerster.com\\\/karriere\\\/ansprechpartner\\\/#primaryimage\",\"url\":\"https:\\\/\\\/www.gerster.com\\\/wp-content\\\/uploads\\\/2025\\\/10\\\/2025-10-29-GRAF-THOMAS_NEU-1024x1024.png\",\"contentUrl\":\"https:\\\/\\\/www.gerster.com\\\/wp-content\\\/uploads\\\/2025\\\/10\\\/2025-10-29-GRAF-THOMAS_NEU-1024x1024.png\"},{\"@type\":\"BreadcrumbList\",\"@id\":\"https:\\\/\\\/www.gerster.com\\\/karriere\\\/ansprechpartner\\\/#breadcrumb\",\"itemListElement\":[{\"@type\":\"ListItem\",\"position\":1,\"name\":\"Startseite\",\"item\":\"https:\\\/\\\/www.gerster.com\\\/\"},{\"@type\":\"ListItem\",\"position\":2,\"name\":\"Karriere\",\"item\":\"https:\\\/\\\/www.gerster.com\\\/karriere\\\/\"},{\"@type\":\"ListItem\",\"position\":3,\"name\":\"Ansprechpartner\"}]},{\"@type\":\"WebSite\",\"@id\":\"https:\\\/\\\/www.gerster.com\\\/en\\\/#website\",\"url\":\"https:\\\/\\\/www.gerster.com\\\/en\\\/\",\"name\":\"Gerster HeimTex - Ihr Partner f\u00fcr hochwertige Gardinen, B\u00e4nder & Accessoires\",\"description\":\"\",\"publisher\":{\"@id\":\"https:\\\/\\\/www.gerster.com\\\/en\\\/#organization\"},\"potentialAction\":[{\"@type\":\"SearchAction\",\"target\":{\"@type\":\"EntryPoint\",\"urlTemplate\":\"https:\\\/\\\/www.gerster.com\\\/en\\\/?s={search_term_string}\"},\"query-input\":{\"@type\":\"PropertyValueSpecification\",\"valueRequired\":true,\"valueName\":\"search_term_string\"}}],\"inLanguage\":\"en-GB\"},{\"@type\":\"Organization\",\"@id\":\"https:\\\/\\\/www.gerster.com\\\/en\\\/#organization\",\"name\":\"Gerster HeimTex - Ihr Partner f\u00fcr hochwertige Gardinen, B\u00e4nder & Accessoires\",\"url\":\"https:\\\/\\\/www.gerster.com\\\/en\\\/\",\"logo\":{\"@type\":\"ImageObject\",\"inLanguage\":\"en-GB\",\"@id\":\"https:\\\/\\\/www.gerster.com\\\/en\\\/#\\\/schema\\\/logo\\\/image\\\/\",\"url\":\"https:\\\/\\\/www.gerster.com\\\/wp-content\\\/uploads\\\/2025\\\/05\\\/gerster-hometex-logo.png\",\"contentUrl\":\"https:\\\/\\\/www.gerster.com\\\/wp-content\\\/uploads\\\/2025\\\/05\\\/gerster-hometex-logo.png\",\"width\":213,\"height\":84,\"caption\":\"Gerster HeimTex - Ihr Partner f\u00fcr hochwertige Gardinen, B\u00e4nder & Accessoires\"},\"image\":{\"@id\":\"https:\\\/\\\/www.gerster.com\\\/en\\\/#\\\/schema\\\/logo\\\/image\\\/\"},\"sameAs\":[\"https:\\\/\\\/www.facebook.com\\\/GersterCollection\",\"https:\\\/\\\/www.instagram.com\\\/gerster_biberach\\\/\",\"https:\\\/\\\/www.youtube.com\\\/user\\\/GersterCollection\\\/videos\"]}]}<\/script>\n<!-- \/ Yoast SEO plugin. -->","yoast_head_json":{"title":"Ansprechpartner \u25ba Kontakt f\u00fcr Karriere & Bewerbung","description":"Ansprechpartnerinnen und Ansprechpartner f\u00fcr \u2713 Bewerbungen \u2713 Karrierefragen bei Gerster \u25ba Jetzt Kontakt aufnehmen!","robots":{"index":"index","follow":"follow","max-snippet":"max-snippet:-1","max-image-preview":"max-image-preview:large","max-video-preview":"max-video-preview:-1"},"canonical":"https:\/\/www.gerster.com\/en\/karriere\/ansprechpartner\/","og_locale":"en_GB","og_type":"article","og_title":"Ansprechpartner \u25ba Kontakt f\u00fcr Karriere & Bewerbung","og_description":"Ansprechpartnerinnen und Ansprechpartner f\u00fcr \u2713 Bewerbungen \u2713 Karrierefragen bei Gerster \u25ba Jetzt Kontakt aufnehmen!","og_url":"https:\/\/www.gerster.com\/en\/karriere\/ansprechpartner\/","og_site_name":"Gerster HeimTex - Ihr Partner f\u00fcr hochwertige Gardinen, B\u00e4nder &amp; Accessoires","article_publisher":"https:\/\/www.facebook.com\/GersterCollection","article_modified_time":"2025-11-27T09:00:11+00:00","og_image":[{"url":"https:\/\/www.gerster.com\/wp-content\/uploads\/2025\/10\/2025-10-29-GRAF-THOMAS_NEU-1024x1024.png","type":"","width":"","height":""}],"twitter_card":"summary_large_image","schema":{"@context":"https:\/\/schema.org","@graph":[{"@type":"WebPage","@id":"https:\/\/www.gerster.com\/karriere\/ansprechpartner\/","url":"https:\/\/www.gerster.com\/karriere\/ansprechpartner\/","name":"Ansprechpartner \u25ba Kontakt f\u00fcr Karriere & Bewerbung","isPartOf":{"@id":"https:\/\/www.gerster.com\/en\/#website"},"primaryImageOfPage":{"@id":"https:\/\/www.gerster.com\/karriere\/ansprechpartner\/#primaryimage"},"image":{"@id":"https:\/\/www.gerster.com\/karriere\/ansprechpartner\/#primaryimage"},"thumbnailUrl":"https:\/\/www.gerster.com\/wp-content\/uploads\/2025\/10\/2025-10-29-GRAF-THOMAS_NEU-1024x1024.png","datePublished":"2025-04-25T11:19:07+00:00","dateModified":"2025-11-27T09:00:11+00:00","description":"Ansprechpartnerinnen und Ansprechpartner f\u00fcr \u2713 Bewerbungen \u2713 Karrierefragen bei Gerster \u25ba Jetzt Kontakt aufnehmen!","breadcrumb":{"@id":"https:\/\/www.gerster.com\/karriere\/ansprechpartner\/#breadcrumb"},"inLanguage":"en-GB","potentialAction":[{"@type":"ReadAction","target":["https:\/\/www.gerster.com\/karriere\/ansprechpartner\/"]}]},{"@type":"ImageObject","inLanguage":"en-GB","@id":"https:\/\/www.gerster.com\/karriere\/ansprechpartner\/#primaryimage","url":"https:\/\/www.gerster.com\/wp-content\/uploads\/2025\/10\/2025-10-29-GRAF-THOMAS_NEU-1024x1024.png","contentUrl":"https:\/\/www.gerster.com\/wp-content\/uploads\/2025\/10\/2025-10-29-GRAF-THOMAS_NEU-1024x1024.png"},{"@type":"BreadcrumbList","@id":"https:\/\/www.gerster.com\/karriere\/ansprechpartner\/#breadcrumb","itemListElement":[{"@type":"ListItem","position":1,"name":"Startseite","item":"https:\/\/www.gerster.com\/"},{"@type":"ListItem","position":2,"name":"Karriere","item":"https:\/\/www.gerster.com\/karriere\/"},{"@type":"ListItem","position":3,"name":"Ansprechpartner"}]},{"@type":"WebSite","@id":"https:\/\/www.gerster.com\/en\/#website","url":"https:\/\/www.gerster.com\/en\/","name":"Gerster HeimTex - Ihr Partner f\u00fcr hochwertige Gardinen, B\u00e4nder & Accessoires","description":"","publisher":{"@id":"https:\/\/www.gerster.com\/en\/#organization"},"potentialAction":[{"@type":"SearchAction","target":{"@type":"EntryPoint","urlTemplate":"https:\/\/www.gerster.com\/en\/?s={search_term_string}"},"query-input":{"@type":"PropertyValueSpecification","valueRequired":true,"valueName":"search_term_string"}}],"inLanguage":"en-GB"},{"@type":"Organization","@id":"https:\/\/www.gerster.com\/en\/#organization","name":"Gerster HeimTex - Ihr Partner f\u00fcr hochwertige Gardinen, B\u00e4nder & Accessoires","url":"https:\/\/www.gerster.com\/en\/","logo":{"@type":"ImageObject","inLanguage":"en-GB","@id":"https:\/\/www.gerster.com\/en\/#\/schema\/logo\/image\/","url":"https:\/\/www.gerster.com\/wp-content\/uploads\/2025\/05\/gerster-hometex-logo.png","contentUrl":"https:\/\/www.gerster.com\/wp-content\/uploads\/2025\/05\/gerster-hometex-logo.png","width":213,"height":84,"caption":"Gerster HeimTex - Ihr Partner f\u00fcr hochwertige Gardinen, B\u00e4nder & Accessoires"},"image":{"@id":"https:\/\/www.gerster.com\/en\/#\/schema\/logo\/image\/"},"sameAs":["https:\/\/www.facebook.com\/GersterCollection","https:\/\/www.instagram.com\/gerster_biberach\/","https:\/\/www.youtube.com\/user\/GersterCollection\/videos"]}]}},"_links":{"self":[{"href":"https:\/\/www.gerster.com\/en\/wp-json\/wp\/v2\/pages\/61","targetHints":{"allow":["GET"]}}],"collection":[{"href":"https:\/\/www.gerster.com\/en\/wp-json\/wp\/v2\/pages"}],"about":[{"href":"https:\/\/www.gerster.com\/en\/wp-json\/wp\/v2\/types\/page"}],"author":[{"embeddable":true,"href":"https:\/\/www.gerster.com\/en\/wp-json\/wp\/v2\/users\/1"}],"replies":[{"embeddable":true,"href":"https:\/\/www.gerster.com\/en\/wp-json\/wp\/v2\/comments?post=61"}],"version-history":[{"count":43,"href":"https:\/\/www.gerster.com\/en\/wp-json\/wp\/v2\/pages\/61\/revisions"}],"predecessor-version":[{"id":2925,"href":"https:\/\/www.gerster.com\/en\/wp-json\/wp\/v2\/pages\/61\/revisions\/2925"}],"up":[{"embeddable":true,"href":"https:\/\/www.gerster.com\/en\/wp-json\/wp\/v2\/pages\/55"}],"wp:attachment":[{"href":"https:\/\/www.gerster.com\/en\/wp-json\/wp\/v2\/media?parent=61"}],"curies":[{"name":"wp","href":"https:\/\/api.w.org\/{rel}","templated":true}]}}