{"id":668,"date":"2025-07-22T10:30:20","date_gmt":"2025-07-22T08:30:20","guid":{"rendered":"http:\/\/localhost\/gerster-heimtex\/?page_id=668"},"modified":"2026-03-05T15:56:39","modified_gmt":"2026-03-05T14:56:39","slug":"datenschutzerklaerung","status":"publish","type":"page","link":"https:\/\/www.gerster.com\/en\/datenschutzerklaerung\/","title":{"rendered":"Privacy Policy"},"content":{"rendered":"<h1 class=\"wp-block-heading\"><em>Privacy Policy<\/em><\/h1>\n\n\n\n<hr class=\"wp-block-separator has-alpha-channel-opacity\"\/>\n\n\n\n<div class=\"wp-block-columns is-layout-flex wp-container-core-columns-is-layout-9d6595d7 wp-block-columns-is-layout-flex\">\n<div class=\"wp-block-column is-layout-flow wp-block-column-is-layout-flow\" style=\"flex-basis:33.33%\">\n<h2 class=\"wp-block-heading\">Controller<\/h2>\n<\/div>\n\n\n\n<div class=\"wp-block-column is-layout-flow wp-block-column-is-layout-flow\" style=\"flex-basis:66.66%\">\n<p>The controller within the meaning of data protection laws, in particular the EU General Data Protection Regulation (GDPR), is:<\/p>\n\n\n\n<p>Gustav Gerster GmbH &amp; Co. KG<br>Memminger Stra\u00dfe 18<br>88400 Biberach<br><br>Phone: (+49) 7351\/586-500<br>Email: info@gerster.com<\/p>\n<\/div>\n<\/div>\n\n\n\n<div class=\"wp-block-columns is-layout-flex wp-container-core-columns-is-layout-9d6595d7 wp-block-columns-is-layout-flex\">\n<div class=\"wp-block-column is-layout-flow wp-block-column-is-layout-flow\" style=\"flex-basis:33.33%\">\n<h2 class=\"wp-block-heading\">Data Protection Officer<\/h2>\n<\/div>\n\n\n\n<div class=\"wp-block-column is-layout-flow wp-block-column-is-layout-flow\" style=\"flex-basis:66.66%\">\n<p>We have appointed the following Data Protection Officer:<\/p>\n\n\n\n<p>Telefon: (+49) 7351\/586-457<br>Email: datenschutz@gerster.com<\/p>\n<\/div>\n<\/div>\n\n\n\n<div class=\"wp-block-columns is-layout-flex wp-container-core-columns-is-layout-9d6595d7 wp-block-columns-is-layout-flex\">\n<div class=\"wp-block-column is-layout-flow wp-block-column-is-layout-flow\" style=\"flex-basis:33.33%\">\n<h2 class=\"wp-block-heading\">Your Data Subject Rights<\/h2>\n<\/div>\n\n\n\n<div class=\"wp-block-column is-layout-flow wp-block-column-is-layout-flow\" style=\"flex-basis:66.66%\">\n<p>You may exercise the following rights at any time under the contact details provided, in accordance with the GDPR:<\/p>\n\n\n\n<ul class=\"wp-block-list\">\n<li>Access to your data stored with us and its processing (Art. 15 GDPR),<\/li>\n\n\n\n<li>Rectification of incorrect personal data (Art. 16 GDPR),<\/li>\n\n\n\n<li>Erasure of your data stored with us (Art. 17 GDPR),<\/li>\n\n\n\n<li>Restriction of data processing if we are not yet permitted to delete your data due to legal obligations (Art. 18 GDPR),<\/li>\n\n\n\n<li>Objection to the processing of your data by us (Art. 21 GDPR), and<\/li>\n\n\n\n<li>Data portability, provided you have consented to the data processing or have entered into a contract with us (Art. 20 GDPR).<\/li>\n<\/ul>\n\n\n\n<p>If you have given us consent, you may revoke it at any time with effect for the future.<\/p>\n\n\n\n<p>You may also lodge a complaint with a supervisory authority at any time, such as the data protection authority of your place of residence or the authority responsible for us.<\/p>\n\n\n\n<p>A list of supervisory authorities (for the non-public sector) including their contact details can be found at: <a href=\"https:\/\/www.bfdi.bund.de\/DE\/Infothek\/Anschriften_Links\/anschriften_links-node.html\">https:\/\/www.bfdi.bund.de\/DE\/Infothek\/Anschriften_Links\/anschriften_links-node.html<\/a>.<\/p>\n<\/div>\n<\/div>\n\n\n\n<div class=\"wp-block-columns is-layout-flex wp-container-core-columns-is-layout-9d6595d7 wp-block-columns-is-layout-flex\">\n<div class=\"wp-block-column is-layout-flow wp-block-column-is-layout-flow\" style=\"flex-basis:33.33%\">\n<h2 class=\"wp-block-heading\">Processing Activities<\/h2>\n<\/div>\n\n\n\n<div class=\"wp-block-column is-layout-flow wp-block-column-is-layout-flow\" style=\"flex-basis:66.66%\">\n<h3 class=\"wp-block-heading\">General Data Collection When Visiting Our Website<\/h3>\n\n\n\n<h4 class=\"wp-block-heading\">Type and Purpose of Processing<\/h4>\n\n\n\n<p>When you access our website, general information is automatically collected. This information (server log files) includes the type of web browser, operating system used, domain name of your internet service provider, your IP address, and similar data.<\/p>\n\n\n\n<p>This data is processed in particular for the following purposes:<\/p>\n\n\n\n<ul class=\"wp-block-list\">\n<li>Ensuring a smooth connection and use of the website<\/li>\n<\/ul>\n\n\n\n<p>We do not use this data to identify you personally. However, we reserve the right to check server log files retrospectively if there is concrete evidence of unlawful use.<\/p>\n\n\n\n<h4 class=\"wp-block-heading\">Legal Basis and Legitimate Interest<\/h4>\n\n\n\n<p>Processing is carried out pursuant to Art. 6(1)(f) GDPR based on our legitimate interest in improving the stability and functionality of our website and ensuring system security and misuse detection.<\/p>\n\n\n\n<h4 class=\"wp-block-heading\">Recipients<\/h4>\n\n\n\n<p>Recipients of the data may be technical service providers acting as data processors on our behalf for the operation and maintenance of our website.<\/p>\n\n\n\n<h4 class=\"wp-block-heading\">Storage Period<\/h4>\n\n\n\n<p>Data in server log files is stored in a form that allows identification of the data subjects for no longer than 14 days, unless a security-related incident occurs (e.g., a DDoS attack). In that case, data may be retained until the incident is fully clarified and resolved.<\/p>\n\n\n\n<p>In that case, data may be retained until the incident is fully clarified and resolved.<\/p>\n\n\n\n<h4 class=\"wp-block-heading\">Mandatory or Required Provision<\/h4>\n\n\n\n<p>Providing the aforementioned personal data is not legally or contractually required. However, the service and functionality of our website cannot be guaranteed without the IP address. Some features may be unavailable or limited.<\/p>\n\n\n\n<h4 class=\"wp-block-heading\">Right to Object<\/h4>\n\n\n\n<p>Please refer to the information on your right to object under Art. 21 GDPR below.<\/p>\n\n\n\n<h3 class=\"wp-block-heading\">Contacting Us<\/h3>\n\n\n\n<p>Type and Purpose of Processing<\/p>\n\n\n\n<p>A contact form is available on our website for electronic communication. If you use it, the data you enter in the form will be transmitted to and stored by us.<\/p>\n\n\n\n<p>The following data is also stored at the time of submission:<\/p>\n\n\n\n<ul class=\"wp-block-list\">\n<li>Date and time of the request<\/li>\n<\/ul>\n\n\n\n<p>Alternatively, you can contact us via the email addresses provided. In this case, the personal data transmitted with the email will be stored. This includes the date and time of the email, email address, IP address, and server information.<\/p>\n\n\n\n<p>You may also contact us by phone. In this case, we log your phone number and call duration.<\/p>\n\n\n\n<p>Regardless of the communication method, we record the content of your inquiry. Your data is stored for the purpose of personalized communication with you.<\/p>\n\n\n\n<h4 class=\"wp-block-heading\">Legal Basis<\/h4>\n\n\n\n<p>Data processing is based on a legitimate interest (Art. 6(1)(f) GDPR).<\/p>\n\n\n\n<p>Our legitimate interest is to facilitate easy communication.<\/p>\n\n\n\n<p>If you contact us to request an offer, the processing is carried out to take pre-contractual measures (Art. 6(1)(b) GDPR).<\/p>\n\n\n\n<h4 class=\"wp-block-heading\">Recipients<\/h4>\n\n\n\n<p>Recipients of the data may be technical service providers acting as data processors on our behalf for the operation and maintenance of our website.<\/p>\n\n\n\n<h4 class=\"wp-block-heading\">Storage Period<\/h4>\n\n\n\n<p>Data will be deleted at the latest 6 months after the inquiry has been processed.<\/p>\n\n\n\n<p>If a contractual relationship is established, we are subject to statutory retention periods (generally 6 or 10 years due to accounting and tax regulations).<\/p>\n\n\n\n<h4 class=\"wp-block-heading\">Mandatory or Required Provision<\/h4>\n\n\n\n<p>Providing your personal data is voluntary. However, we can only process your request if you provide us with the necessary data and the reason for your inquiry.<\/p>\n\n\n\n<h4 class=\"wp-block-heading\">Right to Object<\/h4>\n\n\n\n<p>Please refer to the information on your right to object under Art. 21 GDPR below.<\/p>\n\n\n\n<h2 class=\"wp-block-heading\">Verwendung des Tracking-Tools Google Analytics<\/h2>\n\n\n\n<h4 class=\"wp-block-heading\">Type and Purpose of Processing<\/h4>\n\n\n\n<p>Soweit Sie Ihre Einwilligung erteilt haben, wird auf dieser Website Google Analytics 4 eingesetzt, ein Webanalysedienst der Google Ireland Limited (Google Building Gordon House, 4 Barrow St, Dublin, D04 E5W5, Irland).<\/p>\n\n\n\n<p>Google Analytics verwendet Cookies, die eine Analyse der Benutzung der Website durch Sie erm\u00f6glichen. Die gesammelten Informationen werden in der Regel an einen Server von Google in den USA \u00fcbertragen und dort gespeichert.<\/p>\n\n\n\n<p>Bei Google Analytics ist standardm\u00e4\u00dfig eine automatische Anonymisierung der IP-Adressen aktiviert. Aufgrund der Aktivierung der IP-Anonymisierung auf dieser Website, wird Ihre IP-Adresse von Google innerhalb von Mitgliedstaaten der EU bzw. EWR gek\u00fcrzt. Nur in Ausnahmef\u00e4llen wird die volle IP-Adresse an einen Server von Google in den USA \u00fcbertragen und dort gek\u00fcrzt. Die im Rahmen von Google Analytics von Ihrem Browser \u00fcbermittelte IP-Adresse wird nach den von Google erh\u00e4ltlichen Angaben nicht mit anderen Daten von Google zusammengef\u00fchrt.<\/p>\n\n\n\n<p>W\u00e4hrend des Besuchs unserer Website wird Ihr Nutzerverhalten in Form von sogenannten Ereignissen erfasst, wie z.B.:<\/p>\n\n\n\n<ul class=\"wp-block-list\">\n<li>Seitenaufrufe<\/li>\n\n\n\n<li>Start einer Sitzung<\/li>\n\n\n\n<li>Verweildauer<\/li>\n\n\n\n<li>Nutzer-Engagement<\/li>\n\n\n\n<li>Erster Besuch einer Website<\/li>\n\n\n\n<li>Scrolls (wenn ein Besucher 90% bis zum Seitenende scrollt)<\/li>\n\n\n\n<li>Klicks auf externe Links<\/li>\n\n\n\n<li>Gesehene bzw. angeklickte Anzeigen<\/li>\n\n\n\n<li>Interne Suchen<\/li>\n\n\n\n<li>Interaktion mit Videoinhalten<\/li>\n\n\n\n<li>Downloads<\/li>\n\n\n\n<li>Spracheinstellungen<\/li>\n<\/ul>\n\n\n\n<p>Zus\u00e4tzlich werden folgende Informationen erfasst:<\/p>\n\n\n\n<ul class=\"wp-block-list\">\n<li>Ihr ungef\u00e4hrer Standort (Region)<\/li>\n\n\n\n<li>Ihre IP-Adresse (in gek\u00fcrzter Form)<\/li>\n\n\n\n<li>Technische Informationen wie Browser, Internetanbieter, Endger\u00e4t und Bildschirmaufl\u00f6sung<\/li>\n\n\n\n<li>Herkunftsquelle (Referrer-URL) Ihres Besuchs (d.h. \u00fcber welche Website bzw. \u00fcber welches Werbemittel Sie zu uns gekommen sind)<\/li>\n<\/ul>\n\n\n\n<p>N\u00e4here Informationen zu Nutzungsbedingungen und Datenschutz finden Sie unter <a href=\"https:\/\/www.google.com\/analytics\/terms\/de.html\">https:\/\/www.google.com\/analytics\/terms\/de.html<\/a> und unter <a href=\"https:\/\/policies.google.com\/?hl=de\">https:\/\/policies.google.com\/?hl=de<\/a>.<\/p>\n\n\n\n<p>Im Auftrag des Betreibers dieser Website wird Google diese Informationen benutzen, um Ihre Nutzung der Webseite auszuwerten, um Reports \u00fcber die Webseitenaktivit\u00e4ten zusammenzustellen und um weitere mit der Websitenutzung und der Internetnutzung verbundene Dienstleistungen gegen\u00fcber dem Webseitenbetreiber zu erbringen.<\/p>\n\n\n\n<h4 class=\"wp-block-heading\">Legal Basis<\/h4>\n\n\n\n<h3 class=\"wp-block-heading\">Rechtsgrundlage f\u00fcr diese Datenverarbeitung ist Ihre Einwilligung gem. Art.6 Abs.1 S.1 lit.a DSGVO.<\/h3>\n\n\n\n<h4 class=\"wp-block-heading\"><a><\/a>Recipients<\/h4>\n\n\n\n<p>Wir setzen f\u00fcr Betrieb und Wartung unserer Webseite und f\u00fcr die Auswertung der Cookies technische Dienstleister ein, die als unsere Auftragsverarbeiter t\u00e4tig werden.<\/p>\n\n\n\n<p>Weitere Empf\u00e4nger der Daten ist die Google Ireland Limited (Google Building Gordon House, 4 Barrow St, Dublin, D04 E5W5, Irland). Die Google Ireland Limited setzt die Google LLC in den USA (1600 Amphitheatre Parkway, Mountain View, CA 94043, USA) als Dienstleister ein.<\/p>\n\n\n\n<h4 class=\"wp-block-heading\">Storage Period<\/h4>\n\n\n\n<p>Die von uns gesendeten und mit Cookies verkn\u00fcpften Daten werden nach automatisch gel\u00f6scht nach: zwei Jahre.<\/p>\n\n\n\n<p>Die maximale Lebensdauer der Google Analytics Cookies betr\u00e4gt zwei Jahre. Die L\u00f6schung von Daten, deren Aufbewahrungsdauer erreicht ist, erfolgt automatisch einmal im Monat.<\/p>\n\n\n\n<h4 class=\"wp-block-heading\">Drittlandtransfer<\/h4>\n\n\n\n<p>Da der Hauptsitz von Google in den USA ist, kann nicht ausgeschlossen werden, dass die Daten auf Servern von Google in den USA verarbeitet werden.&nbsp;Dadurch besteht das Risiko, dass Ihre Daten von US-Beh\u00f6rden zu Kontroll- und \u00dcberwachungszwecken verarbeitet werden k\u00f6nnen, ohne dass Ihnen Rechtsbehelfsm\u00f6glichkeiten zustehen. Zur Herstellung eines angemessenen Datenschutzniveaus haben wir mit Google EU-Standardvertragsklauseln geschlossen, welche hier eingesehen werden k\u00f6nnen: <a href=\"https:\/\/business.safety.google\/adscontrollerterms\/sccs\/eu-c2c\/\">https:\/\/business.safety.google\/adscontrollerterms\/sccs\/eu-c2c\/<\/a><\/p>\n\n\n\n<h4 class=\"wp-block-heading\">Widerruf der Einwilligung<\/h4>\n\n\n\n<p>Sie k\u00f6nnen Ihre Einwilligung jederzeit in den Cookie-Einstellungen f\u00fcr die Zukunft widerrufen.<\/p>\n\n\n\n<p>Zudem k\u00f6nnen Sie das Tracking durch Google Analytics auf unserer Website unterbinden, indem Sie <a>diesen Link<\/a> anklicken. Dabei wird ein Opt-out-Cookie auf Ihrem Ger\u00e4t installiert. Damit wird die Erfassung durch Google Analytics f\u00fcr diese Website und f\u00fcr diesen Browser zuk\u00fcnftig verhindert, solange das Cookie in Ihrem Browser installiert bleibt.<\/p>\n\n\n\n<p>Sie k\u00f6nnen dar\u00fcber hinaus die Erfassung der durch das Cookie erzeugten und auf Ihre Nutzung der Website bezogenen Daten (inkl. Ihrer IP-Adresse) an Google sowie die Verarbeitung dieser Daten durch Google verhindern, indem sie das unter dem folgenden Link verf\u00fcgbare Browser-Plugin herunterladen und installieren: <a href=\"https:\/\/tools.google.com\/dlpage\/gaoptout?hl=de\">Browser Add On zur Deaktivierung von Google Analytics<\/a>.<\/p>\n\n\n\n<h2 class=\"wp-block-heading\">Cookies<\/h2>\n\n\n\n<p>A cookie is a small data file that is created and stored on the user's system when visiting a website. When the server is visited again, the user's browser sends the cookie back to the server. The server can evaluate the information received via this process. Cookies can make navigation easier.<\/p>\n\n\n\n<p>Detailed information about cookies and which cookies are used for which purposes can be found in the cookie settings at any time.<\/p>\n\n\n\n<h4 class=\"wp-block-heading\">Deleting Cookies<\/h4>\n\n\n\n<p>You can delete individual cookies or the entire cookie store. You\u2019ll find instructions depending on your browser at the following links:<\/p>\n\n\n\n<ul class=\"wp-block-list\">\n<li>Mozilla Firefox: <a href=\"https:\/\/support.mozilla.org\/de\/kb\/cookies-loeschen-daten-von-websites-entfernen\">https:\/\/support.mozilla.org\/de\/kb\/cookies-loeschen-daten-von-websites-entfernen<\/a><\/li>\n\n\n\n<li>Microsoft Edge: <a href=\"https:\/\/support.microsoft.com\/de-de\/windows\/verwalten-von-cookies-in-microsoft-edge-anzeigen-zulassen-blockieren-l%C3%B6schen-und-verwenden-168dab11-0753-043d-7c16-ede5947fc64d\">https:\/\/support.microsoft.com\/de-de\/windows\/verwalten-von-cookies-in-microsoft-edge-anzeigen-zulassen-blockieren-l%C3%B6schen-und-verwenden-168dab11-0753-043d-7c16-ede5947fc64d<\/a><\/li>\n\n\n\n<li>Google Chrome: <a href=\"https:\/\/support.google.com\/accounts\/answer\/61416?hl=de\">https:\/\/support.google.com\/accounts\/answer\/61416?hl=de<\/a><\/li>\n\n\n\n<li>Opera: <a href=\"http:\/\/www.opera.com\/de\/help\">http:\/\/www.opera.com\/de\/help<\/a><\/li>\n\n\n\n<li>Safari: <a href=\"https:\/\/support.apple.com\/kb\/PH17191?locale=de_DE&amp;viewlocale=de_DE\">https:\/\/support.apple.com\/kb\/PH17191?locale=de_DE&amp;viewlocale=de_DE<\/a><\/li>\n<\/ul>\n\n\n\n<p>You can also block the execution of scripts by default using add-ons such as NoScript:<\/p>\n\n\n\n<p>Information and instructions on how to modify this feature can be obtained from your browser provider <a href=\"https:\/\/addons.mozilla.org\/de\/firefox\/addon\/noscript\/\">https:\/\/addons.mozilla.org\/de\/firefox\/addon\/noscript\/<\/a>).<\/p>\n\n\n\n<h3 class=\"wp-block-heading\">Technically Necessary Cookies<\/h3>\n\n\n\n<h4 class=\"wp-block-heading\">Type and Purpose of Processing<\/h4>\n\n\n\n<p>We use cookies to make our website more user-friendly. Some elements of the website require that the browser can still be recognized after a page change.<\/p>\n\n\n\n<p>The purpose of technically necessary cookies is to simplify website use. Certain features are not available without cookies. These cookies allow us to recognize your browser across sessions.<\/p>\n\n\n\n<p>These cookies allow us to recognize your browser across sessions.<\/p>\n\n\n\n<p>The necessary cookies are listed in our Cookie Consent Tool.<\/p>\n\n\n\n<h4 class=\"wp-block-heading\">Legal Basis and Legitimate Interest<\/h4>\n\n\n\n<p>Data processing is based solely on our legitimate interest in a user-friendly website design and consent documentation pursuant to Art. 6(1)(f) GDPR in conjunction with \u00a725(2) TDDDG (German Telecommunications-Telemedia Data Protection Act).<\/p>\n\n\n\n<h4 class=\"wp-block-heading\">Recipients<\/h4>\n\n\n\n<p>Technical service providers acting as processors may receive this data for website operation and maintenance.<\/p>\n\n\n\n<h4 class=\"wp-block-heading\">Storage Period<\/h4>\n\n\n\n<p>Please refer to our Cookie Consent Tool for details on cookie duration.<\/p>\n\n\n\n<h4 class=\"wp-block-heading\">Mandatory or Required Provision<\/h4>\n\n\n\n<p>Provision of the above data is not legally or contractually required. However, without it, website services may not function correctly or may be limited.<\/p>\n\n\n\n<h4 class=\"wp-block-heading\">Right to Object<\/h4>\n\n\n\n<p>Please refer to the information on your right to object under Art. 21 GDPR below.<\/p>\n<\/div>\n<\/div>\n\n\n\n<div class=\"wp-block-columns is-layout-flex wp-container-core-columns-is-layout-9d6595d7 wp-block-columns-is-layout-flex\">\n<div class=\"wp-block-column is-layout-flow wp-block-column-is-layout-flow\" style=\"flex-basis:33.33%\">\n<h2 class=\"wp-block-heading\">Information About Your Right to Object \u2013 Art. 21 GDPR<\/h2>\n<\/div>\n\n\n\n<div class=\"wp-block-column is-layout-flow wp-block-column-is-layout-flow\" style=\"flex-basis:66.66%\">\n<h3 class=\"wp-block-heading\">Right to Object on a Case-by-Case Basis<\/h3>\n\n\n\n<p>You have the right to object at any time, on grounds relating to your particular situation, to the processing of personal data concerning you based on Art. 6(1)(f) GDPR (processing based on a balance of interests); this also applies to profiling based on that provision.<\/p>\n\n\n\n<p>If you object, we will no longer process your personal data unless we can demonstrate compelling legitimate grounds for the processing that override your interests, rights, and freedoms, or the processing serves to assert, exercise, or defend legal claims.<\/p>\n\n\n\n<h3 class=\"wp-block-heading\">Recipient of the Objection<\/h3>\n\n\n\n<p>Gustav Gerster GmbH &amp; Co. KG<br>Memminger Stra\u00dfe 18<br>88400 Biberach<br><br>Phone: (+49) 7351\/586-500<br>Email: info@gerster.com<\/p>\n<\/div>\n<\/div>\n\n\n\n<div class=\"wp-block-columns is-layout-flex wp-container-core-columns-is-layout-9d6595d7 wp-block-columns-is-layout-flex\">\n<div class=\"wp-block-column is-layout-flow wp-block-column-is-layout-flow\" style=\"flex-basis:33.33%\">\n<h2 class=\"wp-block-heading\">Changes to Our Privacy Policy<\/h2>\n<\/div>\n\n\n\n<div class=\"wp-block-column is-layout-flow wp-block-column-is-layout-flow\" style=\"flex-basis:66.66%\">\n<p>We reserve the right to adapt this privacy policy to always comply with current legal requirements or to reflect changes to our services (e.g., the introduction of new services). The new privacy policy will then apply to your next visit.<\/p>\n<\/div>\n<\/div>\n\n\n\n<div class=\"wp-block-columns is-layout-flex wp-container-core-columns-is-layout-9d6595d7 wp-block-columns-is-layout-flex\">\n<div class=\"wp-block-column is-layout-flow wp-block-column-is-layout-flow\" style=\"flex-basis:33.33%\">\n<h2 class=\"wp-block-heading\">Questions About Data Protection<\/h2>\n<\/div>\n\n\n\n<div class=\"wp-block-column is-layout-flow wp-block-column-is-layout-flow\" style=\"flex-basis:66.66%\">\n<p>If you have any questions about data protection, please email the controller listed above.<\/p>\n<\/div>\n<\/div>\n\n\n\n<div class=\"wp-block-columns is-layout-flex wp-container-core-columns-is-layout-9d6595d7 wp-block-columns-is-layout-flex\">\n<div class=\"wp-block-column is-layout-flow wp-block-column-is-layout-flow\" style=\"flex-basis:33.33%\">\n<h2 class=\"wp-block-heading\">Copyright Notice<\/h2>\n<\/div>\n\n\n\n<div class=\"wp-block-column is-layout-flow wp-block-column-is-layout-flow\" style=\"flex-basis:66.66%\">\n<p><em>This privacy policy was created with the help of activeMind AG \u2013 experts for external data protection officers (Version #2024-10-25). <a href=\"https:\/\/www.activemind.de\/datenschutz\/datenschutzbeauftragter\/\" target=\"_blank\" rel=\"noreferrer noopener\">externe Datenschutzbeauftragte<\/a> (Version #2024-10-25).<\/em><\/p>\n<\/div>\n<\/div>\n\n\n\n<div style=\"height:100px\" aria-hidden=\"true\" class=\"wp-block-spacer\"><\/div>","protected":false},"excerpt":{"rendered":"<p>Datenschutzerkl\u00e4rung Verantwortlicher Verantwortlicher im Sinne der Datenschutzgesetze, insbesondere der EU-Datenschutz-Grundverordnung (DSGVO), ist: Gustav Gerster GmbH &amp; Co. KGMemminger Stra\u00dfe 1888400 Biberach Telefon: (+49) 7351\/586-500E-Mail: info@gerster.com Datenschutzbeauftragter Als Datenschutzbeauftragten haben wir bestellt: Telefon: (+49) 7351\/586-457E-Mail: datenschutz@gerster.com Ihre Betroffenenrechte Unter den angegebenen Kontaktdaten k\u00f6nnen Sie gem\u00e4\u00df EU-Datenschutz-Grundverordnung (DSGVO) jederzeit folgende Rechte aus\u00fcben: Sofern Sie uns eine Einwilligung [&hellip;]<\/p>\n","protected":false},"author":1,"featured_media":0,"parent":0,"menu_order":0,"comment_status":"closed","ping_status":"closed","template":"","meta":{"_acf_changed":false,"footnotes":""},"class_list":["post-668","page","type-page","status-publish","hentry"],"acf":[],"yoast_head":"<!-- This site is optimized with the Yoast SEO plugin v27.5 - https:\/\/yoast.com\/product\/yoast-seo-wordpress\/ -->\n<title>Datenschutzerkl\u00e4rung \u25ba Datenschutz bei Gerster<\/title>\n<meta name=\"description\" content=\"Rechtliche Grundlagen zu Leistungen, Produkten und Gesch\u00e4ftsabl\u00e4ufen bei Gerster. Kompakt und transparent dargestellt. \u25ba Jetzt informieren!\" \/>\n<meta name=\"robots\" content=\"index, follow, max-snippet:-1, max-image-preview:large, max-video-preview:-1\" \/>\n<link rel=\"canonical\" href=\"https:\/\/www.gerster.com\/en\/datenschutzerklaerung\/\" \/>\n<meta property=\"og:locale\" content=\"en_GB\" \/>\n<meta property=\"og:type\" content=\"article\" \/>\n<meta property=\"og:title\" content=\"Datenschutzerkl\u00e4rung \u25ba Datenschutz bei Gerster\" \/>\n<meta property=\"og:description\" content=\"Rechtliche Grundlagen zu Leistungen, Produkten und Gesch\u00e4ftsabl\u00e4ufen bei Gerster. Kompakt und transparent dargestellt. \u25ba Jetzt informieren!\" \/>\n<meta property=\"og:url\" content=\"https:\/\/www.gerster.com\/en\/datenschutzerklaerung\/\" \/>\n<meta property=\"og:site_name\" content=\"Gerster HeimTex - Ihr Partner f\u00fcr hochwertige Gardinen, B\u00e4nder &amp; Accessoires\" \/>\n<meta property=\"article:publisher\" content=\"https:\/\/www.facebook.com\/GersterCollection\" \/>\n<meta property=\"article:modified_time\" content=\"2026-03-05T14:56:39+00:00\" \/>\n<meta name=\"twitter:card\" content=\"summary_large_image\" \/>\n<meta name=\"twitter:label1\" content=\"Estimated reading time\" \/>\n\t<meta name=\"twitter:data1\" content=\"11 minutes\" \/>\n<script type=\"application\/ld+json\" class=\"yoast-schema-graph\">{\"@context\":\"https:\\\/\\\/schema.org\",\"@graph\":[{\"@type\":\"WebPage\",\"@id\":\"https:\\\/\\\/www.gerster.com\\\/datenschutzerklaerung\\\/\",\"url\":\"https:\\\/\\\/www.gerster.com\\\/datenschutzerklaerung\\\/\",\"name\":\"Datenschutzerkl\u00e4rung \u25ba Datenschutz bei Gerster\",\"isPartOf\":{\"@id\":\"https:\\\/\\\/www.gerster.com\\\/en\\\/#website\"},\"datePublished\":\"2025-07-22T08:30:20+00:00\",\"dateModified\":\"2026-03-05T14:56:39+00:00\",\"description\":\"Rechtliche Grundlagen zu Leistungen, Produkten und Gesch\u00e4ftsabl\u00e4ufen bei Gerster. Kompakt und transparent dargestellt. \u25ba Jetzt informieren!\",\"breadcrumb\":{\"@id\":\"https:\\\/\\\/www.gerster.com\\\/datenschutzerklaerung\\\/#breadcrumb\"},\"inLanguage\":\"en-GB\",\"potentialAction\":[{\"@type\":\"ReadAction\",\"target\":[\"https:\\\/\\\/www.gerster.com\\\/datenschutzerklaerung\\\/\"]}]},{\"@type\":\"BreadcrumbList\",\"@id\":\"https:\\\/\\\/www.gerster.com\\\/datenschutzerklaerung\\\/#breadcrumb\",\"itemListElement\":[{\"@type\":\"ListItem\",\"position\":1,\"name\":\"Startseite\",\"item\":\"https:\\\/\\\/www.gerster.com\\\/\"},{\"@type\":\"ListItem\",\"position\":2,\"name\":\"Datenschutzerkl\u00e4rung\"}]},{\"@type\":\"WebSite\",\"@id\":\"https:\\\/\\\/www.gerster.com\\\/en\\\/#website\",\"url\":\"https:\\\/\\\/www.gerster.com\\\/en\\\/\",\"name\":\"Gerster HeimTex - Ihr Partner f\u00fcr hochwertige Gardinen, B\u00e4nder & Accessoires\",\"description\":\"\",\"publisher\":{\"@id\":\"https:\\\/\\\/www.gerster.com\\\/en\\\/#organization\"},\"potentialAction\":[{\"@type\":\"SearchAction\",\"target\":{\"@type\":\"EntryPoint\",\"urlTemplate\":\"https:\\\/\\\/www.gerster.com\\\/en\\\/?s={search_term_string}\"},\"query-input\":{\"@type\":\"PropertyValueSpecification\",\"valueRequired\":true,\"valueName\":\"search_term_string\"}}],\"inLanguage\":\"en-GB\"},{\"@type\":\"Organization\",\"@id\":\"https:\\\/\\\/www.gerster.com\\\/en\\\/#organization\",\"name\":\"Gerster HeimTex - Ihr Partner f\u00fcr hochwertige Gardinen, B\u00e4nder & Accessoires\",\"url\":\"https:\\\/\\\/www.gerster.com\\\/en\\\/\",\"logo\":{\"@type\":\"ImageObject\",\"inLanguage\":\"en-GB\",\"@id\":\"https:\\\/\\\/www.gerster.com\\\/en\\\/#\\\/schema\\\/logo\\\/image\\\/\",\"url\":\"https:\\\/\\\/www.gerster.com\\\/wp-content\\\/uploads\\\/2025\\\/05\\\/gerster-hometex-logo.png\",\"contentUrl\":\"https:\\\/\\\/www.gerster.com\\\/wp-content\\\/uploads\\\/2025\\\/05\\\/gerster-hometex-logo.png\",\"width\":213,\"height\":84,\"caption\":\"Gerster HeimTex - Ihr Partner f\u00fcr hochwertige Gardinen, B\u00e4nder & Accessoires\"},\"image\":{\"@id\":\"https:\\\/\\\/www.gerster.com\\\/en\\\/#\\\/schema\\\/logo\\\/image\\\/\"},\"sameAs\":[\"https:\\\/\\\/www.facebook.com\\\/GersterCollection\",\"https:\\\/\\\/www.instagram.com\\\/gerster_biberach\\\/\",\"https:\\\/\\\/www.youtube.com\\\/user\\\/GersterCollection\\\/videos\"]}]}<\/script>\n<!-- \/ Yoast SEO plugin. -->","yoast_head_json":{"title":"Datenschutzerkl\u00e4rung \u25ba Datenschutz bei Gerster","description":"Rechtliche Grundlagen zu Leistungen, Produkten und Gesch\u00e4ftsabl\u00e4ufen bei Gerster. Kompakt und transparent dargestellt. \u25ba Jetzt informieren!","robots":{"index":"index","follow":"follow","max-snippet":"max-snippet:-1","max-image-preview":"max-image-preview:large","max-video-preview":"max-video-preview:-1"},"canonical":"https:\/\/www.gerster.com\/en\/datenschutzerklaerung\/","og_locale":"en_GB","og_type":"article","og_title":"Datenschutzerkl\u00e4rung \u25ba Datenschutz bei Gerster","og_description":"Rechtliche Grundlagen zu Leistungen, Produkten und Gesch\u00e4ftsabl\u00e4ufen bei Gerster. Kompakt und transparent dargestellt. \u25ba Jetzt informieren!","og_url":"https:\/\/www.gerster.com\/en\/datenschutzerklaerung\/","og_site_name":"Gerster HeimTex - Ihr Partner f\u00fcr hochwertige Gardinen, B\u00e4nder &amp; Accessoires","article_publisher":"https:\/\/www.facebook.com\/GersterCollection","article_modified_time":"2026-03-05T14:56:39+00:00","twitter_card":"summary_large_image","twitter_misc":{"Estimated reading time":"11 minutes"},"schema":{"@context":"https:\/\/schema.org","@graph":[{"@type":"WebPage","@id":"https:\/\/www.gerster.com\/datenschutzerklaerung\/","url":"https:\/\/www.gerster.com\/datenschutzerklaerung\/","name":"Datenschutzerkl\u00e4rung \u25ba Datenschutz bei Gerster","isPartOf":{"@id":"https:\/\/www.gerster.com\/en\/#website"},"datePublished":"2025-07-22T08:30:20+00:00","dateModified":"2026-03-05T14:56:39+00:00","description":"Rechtliche Grundlagen zu Leistungen, Produkten und Gesch\u00e4ftsabl\u00e4ufen bei Gerster. Kompakt und transparent dargestellt. \u25ba Jetzt informieren!","breadcrumb":{"@id":"https:\/\/www.gerster.com\/datenschutzerklaerung\/#breadcrumb"},"inLanguage":"en-GB","potentialAction":[{"@type":"ReadAction","target":["https:\/\/www.gerster.com\/datenschutzerklaerung\/"]}]},{"@type":"BreadcrumbList","@id":"https:\/\/www.gerster.com\/datenschutzerklaerung\/#breadcrumb","itemListElement":[{"@type":"ListItem","position":1,"name":"Startseite","item":"https:\/\/www.gerster.com\/"},{"@type":"ListItem","position":2,"name":"Datenschutzerkl\u00e4rung"}]},{"@type":"WebSite","@id":"https:\/\/www.gerster.com\/en\/#website","url":"https:\/\/www.gerster.com\/en\/","name":"Gerster HeimTex - Ihr Partner f\u00fcr hochwertige Gardinen, B\u00e4nder & Accessoires","description":"","publisher":{"@id":"https:\/\/www.gerster.com\/en\/#organization"},"potentialAction":[{"@type":"SearchAction","target":{"@type":"EntryPoint","urlTemplate":"https:\/\/www.gerster.com\/en\/?s={search_term_string}"},"query-input":{"@type":"PropertyValueSpecification","valueRequired":true,"valueName":"search_term_string"}}],"inLanguage":"en-GB"},{"@type":"Organization","@id":"https:\/\/www.gerster.com\/en\/#organization","name":"Gerster HeimTex - Ihr Partner f\u00fcr hochwertige Gardinen, B\u00e4nder & Accessoires","url":"https:\/\/www.gerster.com\/en\/","logo":{"@type":"ImageObject","inLanguage":"en-GB","@id":"https:\/\/www.gerster.com\/en\/#\/schema\/logo\/image\/","url":"https:\/\/www.gerster.com\/wp-content\/uploads\/2025\/05\/gerster-hometex-logo.png","contentUrl":"https:\/\/www.gerster.com\/wp-content\/uploads\/2025\/05\/gerster-hometex-logo.png","width":213,"height":84,"caption":"Gerster HeimTex - Ihr Partner f\u00fcr hochwertige Gardinen, B\u00e4nder & Accessoires"},"image":{"@id":"https:\/\/www.gerster.com\/en\/#\/schema\/logo\/image\/"},"sameAs":["https:\/\/www.facebook.com\/GersterCollection","https:\/\/www.instagram.com\/gerster_biberach\/","https:\/\/www.youtube.com\/user\/GersterCollection\/videos"]}]}},"_links":{"self":[{"href":"https:\/\/www.gerster.com\/en\/wp-json\/wp\/v2\/pages\/668","targetHints":{"allow":["GET"]}}],"collection":[{"href":"https:\/\/www.gerster.com\/en\/wp-json\/wp\/v2\/pages"}],"about":[{"href":"https:\/\/www.gerster.com\/en\/wp-json\/wp\/v2\/types\/page"}],"author":[{"embeddable":true,"href":"https:\/\/www.gerster.com\/en\/wp-json\/wp\/v2\/users\/1"}],"replies":[{"embeddable":true,"href":"https:\/\/www.gerster.com\/en\/wp-json\/wp\/v2\/comments?post=668"}],"version-history":[{"count":15,"href":"https:\/\/www.gerster.com\/en\/wp-json\/wp\/v2\/pages\/668\/revisions"}],"predecessor-version":[{"id":3439,"href":"https:\/\/www.gerster.com\/en\/wp-json\/wp\/v2\/pages\/668\/revisions\/3439"}],"wp:attachment":[{"href":"https:\/\/www.gerster.com\/en\/wp-json\/wp\/v2\/media?parent=668"}],"curies":[{"name":"wp","href":"https:\/\/api.w.org\/{rel}","templated":true}]}}